{"id":61180,"date":"2026-03-17T12:51:29","date_gmt":"2026-03-17T11:51:29","guid":{"rendered":"https:\/\/www.habitaretail.com\/property\/fantastica-finca-a-la-seu-durgell\/"},"modified":"2026-03-17T12:52:10","modified_gmt":"2026-03-17T11:52:10","slug":"fantastica-finca-a-la-seu-durgell","status":"publish","type":"property","link":"https:\/\/www.habitaretail.com\/it\/property\/fantastica-finca-a-la-seu-durgell\/","title":{"rendered":"Fantastica finca a La Seu d&#8217;Urgell"},"content":{"rendered":"\n<p>HabitaRetail presenta questa propriet\u00e0 unica a La Seu d&#8217;Urgell, un immobile con una propria identit\u00e0, composto da diversi edifici indipendenti e da un&#8217;ampia area esterna, ideale sia per uso residenziale che per chi apprezza un ambiente privato, versatile e di grande presenza.<\/p>\n\n<p>La propriet\u00e0 si trova su un terreno che, ai fini catastali, combina terreni urbani e rurali. Sebbene la superficie catastale ufficiale sia di 2.612 m\u00b2, una recente indagine topografica indica che la superficie totale effettiva \u00e8 di 2.781,85 m\u00b2. <\/p>\n\n<p>Il complesso ha una superficie edificata totale di 707 m\u00b2, secondo il catasto, ed \u00e8 composto da diversi edifici differenziati che forniscono una grande ricchezza funzionale alla propriet\u00e0.<\/p>\n\n<p>L&#8217;abitazione principale, corrispondente all&#8217;Edificio 2, occupa una superficie di 217,19 m\u00b2 e si sviluppa su due piani. Secondo le informazioni del Comune, si tratta di un vecchio fienile che \u00e8 stato completamente ristrutturato per essere utilizzato come abitazione, conservando cos\u00ec il carattere originale della propriet\u00e0 in una configurazione abitabile e consolidata. <\/p>\n\n<p>La seconda abitazione, nota come Casa Vella o Edificio 3, ha quattro piani e una superficie di 129,39 m\u00b2. Storicamente \u00e8 stata utilizzata come abitazione per gli ex proprietari su un piano e per i mediatori sull&#8217;altro, mentre il resto \u00e8 stato utilizzato come magazzino, il che le conferisce un valore patrimoniale e una configurazione unica all&#8217;interno del complesso. <\/p>\n\n<p>La propriet\u00e0 comprende anche un magazzino separato, l&#8217;Edificio 1, di 48,65 m\u00b2 costruito su un unico piano, un&#8217;ex cappella attualmente utilizzata come magazzino, oltre a un grande edificio utilizzato come garage di 200 m\u00b2.<\/p>\n\n<p>All&#8217;esterno, la propriet\u00e0 offre un ambiente particolarmente attraente, con un ampio giardino di 1.314,46 m\u00b2, una piscina di 49,58 m\u00b2 e diverse aree di accesso e patii per un totale di 819,51 m\u00b2. Tutto questo fa s\u00ec che la propriet\u00e0 sia molto spaziosa, con una grande privacy e molteplici possibilit\u00e0 di utilizzo. <\/p>\n\n<p>Si tratta di una propriet\u00e0 difficile da trovare in termini di volume, diversit\u00e0 degli edifici e qualit\u00e0 degli spazi esterni, in un contesto naturale privilegiato a La Seu d&#8217;Urgell, con ottimi collegamenti con Andorra e i Pirenei.<\/p>\n\n<p>Per maggiori informazioni o per organizzare una visita, contatta HabitaRetail.<\/p>\n\n<p>Se sei un proprietario, contatta il servizio professionale ed esclusivo di HabitaRetail, non te ne pentirai! Venderemo il tuo immobile con tutte le garanzie, sia commerciali che legali.   Mettici alla prova! Pi\u00f9 di 20 anni nel settore immobiliare sono la nostra garanzia.<\/p>\n\n<p>In HabitaRetail continuiamo la nostra missione di mettere in contatto persone e aziende con gli spazi.<\/p>\n","protected":false},"excerpt":{"rendered":"<p>HabitaRetail presenta questa propriet\u00e0 unica a La Seu d&#8217;Urgell, un immobile con una propria identit\u00e0, composto da diversi edifici indipendenti e da un&#8217;ampia area esterna, ideale sia per uso residenziale che per chi apprezza un ambiente privato, versatile e di grande presenza. La propriet\u00e0 si trova su un terreno che, ai fini catastali, combina terreni [&hellip;]<\/p>\n","protected":false},"author":1,"featured_media":61136,"parent":0,"menu_order":0,"template":"","property_type":[246],"property_status":[245],"property_feature":[1016,222,669,228,754,840,1060,784,663,866,216,1017,762,735,884,621,708,785],"property_label":[437],"property_country":[],"property_state":[],"property_city":[1108],"property_area":[],"class_list":["post-61180","property","type-property","status-publish","has-post-thumbnail","hentry","property_type-casa-indipendente","property_status-vendita","property_feature-allarme-antifurto","property_feature-ampia-terrazza-per-mangiare-allaperto","property_feature-ampio-salone","property_feature-aria-condizionata","property_feature-armadi-a-muro-it","property_feature-camere-spaziose","property_feature-camino","property_feature-giardino-privato","property_feature-luce-naturale","property_feature-magazzino","property_feature-piscina-it","property_feature-porta-automatica-it","property_feature-porte-di-sicurezza","property_feature-posto-auto","property_feature-riscaldamento","property_feature-terrazza","property_feature-vista-libera-it","property_feature-zona-tranquilla-e-silenziosa","property_label-servizi-habitabuyer","property_city-la-seu-durgell"],"property_meta":{"_alp_processed":["1773748330"],"_wpml_media_duplicate":["1"],"_wpml_media_featured":["1"],"fave_featured":["0"],"houzez_featured_listing_date":[""],"fave_property_images":["61143","61101","61137","61119","61089","61125","61047","61095","61149","61131","61113","61083","61053","61059","61065","61071","61077","61155","61161","61167","61107"],"fave_agent_display_option":["author_info"],"fave_single_top_area":["global"],"fave_single_content_area":["global"],"fave_property_price":["2600000"],"fave_property_sec_price":["3677"],"fave_property_size":["707"],"fave_property_size_prefix":["m\u00b2"],"fave_property_land":["2781,85"],"fave_property_land_postfix":["m\u00b2"],"fave_property_bedrooms":["5"],"fave_property_bathrooms":["3"],"fave_property_garage":["4"],"fave_property_year":["1988"],"fave_property_id":["HR157"],"fave_property_map":["1"],"fave_property_map_address":["Partida Sant Esteve, La Seu d'Urgell, Spagna"],"fave_property_location":["42.3569623,1.4508778,14"],"houzez_geolocation_lat":["42.3569623"],"houzez_geolocation_long":["1.4508778"],"fave_property_map_street_view":["nascondersi"],"fave_property_address":["La Seu d'Urgell"],"fave_prop_homeslider":["no"],"_thumbnail_id":["61136"],"_last_translation_edit_mode":["translation-editor"],"_wpml_word_count":["453"],"_eael_post_view_count":["24"],"houzez_total_property_views":["23"],"houzez_views_by_date":["a:19:{s:10:\"03-17-2026\";i:4;s:10:\"03-19-2026\";i:1;s:10:\"03-20-2026\";i:1;s:10:\"03-21-2026\";i:1;s:10:\"03-22-2026\";i:1;s:10:\"03-24-2026\";i:1;s:10:\"03-25-2026\";i:1;s:10:\"03-27-2026\";i:1;s:10:\"03-31-2026\";i:1;s:10:\"04-05-2026\";i:1;s:10:\"04-06-2026\";i:2;s:10:\"04-09-2026\";i:1;s:10:\"04-13-2026\";i:1;s:10:\"04-15-2026\";i:1;s:10:\"04-21-2026\";i:1;s:10:\"04-22-2026\";i:1;s:10:\"04-26-2026\";i:1;s:10:\"04-29-2026\";i:1;s:10:\"05-01-2026\";i:1;}"],"houzez_recently_viewed":["2026-05-01 23:43:00"],"_elementor_page_assets":["a:0:{}"]},"_links":{"self":[{"href":"https:\/\/www.habitaretail.com\/it\/wp-json\/wp\/v2\/properties\/61180","targetHints":{"allow":["GET"]}}],"collection":[{"href":"https:\/\/www.habitaretail.com\/it\/wp-json\/wp\/v2\/properties"}],"about":[{"href":"https:\/\/www.habitaretail.com\/it\/wp-json\/wp\/v2\/types\/property"}],"author":[{"embeddable":true,"href":"https:\/\/www.habitaretail.com\/it\/wp-json\/wp\/v2\/users\/1"}],"version-history":[{"count":1,"href":"https:\/\/www.habitaretail.com\/it\/wp-json\/wp\/v2\/properties\/61180\/revisions"}],"predecessor-version":[{"id":61181,"href":"https:\/\/www.habitaretail.com\/it\/wp-json\/wp\/v2\/properties\/61180\/revisions\/61181"}],"wp:featuredmedia":[{"embeddable":true,"href":"https:\/\/www.habitaretail.com\/it\/wp-json\/wp\/v2\/media\/61136"}],"wp:attachment":[{"href":"https:\/\/www.habitaretail.com\/it\/wp-json\/wp\/v2\/media?parent=61180"}],"wp:term":[{"taxonomy":"property_type","embeddable":true,"href":"https:\/\/www.habitaretail.com\/it\/wp-json\/wp\/v2\/property_type?post=61180"},{"taxonomy":"property_status","embeddable":true,"href":"https:\/\/www.habitaretail.com\/it\/wp-json\/wp\/v2\/property_status?post=61180"},{"taxonomy":"property_feature","embeddable":true,"href":"https:\/\/www.habitaretail.com\/it\/wp-json\/wp\/v2\/property_feature?post=61180"},{"taxonomy":"property_label","embeddable":true,"href":"https:\/\/www.habitaretail.com\/it\/wp-json\/wp\/v2\/property_label?post=61180"},{"taxonomy":"property_country","embeddable":true,"href":"https:\/\/www.habitaretail.com\/it\/wp-json\/wp\/v2\/property_country?post=61180"},{"taxonomy":"property_state","embeddable":true,"href":"https:\/\/www.habitaretail.com\/it\/wp-json\/wp\/v2\/property_state?post=61180"},{"taxonomy":"property_city","embeddable":true,"href":"https:\/\/www.habitaretail.com\/it\/wp-json\/wp\/v2\/property_city?post=61180"},{"taxonomy":"property_area","embeddable":true,"href":"https:\/\/www.habitaretail.com\/it\/wp-json\/wp\/v2\/property_area?post=61180"}],"curies":[{"name":"wp","href":"https:\/\/api.w.org\/{rel}","templated":true}]}}