{"id":41033,"date":"2025-02-08T22:04:10","date_gmt":"2025-02-08T21:04:10","guid":{"rendered":"https:\/\/www.habitaretail.com\/property\/locale-commerciale-a-sant-gervasi-vicino-a-balmes-e-placa-molina\/"},"modified":"2026-02-10T20:47:08","modified_gmt":"2026-02-10T19:47:08","slug":"locale-commerciale-a-sant-gervasi-vicino-a-balmes-e-placa-molina","status":"publish","type":"property","link":"https:\/\/www.habitaretail.com\/it\/property\/locale-commerciale-a-sant-gervasi-vicino-a-balmes-e-placa-molina\/","title":{"rendered":"Locale commerciale a Sant Gervasi, vicino a Balmes e Pla\u00e7a Molina"},"content":{"rendered":"\n<p>Noi di <strong>HabitaRetail <\/strong>ti presentiamo in esclusiva questo locale commerciale nel quartiere di Sant Gervasi, situato in Carrer Sant Hermenegild, una strada che prosegue Carrer Cop\u00e8rnic e si trova accanto a Balmes, molto vicino a Pla\u00e7a Molina. La zona \u00e8 molto accessibile, con il Ferrocarril de la Generalitat a pochi minuti di distanza, sia alla stazione di P\u00e0dua che a quella di Sant Gervasi. \u00c8 anche molto vicina alla via commerciale Carrer P\u00e0dua e alla Cl\u00ednica Plat\u00f3n, il che la rende una zona ricca di attivit\u00e0 e servizi.  <\/p>\n\n<p>Il locale ha una superficie totale di 150 mq distribuiti su due livelli. Al piano terra dispone di 50 metri quadrati con accesso diretto dalla strada, mentre il piano interrato, di 100 metri quadrati, \u00e8 collegato da una scala interna. La sua distribuzione consente diversi usi, da un ufficio a un magazzino o a un&#8217;attivit\u00e0 commerciale che richiede uno spazio ausiliario.  <\/p>\n\n<p>La posizione in una traversa di via Balmes, in un quartiere consolidato, offre un ambiente stabile e ben comunicato, con un rapido accesso alle principali strade della citt\u00e0 e ai trasporti pubblici nelle vicinanze. Per maggiori informazioni o per organizzare una visita, contattaci.   <\/p>\n\n<p>Noi di <strong>HabitaRetail <\/strong>siamo specializzati nella commercializzazione di beni immobiliari e ti accompagniamo in ogni fase del processo.<\/p>\n\n<p><\/p>\n","protected":false},"excerpt":{"rendered":"<p>Noi di HabitaRetail ti presentiamo in esclusiva questo locale commerciale nel quartiere di Sant Gervasi, situato in Carrer Sant Hermenegild, una strada che prosegue Carrer Cop\u00e8rnic e si trova accanto a Balmes, molto vicino a Pla\u00e7a Molina. La zona \u00e8 molto accessibile, con il Ferrocarril de la Generalitat a pochi minuti di distanza, sia alla [&hellip;]<\/p>\n","protected":false},"author":1,"featured_media":40976,"parent":0,"menu_order":0,"template":"","property_type":[306],"property_status":[245],"property_feature":[228],"property_label":[304],"property_country":[],"property_state":[],"property_city":[303],"property_area":[300],"class_list":["post-41033","property","type-property","status-publish","has-post-thumbnail","hentry","property_type-locali-commerciali","property_status-vendita","property_feature-aria-condizionata","property_label-servizi-di-espansione-al-dettaglio","property_city-barcellona","property_area-sarria-sant-gervasi-it"],"property_meta":{"rank_math_internal_links_processed":["1"],"_alp_processed":["1770752828"],"_wpml_media_duplicate":["1"],"_wpml_media_featured":["1"],"fave_featured":["0"],"houzez_featured_listing_date":[""],"fave_property_images":["40923","40929","40935","40941","40947","40953","40959","40965","40971","40977","40983","40989","40995","41020","41026","41498","41504"],"fave_single_top_area":["global"],"fave_single_content_area":["global"],"houzez_geolocation_lat":["41.402975239861"],"houzez_geolocation_long":["2.1445388515205"],"_thumbnail_id":["40976"],"_last_translation_edit_mode":["translation-editor"],"_eael_post_view_count":["201"],"houzez_total_property_views":["176"],"houzez_views_by_date":["a:61:{s:10:\"10-27-2025\";i:1;s:10:\"10-29-2025\";i:1;s:10:\"10-30-2025\";i:1;s:10:\"11-01-2025\";i:1;s:10:\"11-04-2025\";i:1;s:10:\"11-09-2025\";i:1;s:10:\"11-10-2025\";i:3;s:10:\"11-11-2025\";i:3;s:10:\"11-13-2025\";i:1;s:10:\"11-14-2025\";i:1;s:10:\"11-15-2025\";i:1;s:10:\"11-17-2025\";i:1;s:10:\"11-18-2025\";i:1;s:10:\"11-19-2025\";i:1;s:10:\"11-30-2025\";i:2;s:10:\"12-04-2025\";i:1;s:10:\"12-12-2025\";i:2;s:10:\"12-17-2025\";i:1;s:10:\"12-18-2025\";i:1;s:10:\"12-23-2025\";i:1;s:10:\"12-28-2025\";i:1;s:10:\"12-29-2025\";i:1;s:10:\"12-31-2025\";i:1;s:10:\"01-02-2026\";i:1;s:10:\"01-05-2026\";i:1;s:10:\"01-07-2026\";i:2;s:10:\"01-12-2026\";i:2;s:10:\"01-14-2026\";i:1;s:10:\"01-16-2026\";i:1;s:10:\"01-17-2026\";i:1;s:10:\"01-19-2026\";i:1;s:10:\"01-20-2026\";i:1;s:10:\"01-27-2026\";i:1;s:10:\"01-29-2026\";i:2;s:10:\"01-31-2026\";i:1;s:10:\"02-10-2026\";i:1;s:10:\"02-19-2026\";i:1;s:10:\"02-24-2026\";i:1;s:10:\"02-26-2026\";i:1;s:10:\"02-27-2026\";i:1;s:10:\"03-03-2026\";i:1;s:10:\"03-05-2026\";i:1;s:10:\"03-12-2026\";i:1;s:10:\"03-15-2026\";i:1;s:10:\"03-16-2026\";i:1;s:10:\"03-17-2026\";i:1;s:10:\"03-18-2026\";i:1;s:10:\"03-20-2026\";i:1;s:10:\"03-25-2026\";i:1;s:10:\"04-01-2026\";i:1;s:10:\"04-04-2026\";i:1;s:10:\"04-08-2026\";i:1;s:10:\"04-13-2026\";i:1;s:10:\"04-17-2026\";i:1;s:10:\"04-18-2026\";i:1;s:10:\"04-20-2026\";i:1;s:10:\"04-21-2026\";i:1;s:10:\"04-23-2026\";i:1;s:10:\"04-26-2026\";i:1;s:10:\"05-01-2026\";i:1;s:10:\"05-02-2026\";i:1;}"],"houzez_recently_viewed":["2026-05-02 03:53:04"],"_wpml_media_has_media":["1"],"_monsterinsights_sitenote_active":["0"],"houzez_manual_expire":["0"],"_houzez_expiration_date_status":["saved"],"rank_math_analytic_object_id":["489"],"_wpml_word_count":["232"],"fave_agent_display_option":["author_info"],"fave_property_price":["298000"],"fave_property_sec_price":["2133"],"fave_property_price_postfix":["m\u00b2"],"fave_property_size":["150"],"fave_property_size_prefix":["m\u00b2"],"fave_property_bathrooms":["1"],"fave_property_id":["HR057"],"fave_property_map":["1"],"fave_property_map_address":["Carrer de Sant Hermenegild, Barcellona, Spagna"],"fave_property_location":["41.402975239861,2.1445388515205,22"],"fave_property_map_street_view":["nascondersi"],"fave_video_url":["https:\/\/youtu.be\/j7mdXl2q4z0"],"fave_prop_homeslider":["no"],"_elementor_page_assets":["a:0:{}"]},"_links":{"self":[{"href":"https:\/\/www.habitaretail.com\/it\/wp-json\/wp\/v2\/properties\/41033","targetHints":{"allow":["GET"]}}],"collection":[{"href":"https:\/\/www.habitaretail.com\/it\/wp-json\/wp\/v2\/properties"}],"about":[{"href":"https:\/\/www.habitaretail.com\/it\/wp-json\/wp\/v2\/types\/property"}],"author":[{"embeddable":true,"href":"https:\/\/www.habitaretail.com\/it\/wp-json\/wp\/v2\/users\/1"}],"version-history":[{"count":1,"href":"https:\/\/www.habitaretail.com\/it\/wp-json\/wp\/v2\/properties\/41033\/revisions"}],"predecessor-version":[{"id":60509,"href":"https:\/\/www.habitaretail.com\/it\/wp-json\/wp\/v2\/properties\/41033\/revisions\/60509"}],"wp:featuredmedia":[{"embeddable":true,"href":"https:\/\/www.habitaretail.com\/it\/wp-json\/wp\/v2\/media\/40976"}],"wp:attachment":[{"href":"https:\/\/www.habitaretail.com\/it\/wp-json\/wp\/v2\/media?parent=41033"}],"wp:term":[{"taxonomy":"property_type","embeddable":true,"href":"https:\/\/www.habitaretail.com\/it\/wp-json\/wp\/v2\/property_type?post=41033"},{"taxonomy":"property_status","embeddable":true,"href":"https:\/\/www.habitaretail.com\/it\/wp-json\/wp\/v2\/property_status?post=41033"},{"taxonomy":"property_feature","embeddable":true,"href":"https:\/\/www.habitaretail.com\/it\/wp-json\/wp\/v2\/property_feature?post=41033"},{"taxonomy":"property_label","embeddable":true,"href":"https:\/\/www.habitaretail.com\/it\/wp-json\/wp\/v2\/property_label?post=41033"},{"taxonomy":"property_country","embeddable":true,"href":"https:\/\/www.habitaretail.com\/it\/wp-json\/wp\/v2\/property_country?post=41033"},{"taxonomy":"property_state","embeddable":true,"href":"https:\/\/www.habitaretail.com\/it\/wp-json\/wp\/v2\/property_state?post=41033"},{"taxonomy":"property_city","embeddable":true,"href":"https:\/\/www.habitaretail.com\/it\/wp-json\/wp\/v2\/property_city?post=41033"},{"taxonomy":"property_area","embeddable":true,"href":"https:\/\/www.habitaretail.com\/it\/wp-json\/wp\/v2\/property_area?post=41033"}],"curies":[{"name":"wp","href":"https:\/\/api.w.org\/{rel}","templated":true}]}}