{"id":49605,"date":"2025-08-26T10:16:27","date_gmt":"2025-08-26T08:16:27","guid":{"rendered":"https:\/\/www.habitaretail.com\/elementor-49589\/"},"modified":"2025-09-30T13:01:50","modified_gmt":"2025-09-30T11:01:50","slug":"elementor-49589","status":"publish","type":"page","link":"https:\/\/www.habitaretail.com\/it\/elementor-49589\/","title":{"rendered":"Blog"},"content":{"rendered":"\t\t<div data-elementor-type=\"wp-page\" data-elementor-id=\"49605\" class=\"elementor elementor-49605 elementor-49589\" data-elementor-post-type=\"page\">\n\t\t\t\t<div class=\"elementor-element elementor-element-78e267d e-flex e-con-boxed e-con e-parent\" data-id=\"78e267d\" data-element_type=\"container\" data-e-type=\"container\" data-settings=\"{&quot;background_background&quot;:&quot;classic&quot;}\">\n\t\t\t\t\t<div class=\"e-con-inner\">\n\t\t\t\t\t<\/div>\n\t\t\t\t<\/div>\n\t\t<div class=\"elementor-element elementor-element-353c0c0a e-flex e-con-boxed e-con e-parent\" data-id=\"353c0c0a\" data-element_type=\"container\" data-e-type=\"container\" data-settings=\"{&quot;background_background&quot;:&quot;classic&quot;}\">\n\t\t\t\t\t<div class=\"e-con-inner\">\n\t\t<div class=\"elementor-element elementor-element-69fefca e-flex e-con-boxed e-con e-child\" data-id=\"69fefca\" data-element_type=\"container\" data-e-type=\"container\">\n\t\t\t\t\t<div class=\"e-con-inner\">\n\t\t\t\t<div class=\"elementor-element elementor-element-67f87a60 elementor-widget__width-auto elementor-widget elementor-widget-heading\" data-id=\"67f87a60\" data-element_type=\"widget\" data-e-type=\"widget\" data-widget_type=\"heading.default\">\n\t\t\t\t<div class=\"elementor-widget-container\">\n\t\t\t\t\t<h2 class=\"elementor-heading-title elementor-size-default\">Blog<\/h2>\t\t\t\t<\/div>\n\t\t\t\t<\/div>\n\t\t\t\t<div class=\"elementor-element elementor-element-7979975e elementor-widget__width-initial elementor-widget-mobile__width-inherit elementor-widget elementor-widget-text-editor\" data-id=\"7979975e\" data-element_type=\"widget\" data-e-type=\"widget\" data-widget_type=\"text-editor.default\">\n\t\t\t\t<div class=\"elementor-widget-container\">\n\t\t\t\t\t\t\t\t\t<p>Scopri informazioni interessanti.<\/p>\t\t\t\t\t\t\t\t<\/div>\n\t\t\t\t<\/div>\n\t\t\t\t\t<\/div>\n\t\t\t\t<\/div>\n\t\t\t\t\t<\/div>\n\t\t\t\t<\/div>\n\t\t<div class=\"elementor-element elementor-element-1bc08baa e-flex e-con-boxed e-con e-parent\" data-id=\"1bc08baa\" data-element_type=\"container\" data-e-type=\"container\">\n\t\t\t\t\t<div class=\"e-con-inner\">\n\t\t\t\t<div class=\"elementor-element elementor-element-326c6926 elementor-widget__width-initial elementor-grid-3 elementor-grid-tablet-2 elementor-grid-mobile-1 elementor-posts--thumbnail-top elementor-widget elementor-widget-posts\" data-id=\"326c6926\" data-element_type=\"widget\" data-e-type=\"widget\" data-settings=\"{&quot;pagination_type&quot;:&quot;numbers&quot;,&quot;classic_columns&quot;:&quot;3&quot;,&quot;classic_columns_tablet&quot;:&quot;2&quot;,&quot;classic_columns_mobile&quot;:&quot;1&quot;,&quot;classic_row_gap&quot;:{&quot;unit&quot;:&quot;px&quot;,&quot;size&quot;:35,&quot;sizes&quot;:[]},&quot;classic_row_gap_tablet&quot;:{&quot;unit&quot;:&quot;px&quot;,&quot;size&quot;:&quot;&quot;,&quot;sizes&quot;:[]},&quot;classic_row_gap_mobile&quot;:{&quot;unit&quot;:&quot;px&quot;,&quot;size&quot;:&quot;&quot;,&quot;sizes&quot;:[]}}\" data-widget_type=\"posts.classic\">\n\t\t\t\t<div class=\"elementor-widget-container\">\n\t\t\t\t\t\t\t<div class=\"elementor-posts-container elementor-posts elementor-posts--skin-classic elementor-grid\" role=\"list\">\n\t\t\t\t<article class=\"elementor-post elementor-grid-item post-60651 post type-post status-publish format-standard has-post-thumbnail hentry category-non-categorizzato\" role=\"listitem\">\n\t\t\t\t<a class=\"elementor-post__thumbnail__link\" href=\"https:\/\/www.habitaretail.com\/it\/abitare-o-vendere-al-dettaglio\/\" tabindex=\"-1\" >\n\t\t\t<div class=\"elementor-post__thumbnail\"><img fetchpriority=\"high\" decoding=\"async\" width=\"768\" height=\"367\" src=\"https:\/\/www.habitaretail.com\/wp-content\/uploads\/2026\/02\/Duda-Habita-o-Retail-1-scaled.jpg\" class=\"attachment-medium_large size-medium_large wp-image-60641\" alt=\"\" srcset=\"https:\/\/www.habitaretail.com\/wp-content\/uploads\/2026\/02\/Duda-Habita-o-Retail-1-scaled.jpg 2560w, https:\/\/www.habitaretail.com\/wp-content\/uploads\/2026\/02\/Duda-Habita-o-Retail-1-1536x734.jpg 1536w, https:\/\/www.habitaretail.com\/wp-content\/uploads\/2026\/02\/Duda-Habita-o-Retail-1-2048x979.jpg 2048w\" sizes=\"(max-width: 768px) 100vw, 768px\" \/><\/div>\n\t\t<\/a>\n\t\t\t\t<div class=\"elementor-post__text\">\n\t\t\t\t<h3 class=\"elementor-post__title\">\n\t\t\t<a href=\"https:\/\/www.habitaretail.com\/it\/abitare-o-vendere-al-dettaglio\/\" >\n\t\t\t\tAbitare o vendere: come ottimizzare il tuo immobile a Barcellona nel 2026?\t\t\t<\/a>\n\t\t<\/h3>\n\t\t\t\t<div class=\"elementor-post__meta-data\">\n\t\t\t\t\t<span class=\"elementor-post-date\">\n\t\t\t15 Febbraio 2026\t\t<\/span>\n\t\t\t\t<\/div>\n\t\t\t\t<div class=\"elementor-post__excerpt\">\n\t\t\t<p>Avere un patrimonio immobiliare a Barcellona \u00e8 un privilegio, ma gestirlo nel 2026 \u00e8 una sfida tecnica. La domanda che riceviamo ogni giorno nel nostro ufficio di Via Augusta non \u00e8 solo &#8220;quanto vale il mio immobile?&#8221;, ma anche &#8220;qual \u00e8 il modello operativo pi\u00f9 sicuro oggi? In HabitaRetail lavoriamo<\/p>\n\t\t<\/div>\n\t\t\n\t\t<a class=\"elementor-post__read-more\" href=\"https:\/\/www.habitaretail.com\/it\/abitare-o-vendere-al-dettaglio\/\" aria-label=\"Leggi tutto Abitare o vendere: come ottimizzare il tuo immobile a Barcellona nel 2026?\" tabindex=\"-1\" >\n\t\t\tLeggi di pi\u00f9 \"\t\t<\/a>\n\n\t\t\t\t<\/div>\n\t\t\t\t<\/article>\n\t\t\t\t<article class=\"elementor-post elementor-grid-item post-60598 post type-post status-publish format-standard has-post-thumbnail hentry category-barcellona category-affari category-non-categorizzato\" role=\"listitem\">\n\t\t\t\t<a class=\"elementor-post__thumbnail__link\" href=\"https:\/\/www.habitaretail.com\/it\/investire-nel-barcellona-2026-e-il-momento-di-comprare-o-di-aspettare\/\" tabindex=\"-1\" >\n\t\t\t<div class=\"elementor-post__thumbnail\"><img decoding=\"async\" width=\"768\" height=\"367\" src=\"https:\/\/www.habitaretail.com\/wp-content\/uploads\/2026\/02\/Foto-post-Barcelona-scaled.jpg\" class=\"attachment-medium_large size-medium_large wp-image-60614\" alt=\"\" srcset=\"https:\/\/www.habitaretail.com\/wp-content\/uploads\/2026\/02\/Foto-post-Barcelona-scaled.jpg 2560w, https:\/\/www.habitaretail.com\/wp-content\/uploads\/2026\/02\/Foto-post-Barcelona-1536x734.jpg 1536w, https:\/\/www.habitaretail.com\/wp-content\/uploads\/2026\/02\/Foto-post-Barcelona-2048x979.jpg 2048w\" sizes=\"(max-width: 768px) 100vw, 768px\" \/><\/div>\n\t\t<\/a>\n\t\t\t\t<div class=\"elementor-post__text\">\n\t\t\t\t<h3 class=\"elementor-post__title\">\n\t\t\t<a href=\"https:\/\/www.habitaretail.com\/it\/investire-nel-barcellona-2026-e-il-momento-di-comprare-o-di-aspettare\/\" >\n\t\t\t\tInvestire nel Barcellona 2026: \u00e8 il momento di comprare o di aspettare?\t\t\t<\/a>\n\t\t<\/h3>\n\t\t\t\t<div class=\"elementor-post__meta-data\">\n\t\t\t\t\t<span class=\"elementor-post-date\">\n\t\t\t15 Febbraio 2026\t\t<\/span>\n\t\t\t\t<\/div>\n\t\t\t\t<div class=\"elementor-post__excerpt\">\n\t\t\t<p>Nel mercato immobiliare di Barcellona, chi aspetta troppo finisce spesso per pagare l&#8217;indecisione degli altri. Dopo un 2025 caratterizzato dall&#8217;adattamento alle nuove normative edilizie in Catalogna e dalla stabilizzazione dei tassi di interesse, il 2026 inizia con una domanda chiara: il mattone a Barcellona \u00e8 ancora un bene rifugio? Noi<\/p>\n\t\t<\/div>\n\t\t\n\t\t<a class=\"elementor-post__read-more\" href=\"https:\/\/www.habitaretail.com\/it\/investire-nel-barcellona-2026-e-il-momento-di-comprare-o-di-aspettare\/\" aria-label=\"Leggi tutto Investire nel Barcellona 2026: \u00e8 il momento di comprare o di aspettare?\" tabindex=\"-1\" >\n\t\t\tLeggi di pi\u00f9 \"\t\t<\/a>\n\n\t\t\t\t<\/div>\n\t\t\t\t<\/article>\n\t\t\t\t<article class=\"elementor-post elementor-grid-item post-44628 post type-post status-publish format-standard has-post-thumbnail hentry category-legale category-catalogna category-non-categorizzato\" role=\"listitem\">\n\t\t\t\t<a class=\"elementor-post__thumbnail__link\" href=\"https:\/\/www.habitaretail.com\/it\/decreto-legge-2-2025-le-nuove-misure-urgenti-della-generalitat-per-il-mercato-immobiliare-catalano\/\" tabindex=\"-1\" >\n\t\t\t<div class=\"elementor-post__thumbnail\"><img decoding=\"async\" width=\"768\" height=\"367\" src=\"https:\/\/www.habitaretail.com\/wp-content\/uploads\/2025\/05\/Generalitat2-768x367.jpg\" class=\"attachment-medium_large size-medium_large wp-image-44620\" alt=\"\" srcset=\"https:\/\/www.habitaretail.com\/wp-content\/uploads\/2025\/05\/Generalitat2-768x367.jpg 768w, https:\/\/www.habitaretail.com\/wp-content\/uploads\/2025\/05\/Generalitat2-300x143.jpg 300w, https:\/\/www.habitaretail.com\/wp-content\/uploads\/2025\/05\/Generalitat2-1024x490.jpg 1024w, https:\/\/www.habitaretail.com\/wp-content\/uploads\/2025\/05\/Generalitat2-1536x734.jpg 1536w, https:\/\/www.habitaretail.com\/wp-content\/uploads\/2025\/05\/Generalitat2-2048x979.jpg 2048w, https:\/\/www.habitaretail.com\/wp-content\/uploads\/2025\/05\/Generalitat2-1255x600.jpg 1255w, https:\/\/www.habitaretail.com\/wp-content\/uploads\/2025\/05\/Generalitat2-496x237.jpg 496w\" sizes=\"(max-width: 768px) 100vw, 768px\" \/><\/div>\n\t\t<\/a>\n\t\t\t\t<div class=\"elementor-post__text\">\n\t\t\t\t<h3 class=\"elementor-post__title\">\n\t\t\t<a href=\"https:\/\/www.habitaretail.com\/it\/decreto-legge-2-2025-le-nuove-misure-urgenti-della-generalitat-per-il-mercato-immobiliare-catalano\/\" >\n\t\t\t\tDecreto Legge 2\/2025: le nuove misure urgenti della Generalitat per il mercato immobiliare catalano\t\t\t<\/a>\n\t\t<\/h3>\n\t\t\t\t<div class=\"elementor-post__meta-data\">\n\t\t\t\t\t<span class=\"elementor-post-date\">\n\t\t\t27 Maggio 2025\t\t<\/span>\n\t\t\t\t<\/div>\n\t\t\t\t<div class=\"elementor-post__excerpt\">\n\t\t\t<p>1. Un nuovo pacchetto di misure urgenti per l&#8217;edilizia abitativa e la pianificazione urbana La Generalitat, pur non avendo approvato i bilanci per il 2025, ha scelto di attuare un regolamento di emergenza che combina azioni immediate e riforme strutturali. Il decreto legge 2\/2025 prevede misure in cinque blocchi principali:<\/p>\n\t\t<\/div>\n\t\t\n\t\t<a class=\"elementor-post__read-more\" href=\"https:\/\/www.habitaretail.com\/it\/decreto-legge-2-2025-le-nuove-misure-urgenti-della-generalitat-per-il-mercato-immobiliare-catalano\/\" aria-label=\"Leggi tutto Decreto Legge 2\/2025: le nuove misure urgenti della Generalitat per il mercato immobiliare catalano\" tabindex=\"-1\" >\n\t\t\tLeggi di pi\u00f9 \"\t\t<\/a>\n\n\t\t\t\t<\/div>\n\t\t\t\t<\/article>\n\t\t\t\t<article class=\"elementor-post elementor-grid-item post-37171 post type-post status-publish format-standard has-post-thumbnail hentry category-affari category-immobili-it\" role=\"listitem\">\n\t\t\t\t<a class=\"elementor-post__thumbnail__link\" href=\"https:\/\/www.habitaretail.com\/it\/limpatto-del-tetto-agli-affitti-in-catalogna-e-la-sua-relazione-con-laumento-degli-acquisti-di-case\/\" tabindex=\"-1\" >\n\t\t\t<div class=\"elementor-post__thumbnail\"><img loading=\"lazy\" decoding=\"async\" width=\"768\" height=\"432\" src=\"https:\/\/www.habitaretail.com\/wp-content\/uploads\/2024\/08\/2-3-768x432.jpg\" class=\"attachment-medium_large size-medium_large wp-image-37167\" alt=\"\" srcset=\"https:\/\/www.habitaretail.com\/wp-content\/uploads\/2024\/08\/2-3-768x432.jpg 768w, https:\/\/www.habitaretail.com\/wp-content\/uploads\/2024\/08\/2-3-300x169.jpg 300w, https:\/\/www.habitaretail.com\/wp-content\/uploads\/2024\/08\/2-3-1024x576.jpg 1024w, https:\/\/www.habitaretail.com\/wp-content\/uploads\/2024\/08\/2-3-1067x600.jpg 1067w, https:\/\/www.habitaretail.com\/wp-content\/uploads\/2024\/08\/2-3-496x279.jpg 496w, https:\/\/www.habitaretail.com\/wp-content\/uploads\/2024\/08\/2-3.jpg 1366w\" sizes=\"(max-width: 768px) 100vw, 768px\" \/><\/div>\n\t\t<\/a>\n\t\t\t\t<div class=\"elementor-post__text\">\n\t\t\t\t<h3 class=\"elementor-post__title\">\n\t\t\t<a href=\"https:\/\/www.habitaretail.com\/it\/limpatto-del-tetto-agli-affitti-in-catalogna-e-la-sua-relazione-con-laumento-degli-acquisti-di-case\/\" >\n\t\t\t\tL&#8217;impatto del tetto agli affitti in Catalogna e la sua relazione con l&#8217;aumento degli acquisti di case\t\t\t<\/a>\n\t\t<\/h3>\n\t\t\t\t<div class=\"elementor-post__meta-data\">\n\t\t\t\t\t<span class=\"elementor-post-date\">\n\t\t\t25 Agosto 2024\t\t<\/span>\n\t\t\t\t<\/div>\n\t\t\t\t<div class=\"elementor-post__excerpt\">\n\t\t\t<p>In Catalogna, l&#8217;attuazione della legge che regola i prezzi degli affitti nelle aree sottoposte a stress ha causato un notevole cambiamento nelle dinamiche del mercato immobiliare. Dall&#8217;entrata in vigore di questa normativa, si \u00e8 osservata una notevole riduzione dell&#8217;offerta di alloggi in affitto, soprattutto nelle aree metropolitane come Barcellona. Questa<\/p>\n\t\t<\/div>\n\t\t\n\t\t<a class=\"elementor-post__read-more\" href=\"https:\/\/www.habitaretail.com\/it\/limpatto-del-tetto-agli-affitti-in-catalogna-e-la-sua-relazione-con-laumento-degli-acquisti-di-case\/\" aria-label=\"Leggi tutto L&#8217;impatto del tetto agli affitti in Catalogna e la sua relazione con l&#8217;aumento degli acquisti di case\" tabindex=\"-1\" >\n\t\t\tLeggi di pi\u00f9 \"\t\t<\/a>\n\n\t\t\t\t<\/div>\n\t\t\t\t<\/article>\n\t\t\t\t<article class=\"elementor-post elementor-grid-item post-37172 post type-post status-publish format-standard has-post-thumbnail hentry category-immobili\" role=\"listitem\">\n\t\t\t\t<a class=\"elementor-post__thumbnail__link\" href=\"https:\/\/www.habitaretail.com\/it\/prospettive-immobiliari-2024-2025-crescita-delle-vendite-e-dei-prezzi-delle-abitazioni-in-spagna\/\" tabindex=\"-1\" >\n\t\t\t<div class=\"elementor-post__thumbnail\"><img loading=\"lazy\" decoding=\"async\" width=\"768\" height=\"432\" src=\"https:\/\/www.habitaretail.com\/wp-content\/uploads\/2024\/08\/1-3-768x432.jpg\" class=\"attachment-medium_large size-medium_large wp-image-37157\" alt=\"\" srcset=\"https:\/\/www.habitaretail.com\/wp-content\/uploads\/2024\/08\/1-3-768x432.jpg 768w, https:\/\/www.habitaretail.com\/wp-content\/uploads\/2024\/08\/1-3-300x169.jpg 300w, https:\/\/www.habitaretail.com\/wp-content\/uploads\/2024\/08\/1-3-1024x576.jpg 1024w, https:\/\/www.habitaretail.com\/wp-content\/uploads\/2024\/08\/1-3-1067x600.jpg 1067w, https:\/\/www.habitaretail.com\/wp-content\/uploads\/2024\/08\/1-3-496x279.jpg 496w, https:\/\/www.habitaretail.com\/wp-content\/uploads\/2024\/08\/1-3.jpg 1366w\" sizes=\"(max-width: 768px) 100vw, 768px\" \/><\/div>\n\t\t<\/a>\n\t\t\t\t<div class=\"elementor-post__text\">\n\t\t\t\t<h3 class=\"elementor-post__title\">\n\t\t\t<a href=\"https:\/\/www.habitaretail.com\/it\/prospettive-immobiliari-2024-2025-crescita-delle-vendite-e-dei-prezzi-delle-abitazioni-in-spagna\/\" >\n\t\t\t\tProspettive immobiliari 2024-2025: crescita delle vendite e dei prezzi delle abitazioni in Spagna\t\t\t<\/a>\n\t\t<\/h3>\n\t\t\t\t<div class=\"elementor-post__meta-data\">\n\t\t\t\t\t<span class=\"elementor-post-date\">\n\t\t\t25 Agosto 2024\t\t<\/span>\n\t\t\t\t<\/div>\n\t\t\t\t<div class=\"elementor-post__excerpt\">\n\t\t\t<p>Il mercato immobiliare in Spagna continua a mostrare segnali positivi di crescita per i prossimi anni, grazie alla ripresa economica e al calo dei tassi di interesse nell&#8217;eurozona. Secondo l&#8217;ultimo rapporto dell&#8217;Osservatorio Immobiliare BBVA (agosto 2024), si prevede che la domanda residenziale continuer\u00e0 ad aumentare, il che, insieme a una<\/p>\n\t\t<\/div>\n\t\t\n\t\t<a class=\"elementor-post__read-more\" href=\"https:\/\/www.habitaretail.com\/it\/prospettive-immobiliari-2024-2025-crescita-delle-vendite-e-dei-prezzi-delle-abitazioni-in-spagna\/\" aria-label=\"Leggi tutto Prospettive immobiliari 2024-2025: crescita delle vendite e dei prezzi delle abitazioni in Spagna\" tabindex=\"-1\" >\n\t\t\tLeggi di pi\u00f9 \"\t\t<\/a>\n\n\t\t\t\t<\/div>\n\t\t\t\t<\/article>\n\t\t\t\t<article class=\"elementor-post elementor-grid-item post-25158 post type-post status-publish format-standard has-post-thumbnail hentry category-immobili category-legale tag-affitto-stagionale tag-casa-di-famiglia tag-immobili tag-lusso tag-piatto\" role=\"listitem\">\n\t\t\t\t<a class=\"elementor-post__thumbnail__link\" href=\"https:\/\/www.habitaretail.com\/it\/nuova-legge-sugli-alloggi-in-spagna\/\" tabindex=\"-1\" >\n\t\t\t<div class=\"elementor-post__thumbnail\"><img loading=\"lazy\" decoding=\"async\" width=\"768\" height=\"512\" src=\"https:\/\/www.habitaretail.com\/wp-content\/uploads\/2023\/09\/juez-subasta-concepto-bienes-raices-modelo-casa-mazo-libros-derecho-768x512.jpg\" class=\"attachment-medium_large size-medium_large wp-image-24028\" alt=\"\" srcset=\"https:\/\/www.habitaretail.com\/wp-content\/uploads\/2023\/09\/juez-subasta-concepto-bienes-raices-modelo-casa-mazo-libros-derecho-768x512.jpg 768w, https:\/\/www.habitaretail.com\/wp-content\/uploads\/2023\/09\/juez-subasta-concepto-bienes-raices-modelo-casa-mazo-libros-derecho-300x200.jpg 300w, https:\/\/www.habitaretail.com\/wp-content\/uploads\/2023\/09\/juez-subasta-concepto-bienes-raices-modelo-casa-mazo-libros-derecho-1024x683.jpg 1024w, https:\/\/www.habitaretail.com\/wp-content\/uploads\/2023\/09\/juez-subasta-concepto-bienes-raices-modelo-casa-mazo-libros-derecho-1536x1024.jpg 1536w, https:\/\/www.habitaretail.com\/wp-content\/uploads\/2023\/09\/juez-subasta-concepto-bienes-raices-modelo-casa-mazo-libros-derecho-2048x1365.jpg 2048w, https:\/\/www.habitaretail.com\/wp-content\/uploads\/2023\/09\/juez-subasta-concepto-bienes-raices-modelo-casa-mazo-libros-derecho-900x600.jpg 900w, https:\/\/www.habitaretail.com\/wp-content\/uploads\/2023\/09\/juez-subasta-concepto-bienes-raices-modelo-casa-mazo-libros-derecho-496x331.jpg 496w\" sizes=\"(max-width: 768px) 100vw, 768px\" \/><\/div>\n\t\t<\/a>\n\t\t\t\t<div class=\"elementor-post__text\">\n\t\t\t\t<h3 class=\"elementor-post__title\">\n\t\t\t<a href=\"https:\/\/www.habitaretail.com\/it\/nuova-legge-sugli-alloggi-in-spagna\/\" >\n\t\t\t\tNuova legge sugli alloggi in Spagna\t\t\t<\/a>\n\t\t<\/h3>\n\t\t\t\t<div class=\"elementor-post__meta-data\">\n\t\t\t\t\t<span class=\"elementor-post-date\">\n\t\t\t12 Settembre 2023\t\t<\/span>\n\t\t\t\t<\/div>\n\t\t\t\t<div class=\"elementor-post__excerpt\">\n\t\t\t<p>Nell&#8217;ambito dell&#8217;iniziativa volta a garantire il diritto a un alloggio dignitoso, come stabilito dalla Costituzione, \u00e8 stata promulgata la legge 12\/2023 del 24 maggio sul diritto all&#8217;alloggio. Questa legge, che ha attraversato diverse fasi di approvazione per tutto il 2022 e il 2023, fa parte del Piano di ripresa, trasformazione<\/p>\n\t\t<\/div>\n\t\t\n\t\t<a class=\"elementor-post__read-more\" href=\"https:\/\/www.habitaretail.com\/it\/nuova-legge-sugli-alloggi-in-spagna\/\" aria-label=\"Leggi tutto Nuova legge sugli alloggi in Spagna\" tabindex=\"-1\" >\n\t\t\tLeggi di pi\u00f9 \"\t\t<\/a>\n\n\t\t\t\t<\/div>\n\t\t\t\t<\/article>\n\t\t\t\t<article class=\"elementor-post elementor-grid-item post-25144 post type-post status-publish format-standard has-post-thumbnail hentry category-immobili tag-affitto-stagionale tag-casa-di-famiglia tag-espansione tag-immobili tag-lusso tag-piatto\" role=\"listitem\">\n\t\t\t\t<a class=\"elementor-post__thumbnail__link\" href=\"https:\/\/www.habitaretail.com\/it\/capire-il-mercato-immobiliare-spagnolo-una-guida-per-i-principianti\/\" tabindex=\"-1\" >\n\t\t\t<div class=\"elementor-post__thumbnail\"><img loading=\"lazy\" decoding=\"async\" width=\"768\" height=\"430\" src=\"https:\/\/www.habitaretail.com\/wp-content\/uploads\/2023\/09\/foto-monitoreo-eficiencia-energia-hogar-inteligente-768x430.jpg\" class=\"attachment-medium_large size-medium_large wp-image-23993\" alt=\"\" srcset=\"https:\/\/www.habitaretail.com\/wp-content\/uploads\/2023\/09\/foto-monitoreo-eficiencia-energia-hogar-inteligente-768x430.jpg 768w, https:\/\/www.habitaretail.com\/wp-content\/uploads\/2023\/09\/foto-monitoreo-eficiencia-energia-hogar-inteligente-300x168.jpg 300w, https:\/\/www.habitaretail.com\/wp-content\/uploads\/2023\/09\/foto-monitoreo-eficiencia-energia-hogar-inteligente-1024x574.jpg 1024w, https:\/\/www.habitaretail.com\/wp-content\/uploads\/2023\/09\/foto-monitoreo-eficiencia-energia-hogar-inteligente-1536x861.jpg 1536w, https:\/\/www.habitaretail.com\/wp-content\/uploads\/2023\/09\/foto-monitoreo-eficiencia-energia-hogar-inteligente-2048x1148.jpg 2048w, https:\/\/www.habitaretail.com\/wp-content\/uploads\/2023\/09\/foto-monitoreo-eficiencia-energia-hogar-inteligente-1071x600.jpg 1071w, https:\/\/www.habitaretail.com\/wp-content\/uploads\/2023\/09\/foto-monitoreo-eficiencia-energia-hogar-inteligente-496x278.jpg 496w\" sizes=\"(max-width: 768px) 100vw, 768px\" \/><\/div>\n\t\t<\/a>\n\t\t\t\t<div class=\"elementor-post__text\">\n\t\t\t\t<h3 class=\"elementor-post__title\">\n\t\t\t<a href=\"https:\/\/www.habitaretail.com\/it\/capire-il-mercato-immobiliare-spagnolo-una-guida-per-i-principianti\/\" >\n\t\t\t\tCapire il mercato immobiliare spagnolo: una guida per i principianti\t\t\t<\/a>\n\t\t<\/h3>\n\t\t\t\t<div class=\"elementor-post__meta-data\">\n\t\t\t\t\t<span class=\"elementor-post-date\">\n\t\t\t9 Settembre 2023\t\t<\/span>\n\t\t\t\t<\/div>\n\t\t\t\t<div class=\"elementor-post__excerpt\">\n\t\t\t<p>Entrare nel mondo immobiliare pu\u00f2 sembrare un compito scoraggiante, soprattutto se si \u00e8 alle prime armi. La Spagna, con la sua ricca storia e la sua diversit\u00e0 regionale, offre opportunit\u00e0 uniche per gli investitori e gli acquirenti di case. Qui vi offriamo una guida semplice ma completa per aiutarvi a<\/p>\n\t\t<\/div>\n\t\t\n\t\t<a class=\"elementor-post__read-more\" href=\"https:\/\/www.habitaretail.com\/it\/capire-il-mercato-immobiliare-spagnolo-una-guida-per-i-principianti\/\" aria-label=\"Leggi tutto Capire il mercato immobiliare spagnolo: una guida per i principianti\" tabindex=\"-1\" >\n\t\t\tLeggi di pi\u00f9 \"\t\t<\/a>\n\n\t\t\t\t<\/div>\n\t\t\t\t<\/article>\n\t\t\t\t<article class=\"elementor-post elementor-grid-item post-25236 post type-post status-publish format-standard has-post-thumbnail hentry category-immobili tag-casa-di-famiglia tag-immobili tag-lusso tag-piatto\" role=\"listitem\">\n\t\t\t\t<a class=\"elementor-post__thumbnail__link\" href=\"https:\/\/www.habitaretail.com\/it\/le-chiavi-per-investire-in-immobili-nel-2023\/\" tabindex=\"-1\" >\n\t\t\t<div class=\"elementor-post__thumbnail\"><img loading=\"lazy\" decoding=\"async\" width=\"768\" height=\"512\" src=\"https:\/\/www.habitaretail.com\/wp-content\/uploads\/2023\/09\/HOMBRE2-768x512.jpg\" class=\"attachment-medium_large size-medium_large wp-image-24008\" alt=\"\" srcset=\"https:\/\/www.habitaretail.com\/wp-content\/uploads\/2023\/09\/HOMBRE2-768x512.jpg 768w, https:\/\/www.habitaretail.com\/wp-content\/uploads\/2023\/09\/HOMBRE2-300x200.jpg 300w, https:\/\/www.habitaretail.com\/wp-content\/uploads\/2023\/09\/HOMBRE2-1024x683.jpg 1024w, https:\/\/www.habitaretail.com\/wp-content\/uploads\/2023\/09\/HOMBRE2-1536x1024.jpg 1536w, https:\/\/www.habitaretail.com\/wp-content\/uploads\/2023\/09\/HOMBRE2-2048x1365.jpg 2048w, https:\/\/www.habitaretail.com\/wp-content\/uploads\/2023\/09\/HOMBRE2-900x600.jpg 900w, https:\/\/www.habitaretail.com\/wp-content\/uploads\/2023\/09\/HOMBRE2-496x331.jpg 496w\" sizes=\"(max-width: 768px) 100vw, 768px\" \/><\/div>\n\t\t<\/a>\n\t\t\t\t<div class=\"elementor-post__text\">\n\t\t\t\t<h3 class=\"elementor-post__title\">\n\t\t\t<a href=\"https:\/\/www.habitaretail.com\/it\/le-chiavi-per-investire-in-immobili-nel-2023\/\" >\n\t\t\t\tLe chiavi per investire in immobili nel 2023\t\t\t<\/a>\n\t\t<\/h3>\n\t\t\t\t<div class=\"elementor-post__meta-data\">\n\t\t\t\t\t<span class=\"elementor-post-date\">\n\t\t\t9 Settembre 2023\t\t<\/span>\n\t\t\t\t<\/div>\n\t\t\t\t<div class=\"elementor-post__excerpt\">\n\t\t\t<p>Il 2023 si preannuncia un periodo promettente per gli investimenti immobiliari, caratterizzato da una ripresa economica in atto e da una serie di cambiamenti di mercato che possono favorire gli investitori ben informati. Ecco alcune chiavi essenziali per investire con successo in immobili quest&#8217;anno: 1. Conoscere il mercato locale Prima<\/p>\n\t\t<\/div>\n\t\t\n\t\t<a class=\"elementor-post__read-more\" href=\"https:\/\/www.habitaretail.com\/it\/le-chiavi-per-investire-in-immobili-nel-2023\/\" aria-label=\"Leggi tutto Le chiavi per investire in immobili nel 2023\" tabindex=\"-1\" >\n\t\t\tLeggi di pi\u00f9 \"\t\t<\/a>\n\n\t\t\t\t<\/div>\n\t\t\t\t<\/article>\n\t\t\t\t<article class=\"elementor-post elementor-grid-item post-25140 post type-post status-publish format-standard has-post-thumbnail hentry category-immobili tag-affitto-stagionale tag-casa-di-famiglia tag-espansione tag-immobili tag-lusso tag-piatto\" role=\"listitem\">\n\t\t\t\t<a class=\"elementor-post__thumbnail__link\" href=\"https:\/\/www.habitaretail.com\/it\/come-preparare-la-casa-per-la-vendita-consigli-pratici\/\" tabindex=\"-1\" >\n\t\t\t<div class=\"elementor-post__thumbnail\"><img loading=\"lazy\" decoding=\"async\" width=\"768\" height=\"512\" src=\"https:\/\/www.habitaretail.com\/wp-content\/uploads\/2023\/09\/familia-comprando-casa-nueva-768x512.jpg\" class=\"attachment-medium_large size-medium_large wp-image-23983\" alt=\"\" srcset=\"https:\/\/www.habitaretail.com\/wp-content\/uploads\/2023\/09\/familia-comprando-casa-nueva-768x512.jpg 768w, https:\/\/www.habitaretail.com\/wp-content\/uploads\/2023\/09\/familia-comprando-casa-nueva-300x200.jpg 300w, https:\/\/www.habitaretail.com\/wp-content\/uploads\/2023\/09\/familia-comprando-casa-nueva-1024x683.jpg 1024w, https:\/\/www.habitaretail.com\/wp-content\/uploads\/2023\/09\/familia-comprando-casa-nueva-1536x1024.jpg 1536w, https:\/\/www.habitaretail.com\/wp-content\/uploads\/2023\/09\/familia-comprando-casa-nueva-2048x1365.jpg 2048w, https:\/\/www.habitaretail.com\/wp-content\/uploads\/2023\/09\/familia-comprando-casa-nueva-900x600.jpg 900w, https:\/\/www.habitaretail.com\/wp-content\/uploads\/2023\/09\/familia-comprando-casa-nueva-496x331.jpg 496w\" sizes=\"(max-width: 768px) 100vw, 768px\" \/><\/div>\n\t\t<\/a>\n\t\t\t\t<div class=\"elementor-post__text\">\n\t\t\t\t<h3 class=\"elementor-post__title\">\n\t\t\t<a href=\"https:\/\/www.habitaretail.com\/it\/come-preparare-la-casa-per-la-vendita-consigli-pratici\/\" >\n\t\t\t\tCome preparare la casa per la vendita: consigli pratici\t\t\t<\/a>\n\t\t<\/h3>\n\t\t\t\t<div class=\"elementor-post__meta-data\">\n\t\t\t\t\t<span class=\"elementor-post-date\">\n\t\t\t5 Settembre 2023\t\t<\/span>\n\t\t\t\t<\/div>\n\t\t\t\t<div class=\"elementor-post__excerpt\">\n\t\t\t<p>Nel dinamico mercato immobiliare di oggi, \u00e8 fondamentale assicurarsi che la vostra casa si distingua e attragga i potenziali acquirenti. Una preparazione accurata pu\u00f2 aumentare notevolmente le possibilit\u00e0 di una vendita rapida e di successo. Ecco alcuni consigli pratici su come preparare la casa alla vendita. 1. Depersonalizzazione e sgombero<\/p>\n\t\t<\/div>\n\t\t\n\t\t<a class=\"elementor-post__read-more\" href=\"https:\/\/www.habitaretail.com\/it\/come-preparare-la-casa-per-la-vendita-consigli-pratici\/\" aria-label=\"Leggi tutto Come preparare la casa per la vendita: consigli pratici\" tabindex=\"-1\" >\n\t\t\tLeggi di pi\u00f9 \"\t\t<\/a>\n\n\t\t\t\t<\/div>\n\t\t\t\t<\/article>\n\t\t\t\t<article class=\"elementor-post elementor-grid-item post-25331 post type-post status-publish format-standard has-post-thumbnail hentry category-barcellona category-immobili tag-affitto-stagionale tag-casa-di-famiglia tag-immobili tag-lusso tag-piatto\" role=\"listitem\">\n\t\t\t\t<a class=\"elementor-post__thumbnail__link\" href=\"https:\/\/www.habitaretail.com\/it\/che-impatto-ha-il-turismo-sul-mercato-immobiliare-di-barcellona\/\" tabindex=\"-1\" >\n\t\t\t<div class=\"elementor-post__thumbnail\"><img loading=\"lazy\" decoding=\"async\" width=\"768\" height=\"512\" src=\"https:\/\/www.habitaretail.com\/wp-content\/uploads\/2023\/09\/vista-aerea-barcelona-noche-cataluna-espana-768x512.jpg\" class=\"attachment-medium_large size-medium_large wp-image-24173\" alt=\"\" srcset=\"https:\/\/www.habitaretail.com\/wp-content\/uploads\/2023\/09\/vista-aerea-barcelona-noche-cataluna-espana-768x512.jpg 768w, https:\/\/www.habitaretail.com\/wp-content\/uploads\/2023\/09\/vista-aerea-barcelona-noche-cataluna-espana-300x200.jpg 300w, https:\/\/www.habitaretail.com\/wp-content\/uploads\/2023\/09\/vista-aerea-barcelona-noche-cataluna-espana-1024x683.jpg 1024w, https:\/\/www.habitaretail.com\/wp-content\/uploads\/2023\/09\/vista-aerea-barcelona-noche-cataluna-espana-1536x1024.jpg 1536w, https:\/\/www.habitaretail.com\/wp-content\/uploads\/2023\/09\/vista-aerea-barcelona-noche-cataluna-espana-2048x1365.jpg 2048w, https:\/\/www.habitaretail.com\/wp-content\/uploads\/2023\/09\/vista-aerea-barcelona-noche-cataluna-espana-900x600.jpg 900w, https:\/\/www.habitaretail.com\/wp-content\/uploads\/2023\/09\/vista-aerea-barcelona-noche-cataluna-espana-496x331.jpg 496w\" sizes=\"(max-width: 768px) 100vw, 768px\" \/><\/div>\n\t\t<\/a>\n\t\t\t\t<div class=\"elementor-post__text\">\n\t\t\t\t<h3 class=\"elementor-post__title\">\n\t\t\t<a href=\"https:\/\/www.habitaretail.com\/it\/che-impatto-ha-il-turismo-sul-mercato-immobiliare-di-barcellona\/\" >\n\t\t\t\tChe impatto ha il turismo sul mercato immobiliare di Barcellona?\t\t\t<\/a>\n\t\t<\/h3>\n\t\t\t\t<div class=\"elementor-post__meta-data\">\n\t\t\t\t\t<span class=\"elementor-post-date\">\n\t\t\t4 Settembre 2023\t\t<\/span>\n\t\t\t\t<\/div>\n\t\t\t\t<div class=\"elementor-post__excerpt\">\n\t\t\t<p>Il turismo \u00e8 un settore vitale nell&#8217;economia di Barcellona, una citt\u00e0 nota per la sua ricca cultura, la maestosa architettura e le attrazioni naturali. Sebbene il turismo sia ampiamente vantaggioso, ha anche un impatto sul mercato immobiliare locale. Vediamo come questo si manifesta in vari modi. Inflazione dei prezzi Boom<\/p>\n\t\t<\/div>\n\t\t\n\t\t<a class=\"elementor-post__read-more\" href=\"https:\/\/www.habitaretail.com\/it\/che-impatto-ha-il-turismo-sul-mercato-immobiliare-di-barcellona\/\" aria-label=\"Leggi tutto Che impatto ha il turismo sul mercato immobiliare di Barcellona?\" tabindex=\"-1\" >\n\t\t\tLeggi di pi\u00f9 \"\t\t<\/a>\n\n\t\t\t\t<\/div>\n\t\t\t\t<\/article>\n\t\t\t\t<article class=\"elementor-post elementor-grid-item post-25155 post type-post status-publish format-standard has-post-thumbnail hentry category-barcellona tag-affitto-stagionale tag-casa-di-famiglia tag-immobili tag-lusso tag-piatto\" role=\"listitem\">\n\t\t\t\t<a class=\"elementor-post__thumbnail__link\" href=\"https:\/\/www.habitaretail.com\/it\/barcellona-un-mix-di-cultura-e-immobili-di-lusso\/\" tabindex=\"-1\" >\n\t\t\t<div class=\"elementor-post__thumbnail\"><img loading=\"lazy\" decoding=\"async\" width=\"768\" height=\"512\" src=\"https:\/\/www.habitaretail.com\/wp-content\/uploads\/2023\/09\/vista-aerea-port-vell-barcelona-cataluna-espana-768x512.jpg\" class=\"attachment-medium_large size-medium_large wp-image-24183\" alt=\"\" srcset=\"https:\/\/www.habitaretail.com\/wp-content\/uploads\/2023\/09\/vista-aerea-port-vell-barcelona-cataluna-espana-768x512.jpg 768w, https:\/\/www.habitaretail.com\/wp-content\/uploads\/2023\/09\/vista-aerea-port-vell-barcelona-cataluna-espana-300x200.jpg 300w, https:\/\/www.habitaretail.com\/wp-content\/uploads\/2023\/09\/vista-aerea-port-vell-barcelona-cataluna-espana-1024x683.jpg 1024w, https:\/\/www.habitaretail.com\/wp-content\/uploads\/2023\/09\/vista-aerea-port-vell-barcelona-cataluna-espana-1536x1025.jpg 1536w, https:\/\/www.habitaretail.com\/wp-content\/uploads\/2023\/09\/vista-aerea-port-vell-barcelona-cataluna-espana-2048x1367.jpg 2048w, https:\/\/www.habitaretail.com\/wp-content\/uploads\/2023\/09\/vista-aerea-port-vell-barcelona-cataluna-espana-899x600.jpg 899w, https:\/\/www.habitaretail.com\/wp-content\/uploads\/2023\/09\/vista-aerea-port-vell-barcelona-cataluna-espana-496x331.jpg 496w\" sizes=\"(max-width: 768px) 100vw, 768px\" \/><\/div>\n\t\t<\/a>\n\t\t\t\t<div class=\"elementor-post__text\">\n\t\t\t\t<h3 class=\"elementor-post__title\">\n\t\t\t<a href=\"https:\/\/www.habitaretail.com\/it\/barcellona-un-mix-di-cultura-e-immobili-di-lusso\/\" >\n\t\t\t\tBarcellona: un mix di cultura e immobili di lusso\t\t\t<\/a>\n\t\t<\/h3>\n\t\t\t\t<div class=\"elementor-post__meta-data\">\n\t\t\t\t\t<span class=\"elementor-post-date\">\n\t\t\t1 Settembre 2023\t\t<\/span>\n\t\t\t\t<\/div>\n\t\t\t\t<div class=\"elementor-post__excerpt\">\n\t\t\t<p>Barcellona, la vibrante metropoli sulle rive del Mar Mediterraneo, rappresenta un&#8217;armoniosa simbiosi tra tradizione e modernit\u00e0, dove la cultura antica convive con gli immobili di lusso contemporanei. Questa destinazione turistica di livello mondiale non ospita solo imponenti monumenti architettonici e centri culturali, ma anche una scena immobiliare che si \u00e8<\/p>\n\t\t<\/div>\n\t\t\n\t\t<a class=\"elementor-post__read-more\" href=\"https:\/\/www.habitaretail.com\/it\/barcellona-un-mix-di-cultura-e-immobili-di-lusso\/\" aria-label=\"Leggi tutto Barcellona: un mix di cultura e immobili di lusso\" tabindex=\"-1\" >\n\t\t\tLeggi di pi\u00f9 \"\t\t<\/a>\n\n\t\t\t\t<\/div>\n\t\t\t\t<\/article>\n\t\t\t\t<article class=\"elementor-post elementor-grid-item post-25141 post type-post status-publish format-standard has-post-thumbnail hentry category-non-categorizzato\" role=\"listitem\">\n\t\t\t\t<a class=\"elementor-post__thumbnail__link\" href=\"https:\/\/www.habitaretail.com\/it\/benvenuti-amici-di-habitaretail\/\" tabindex=\"-1\" >\n\t\t\t<div class=\"elementor-post__thumbnail\"><img loading=\"lazy\" decoding=\"async\" width=\"768\" height=\"495\" src=\"https:\/\/www.habitaretail.com\/wp-content\/uploads\/2023\/08\/computadora-portatil-numero-1-parte-inferior-izquierda-768x495.jpg\" class=\"attachment-medium_large size-medium_large wp-image-24193\" alt=\"\" srcset=\"https:\/\/www.habitaretail.com\/wp-content\/uploads\/2023\/08\/computadora-portatil-numero-1-parte-inferior-izquierda-768x495.jpg 768w, https:\/\/www.habitaretail.com\/wp-content\/uploads\/2023\/08\/computadora-portatil-numero-1-parte-inferior-izquierda-300x193.jpg 300w, https:\/\/www.habitaretail.com\/wp-content\/uploads\/2023\/08\/computadora-portatil-numero-1-parte-inferior-izquierda-1024x660.jpg 1024w, https:\/\/www.habitaretail.com\/wp-content\/uploads\/2023\/08\/computadora-portatil-numero-1-parte-inferior-izquierda-1536x990.jpg 1536w, https:\/\/www.habitaretail.com\/wp-content\/uploads\/2023\/08\/computadora-portatil-numero-1-parte-inferior-izquierda-2048x1320.jpg 2048w, https:\/\/www.habitaretail.com\/wp-content\/uploads\/2023\/08\/computadora-portatil-numero-1-parte-inferior-izquierda-931x600.jpg 931w, https:\/\/www.habitaretail.com\/wp-content\/uploads\/2023\/08\/computadora-portatil-numero-1-parte-inferior-izquierda-496x320.jpg 496w\" sizes=\"(max-width: 768px) 100vw, 768px\" \/><\/div>\n\t\t<\/a>\n\t\t\t\t<div class=\"elementor-post__text\">\n\t\t\t\t<h3 class=\"elementor-post__title\">\n\t\t\t<a href=\"https:\/\/www.habitaretail.com\/it\/benvenuti-amici-di-habitaretail\/\" >\n\t\t\t\tBenvenuti amici di HabitaRetail!\t\t\t<\/a>\n\t\t<\/h3>\n\t\t\t\t<div class=\"elementor-post__meta-data\">\n\t\t\t\t\t<span class=\"elementor-post-date\">\n\t\t\t27 Agosto 2023\t\t<\/span>\n\t\t\t\t<\/div>\n\t\t\t\t<div class=\"elementor-post__excerpt\">\n\t\t\t<p>Metteremo in contatto le persone e le imprese con gli spazi Salve a tutti gli appassionati di immobili e agli amanti della vivace citt\u00e0 di Barcellona. Siamo all&#8217;inizio di un viaggio emozionante in cui sveleremo i segreti pi\u00f9 custoditi del settore immobiliare, arricchiti dall&#8217;essenza unica che Barcellona ha da offrire.<\/p>\n\t\t<\/div>\n\t\t\n\t\t<a class=\"elementor-post__read-more\" href=\"https:\/\/www.habitaretail.com\/it\/benvenuti-amici-di-habitaretail\/\" aria-label=\"Leggi tutto Benvenuti amici di HabitaRetail!\" tabindex=\"-1\" >\n\t\t\tLeggi di pi\u00f9 \"\t\t<\/a>\n\n\t\t\t\t<\/div>\n\t\t\t\t<\/article>\n\t\t\t\t<\/div>\n\t\t\n\t\t\t\t\t\t<\/div>\n\t\t\t\t<\/div>\n\t\t\t\t<div class=\"elementor-element elementor-element-272df356 elementor-widget__width-initial elementor-widget elementor-widget-sidebar\" data-id=\"272df356\" data-element_type=\"widget\" data-e-type=\"widget\" data-widget_type=\"sidebar.default\">\n\t\t\t\t<div class=\"elementor-widget-container\">\n\t\t\t\t\t<div id=\"block-2\" class=\"widget widget-wrap mb-4 p-4 widget_block widget_search\"><form role=\"search\" method=\"get\" action=\"https:\/\/www.habitaretail.com\/it\/\" class=\"wp-block-search__button-outside wp-block-search__text-button wp-block-search\"    ><label class=\"wp-block-search__label\" for=\"wp-block-search__input-1\" >Cerca<\/label><div class=\"wp-block-search__inside-wrapper\" ><input class=\"wp-block-search__input\" id=\"wp-block-search__input-1\" placeholder=\"\" value=\"\" type=\"search\" name=\"s\" required \/><button aria-label=\"Cerca\" class=\"wp-block-search__button wp-element-button\" type=\"submit\" >Cerca<\/button><\/div><\/form><\/div><div id=\"block-3\" class=\"widget widget-wrap mb-4 p-4 widget_block\">\n<div class=\"wp-block-group\"><div class=\"wp-block-group__inner-container is-layout-flow wp-block-group-is-layout-flow\">\n<h2 class=\"wp-block-heading\">Voci recenti<\/h2>\n\n\n<ul class=\"wp-block-latest-posts__list wp-block-latest-posts\"><li><a class=\"wp-block-latest-posts__post-title\" href=\"https:\/\/www.habitaretail.com\/it\/abitare-o-vendere-al-dettaglio\/\">Abitare o vendere: come ottimizzare il tuo immobile a Barcellona nel 2026?<\/a><\/li>\n<li><a class=\"wp-block-latest-posts__post-title\" href=\"https:\/\/www.habitaretail.com\/it\/investire-nel-barcellona-2026-e-il-momento-di-comprare-o-di-aspettare\/\">Investire nel Barcellona 2026: \u00e8 il momento di comprare o di aspettare?<\/a><\/li>\n<li><a class=\"wp-block-latest-posts__post-title\" href=\"https:\/\/www.habitaretail.com\/it\/decreto-legge-2-2025-le-nuove-misure-urgenti-della-generalitat-per-il-mercato-immobiliare-catalano\/\">Decreto Legge 2\/2025: le nuove misure urgenti della Generalitat per il mercato immobiliare catalano<\/a><\/li>\n<li><a class=\"wp-block-latest-posts__post-title\" href=\"https:\/\/www.habitaretail.com\/it\/limpatto-del-tetto-agli-affitti-in-catalogna-e-la-sua-relazione-con-laumento-degli-acquisti-di-case\/\">L&#8217;impatto del tetto agli affitti in Catalogna e la sua relazione con l&#8217;aumento degli acquisti di case<\/a><\/li>\n<li><a class=\"wp-block-latest-posts__post-title\" href=\"https:\/\/www.habitaretail.com\/it\/prospettive-immobiliari-2024-2025-crescita-delle-vendite-e-dei-prezzi-delle-abitazioni-in-spagna\/\">Prospettive immobiliari 2024-2025: crescita delle vendite e dei prezzi delle abitazioni in Spagna<\/a><\/li>\n<\/ul><\/div><\/div>\n<\/div><div id=\"block-4\" class=\"widget widget-wrap mb-4 p-4 widget_block\">\n<div class=\"wp-block-group\"><div class=\"wp-block-group__inner-container is-layout-flow wp-block-group-is-layout-flow\">\n<h2 class=\"wp-block-heading\">Commenti recenti<\/h2>\n\n\n<div class=\"no-comments wp-block-latest-comments\">Nessun commento da mostrare.<\/div><\/div><\/div>\n<\/div><div id=\"archives-1\" class=\"widget widget-wrap mb-4 p-4 widget_archive\"><div class=\"widget-header\"><h3 class=\"widget-title mb-4\">Archivi<\/h3><\/div>\n\t\t\t<ul>\n\t\t\t\t\t<li><a href='https:\/\/www.habitaretail.com\/it\/2026\/02\/'>Febbraio 2026<\/a><\/li>\n\t<li><a href='https:\/\/www.habitaretail.com\/it\/2025\/05\/'>Maggio 2025<\/a><\/li>\n\t<li><a href='https:\/\/www.habitaretail.com\/it\/2024\/08\/'>Agosto 2024<\/a><\/li>\n\t<li><a href='https:\/\/www.habitaretail.com\/it\/2023\/09\/'>Settembre 2023<\/a><\/li>\n\t<li><a href='https:\/\/www.habitaretail.com\/it\/2023\/08\/'>Agosto 2023<\/a><\/li>\n\t\t\t<\/ul>\n\n\t\t\t<\/div><div id=\"categories-1\" class=\"widget widget-wrap mb-4 p-4 widget_categories\"><div class=\"widget-header\"><h3 class=\"widget-title mb-4\">Categorie<\/h3><\/div>\n\t\t\t<ul>\n\t\t\t\t\t<li class=\"cat-item cat-item-553\"><a href=\"https:\/\/www.habitaretail.com\/it\/category\/affari\/\">Affari<\/a>\n<\/li>\n\t<li class=\"cat-item cat-item-153\"><a href=\"https:\/\/www.habitaretail.com\/it\/category\/barcellona\/\">Barcellona<\/a>\n<\/li>\n\t<li class=\"cat-item cat-item-780\"><a href=\"https:\/\/www.habitaretail.com\/it\/category\/catalogna\/\">Catalogna<\/a>\n<\/li>\n\t<li class=\"cat-item cat-item-554\"><a href=\"https:\/\/www.habitaretail.com\/it\/category\/immobili-it\/\">Immobili<\/a>\n<\/li>\n\t<li class=\"cat-item cat-item-146\"><a href=\"https:\/\/www.habitaretail.com\/it\/category\/immobili\/\">Immobili<\/a>\n<\/li>\n\t<li class=\"cat-item cat-item-154\"><a href=\"https:\/\/www.habitaretail.com\/it\/category\/legale\/\">Legale<\/a>\n<\/li>\n\t<li class=\"cat-item cat-item-101\"><a href=\"https:\/\/www.habitaretail.com\/it\/category\/non-categorizzato\/\">Senza categoria<\/a>\n<\/li>\n\t\t\t<\/ul>\n\n\t\t\t<\/div>\t\t\t\t<\/div>\n\t\t\t\t<\/div>\n\t\t\t\t\t<\/div>\n\t\t\t\t<\/div>\n\t\t\t\t<\/div>\n\t\t","protected":false},"excerpt":{"rendered":"<p>Blog Scopri informazioni interessanti.<\/p>\n","protected":false},"author":7,"featured_media":0,"parent":0,"menu_order":0,"comment_status":"closed","ping_status":"closed","template":"template\/template-homepage.php","meta":{"_monsterinsights_skip_tracking":false,"_monsterinsights_sitenote_active":false,"_monsterinsights_sitenote_note":"","_monsterinsights_sitenote_category":0,"footnotes":""},"class_list":["post-49605","page","type-page","status-publish","hentry"],"_links":{"self":[{"href":"https:\/\/www.habitaretail.com\/it\/wp-json\/wp\/v2\/pages\/49605","targetHints":{"allow":["GET"]}}],"collection":[{"href":"https:\/\/www.habitaretail.com\/it\/wp-json\/wp\/v2\/pages"}],"about":[{"href":"https:\/\/www.habitaretail.com\/it\/wp-json\/wp\/v2\/types\/page"}],"author":[{"embeddable":true,"href":"https:\/\/www.habitaretail.com\/it\/wp-json\/wp\/v2\/users\/7"}],"replies":[{"embeddable":true,"href":"https:\/\/www.habitaretail.com\/it\/wp-json\/wp\/v2\/comments?post=49605"}],"version-history":[{"count":2,"href":"https:\/\/www.habitaretail.com\/it\/wp-json\/wp\/v2\/pages\/49605\/revisions"}],"predecessor-version":[{"id":51272,"href":"https:\/\/www.habitaretail.com\/it\/wp-json\/wp\/v2\/pages\/49605\/revisions\/51272"}],"wp:attachment":[{"href":"https:\/\/www.habitaretail.com\/it\/wp-json\/wp\/v2\/media?parent=49605"}],"curies":[{"name":"wp","href":"https:\/\/api.w.org\/{rel}","templated":true}]}}