{"id":62852,"date":"2026-04-26T20:05:10","date_gmt":"2026-04-26T18:05:10","guid":{"rendered":"https:\/\/www.habitaretail.com\/property\/bel-appartement-avec-poutres-en-bois-a-sagrada-familia\/"},"modified":"2026-04-26T20:05:49","modified_gmt":"2026-04-26T18:05:49","slug":"bel-appartement-avec-poutres-en-bois-a-sagrada-familia","status":"publish","type":"property","link":"https:\/\/www.habitaretail.com\/fr\/property\/bel-appartement-avec-poutres-en-bois-a-sagrada-familia\/","title":{"rendered":"Bel appartement avec poutres en bois \u00e0 Sagrada Familia"},"content":{"rendered":"\n<p><strong>Tr\u00e8s important :<br\/>LA DOCUMENTATION POUR L&#8217;ASSURANCE CONTRE LES IMPAY\u00c9S SERA DEMAND\u00c9E APR\u00c8S LA VISITE DE LA PROPRI\u00c9T\u00c9, NE L&#8217;ENVOYEZ PAS AVANT.<br\/>LES CANDIDATS QUI NE R\u00c9PONDENT PAS AUX EXIGENCES DOIVENT REFUSER DE PR\u00c9SENTER UNE CANDIDATURE.<\/strong><\/p>\n\n<p>HabitaRetail vous pr\u00e9sente en exclusivit\u00e9 cet <strong>appartement r\u00e9nov\u00e9 et meubl\u00e9<\/strong>, pr\u00eat \u00e0 emm\u00e9nager, dans le quartier de la Sagrada Fam\u00edlia (Eixample Derecho). 54 m\u00b2 selon le cadastre, 59 m\u00b2 avec les \u00e9l\u00e9ments communs.<br\/>Appartement int\u00e9rieur orient\u00e9 \u00e0 l&#8217;est, lumineux, malgr\u00e9 le fait qu&#8217;il soit au premier \u00e9tage. Compos\u00e9 d&#8217;un salon\/salle \u00e0 manger avec cuisine ouverte, 1 chambre \u00e0 coucher (tr\u00e8s grande avec lit double et 3 armoires, et table de bureau), et 1 salle de bain compl\u00e8te avec douche. Finca SANS APPEL, 1er \u00e9tage.<br\/>Cuisine enti\u00e8rement \u00e9quip\u00e9e : plaque de cuisson \u00e0 induction, hotte aspirante BALAY, lave-vaisselle CANDY, r\u00e9frig\u00e9rateur CANDY.<br\/>Lave-linge WHIRLPOOL.<br\/>Air conditionn\u00e9 par splits (1 unit\u00e9).<br\/>Appartement meubl\u00e9, sans mobilier.   <\/p>\n\n<p>3 minutes \u00e0 pied de la Basilique de la Sagrada Fam\u00edlia.<br\/>M\u00e9tro : L2 et L5 (Sagrada Fam\u00edlia).<br\/>Bus \u00e0 proximit\u00e9 : H10, V21, 34, D50 et N0 (nuit).<br\/>Gl\u00f2ries environ 10-15 min \u00e0 pied. Passeig de Gr\u00e0cia environ 20 min \u00e0 pied<br\/>Proche du m\u00e9tro, des bus et du march\u00e9 de la Sagrada Fam\u00edlia.  <\/p>\n\n<p><strong>Conditions de location<\/strong><br\/>&#8211; Contrat \u00e0 long terme de 5 ans<br\/>&#8211; Les animaux ne sont pas autoris\u00e9s<br\/>&#8211; Maximum 2 personnes<br\/>&#8211; IBI et frais de communaut\u00e9 inclus.<\/p>\n\n<p><strong>Conditions financi\u00e8res<\/strong><br\/>&#8211; 1 mois de caution + 2 mois de garantie suppl\u00e9mentaire (3 mois au total)<br\/>&#8211; Mois en cours<br\/>&#8211; Assurance habitation et entretien AA \u00e0 charge du locataire.<\/p>\n\n<p><strong>Informations l\u00e9gales pertinentes<\/strong><br\/>&#8211; PROPRI\u00c9T\u00c9 : PAS DE GRAND LOCATAIRE.<br\/>&#8211; Dernier loyer mis \u00e0 jour : 944,63 EUR\/mois. Cette information sera fournie aux fins de la r\u00e9glementation applicable dans une zone de march\u00e9 r\u00e9sidentiel tendu.<br\/>&#8211; Prix selon le syst\u00e8me de r\u00e9f\u00e9rence de l&#8217;Etat : 935,14 \u20ac\/mois.<br\/>&#8211; Certificat d&#8217;habitabilit\u00e9 valable jusqu&#8217;au 11\/02\/2030. R\u00e9f. CHB00342215***.<br\/>&#8211; Certificat d&#8217;efficacit\u00e9 \u00e9nerg\u00e9tique : cote D:20, E:116, r\u00e9f. 7BZ03Q***.  <br\/>Les derniers chiffres sont omis pour des raisons de s\u00e9curit\u00e9 et de protection de la propri\u00e9t\u00e9. Des r\u00e9f\u00e9rences compl\u00e8tes seront fournies aux candidats pr\u00e9s\u00e9lectionn\u00e9s avant toute livraison de quantit\u00e9 ou signature. <br\/>&#8211; Pas de frais d&#8217;interm\u00e9diation \u00e0 la charge du locataire<\/p>\n\n<p><strong>Documents \u00e0 fournir apr\u00e8s la visite du bien (pour l&#8217;ASSURANCE DE L&#8217;IMPAYE)<\/strong><br\/>&#8211; Contrat de travail en vigueur et \u00e0 dur\u00e9e ind\u00e9termin\u00e9e (anciennet\u00e9 minimale de 1 an)<br\/>&#8211; Trois derni\u00e8res fiches de paie<br\/>&#8211; Historique de l&#8217;emploi mis \u00e0 jour<br\/>&#8211; Derni\u00e8re d\u00e9claration d&#8217;imp\u00f4t sur le revenu<br\/>&#8211; Le CIRBE et l&#8217;ASNEF seront consult\u00e9s par le biais d&#8217;une autorisation sign\u00e9e.<\/p>\n\n<p><strong>NUM. AICAT : 12533 \/\/ NUM COLEG. ABOGADOS ICAB : 48200 ; NUM. COLEG. API : 4143 \/\/ NUM. COLEG. ADM. ADMINISTRATION NUM\u00c9RO DU COLL\u00c8GE : C-6857        <\/strong><\/p>\n\n<p>Si vous \u00eates propri\u00e9taire, contactez un service professionnel et exclusif chez HabitaRetail, vous ne le regretterez pas ! Nous vendrons ou louerons votre bien avec toutes les garanties, tant commerciales que l\u00e9gales.   Essayez-nous ! Plus de 20 ans d&#8217;exp\u00e9rience dans le secteur de l&#8217;immobilier sont notre garantie.<\/p>\n\n<p>Chez HabitaRetail, nous poursuivons notre mission qui consiste \u00e0 mettre en relation des personnes et des entreprises avec des espaces.<\/p>\n\n<p><\/p>\n","protected":false},"excerpt":{"rendered":"<p>Tr\u00e8s important :LA DOCUMENTATION POUR L&#8217;ASSURANCE CONTRE LES IMPAY\u00c9S SERA DEMAND\u00c9E APR\u00c8S LA VISITE DE LA PROPRI\u00c9T\u00c9, NE L&#8217;ENVOYEZ PAS AVANT.LES CANDIDATS QUI NE R\u00c9PONDENT PAS AUX EXIGENCES DOIVENT REFUSER DE PR\u00c9SENTER UNE CANDIDATURE. HabitaRetail vous pr\u00e9sente en exclusivit\u00e9 cet appartement r\u00e9nov\u00e9 et meubl\u00e9, pr\u00eat \u00e0 emm\u00e9nager, dans le quartier de la Sagrada Fam\u00edlia (Eixample [&hellip;]<\/p>\n","protected":false},"author":1,"featured_media":62716,"parent":0,"menu_order":0,"template":"","property_type":[267],"property_status":[597],"property_feature":[263,760,270,745,730,716,1113,1040,1052],"property_label":[985],"property_country":[],"property_state":[],"property_city":[269],"property_area":[759],"class_list":["post-62852","property","type-property","status-publish","has-post-thumbnail","hentry","property_type-plat","property_status-location","property_feature-appartement-entierement-meuble","property_feature-armoires-encastrees-fr","property_feature-climatisation","property_feature-cuisine-entierement-equipee","property_feature-cuisine-ouverte-ou-cuisine-en-ilot","property_feature-design-moderne-ou-contemporain","property_feature-grenier-ouvert","property_feature-pompe-a-chaleur-et-a-froid","property_feature-situation-centrale-2","property_label-services-habitainquilino","property_city-barcelone","property_area-sainte-famille"],"property_meta":{"_alp_processed":["1777226749"],"_last_translation_edit_mode":["translation-editor"],"_wpml_media_duplicate":["1"],"_wpml_media_featured":["1"],"fave_featured":["0"],"houzez_featured_listing_date":[""],"fave_property_images":["62713","62809","62731","62725","62773","62839","62767","62707","62737","62743","62749","62755","62761","62797","62779","62803","62785","62791","62719","62815","62821","62827","62833"],"fave_agent_display_option":["author_info"],"fave_single_top_area":["global"],"fave_single_content_area":["global"],"fave_property_price":["945"],"fave_property_price_postfix":["mois"],"fave_property_size":["54"],"fave_property_size_prefix":["m\u00b2"],"fave_property_bedrooms":["1"],"fave_property_bathrooms":["1"],"fave_property_id":["HR170"],"fave_property_map":["1"],"fave_property_map_address":["Carrer de Val\u00e8ncia, Barcelone, Espagne"],"fave_property_location":["41.403929656791,2.1780824291138,15"],"houzez_geolocation_lat":["41.403929656791"],"houzez_geolocation_long":["2.1780824291138"],"fave_property_map_street_view":["cacher"],"fave_prop_homeslider":["non"],"fave_energy_class":["D"],"fave_energy_global_index":["20"],"fave_renewable_energy_global_index":["116"],"fave_epc_current_rating":["E"],"fave_property_rooms":["1"],"_thumbnail_id":["62716"],"_wpml_word_count":["557"],"_eael_post_view_count":["4"],"houzez_total_property_views":["4"],"houzez_views_by_date":["a:2:{s:10:\"04-26-2026\";i:3;s:10:\"04-28-2026\";i:1;}"],"houzez_recently_viewed":["2026-04-28 17:57:34"],"_elementor_page_assets":["a:0:{}"]},"_links":{"self":[{"href":"https:\/\/www.habitaretail.com\/fr\/wp-json\/wp\/v2\/properties\/62852","targetHints":{"allow":["GET"]}}],"collection":[{"href":"https:\/\/www.habitaretail.com\/fr\/wp-json\/wp\/v2\/properties"}],"about":[{"href":"https:\/\/www.habitaretail.com\/fr\/wp-json\/wp\/v2\/types\/property"}],"author":[{"embeddable":true,"href":"https:\/\/www.habitaretail.com\/fr\/wp-json\/wp\/v2\/users\/1"}],"version-history":[{"count":1,"href":"https:\/\/www.habitaretail.com\/fr\/wp-json\/wp\/v2\/properties\/62852\/revisions"}],"predecessor-version":[{"id":62853,"href":"https:\/\/www.habitaretail.com\/fr\/wp-json\/wp\/v2\/properties\/62852\/revisions\/62853"}],"wp:featuredmedia":[{"embeddable":true,"href":"https:\/\/www.habitaretail.com\/fr\/wp-json\/wp\/v2\/media\/62716"}],"wp:attachment":[{"href":"https:\/\/www.habitaretail.com\/fr\/wp-json\/wp\/v2\/media?parent=62852"}],"wp:term":[{"taxonomy":"property_type","embeddable":true,"href":"https:\/\/www.habitaretail.com\/fr\/wp-json\/wp\/v2\/property_type?post=62852"},{"taxonomy":"property_status","embeddable":true,"href":"https:\/\/www.habitaretail.com\/fr\/wp-json\/wp\/v2\/property_status?post=62852"},{"taxonomy":"property_feature","embeddable":true,"href":"https:\/\/www.habitaretail.com\/fr\/wp-json\/wp\/v2\/property_feature?post=62852"},{"taxonomy":"property_label","embeddable":true,"href":"https:\/\/www.habitaretail.com\/fr\/wp-json\/wp\/v2\/property_label?post=62852"},{"taxonomy":"property_country","embeddable":true,"href":"https:\/\/www.habitaretail.com\/fr\/wp-json\/wp\/v2\/property_country?post=62852"},{"taxonomy":"property_state","embeddable":true,"href":"https:\/\/www.habitaretail.com\/fr\/wp-json\/wp\/v2\/property_state?post=62852"},{"taxonomy":"property_city","embeddable":true,"href":"https:\/\/www.habitaretail.com\/fr\/wp-json\/wp\/v2\/property_city?post=62852"},{"taxonomy":"property_area","embeddable":true,"href":"https:\/\/www.habitaretail.com\/fr\/wp-json\/wp\/v2\/property_area?post=62852"}],"curies":[{"name":"wp","href":"https:\/\/api.w.org\/{rel}","templated":true}]}}