{"id":61174,"date":"2026-03-17T12:51:29","date_gmt":"2026-03-17T11:51:29","guid":{"rendered":"https:\/\/www.habitaretail.com\/property\/fantastique-finca-a-la-seu-durgell\/"},"modified":"2026-03-17T12:51:52","modified_gmt":"2026-03-17T11:51:52","slug":"fantastique-finca-a-la-seu-durgell","status":"publish","type":"property","link":"https:\/\/www.habitaretail.com\/fr\/property\/fantastique-finca-a-la-seu-durgell\/","title":{"rendered":"Fantastique finca \u00e0 La Seu d&#8217;Urgell"},"content":{"rendered":"\n<p>HabitaRetail vous pr\u00e9sente cette propri\u00e9t\u00e9 unique \u00e0 La Seu d&#8217;Urgell, une propri\u00e9t\u00e9 avec sa propre identit\u00e9, compos\u00e9e de plusieurs b\u00e2timents ind\u00e9pendants et d&#8217;un grand espace ext\u00e9rieur, id\u00e9ale pour un usage r\u00e9sidentiel et pour ceux qui appr\u00e9cient un environnement priv\u00e9, polyvalent et avec une grande pr\u00e9sence.<\/p>\n\n<p>La propri\u00e9t\u00e9 se trouve sur une parcelle qui, pour les besoins du cadastre, combine des terres urbaines et rurales. Bien que la surface graphique cadastrale officielle soit de 2.612 m\u00b2, un r\u00e9cent relev\u00e9 topographique estime la surface totale r\u00e9elle \u00e0 2.781,85 m\u00b2. <\/p>\n\n<p>Le complexe a une surface b\u00e2tie totale de 707 m\u00b2, selon le cadastre, et se compose de plusieurs b\u00e2timents diff\u00e9renci\u00e9s qui apportent une grande richesse fonctionnelle \u00e0 la propri\u00e9t\u00e9.<\/p>\n\n<p>L&#8217;habitation principale, correspondant au b\u00e2timent 2, occupe une surface au sol de 217,19 m\u00b2 et se d\u00e9veloppe sur deux \u00e9tages. Selon les informations municipales, il s&#8217;agit d&#8217;une ancienne grange qui a \u00e9t\u00e9 enti\u00e8rement r\u00e9nov\u00e9e pour \u00eatre utilis\u00e9e comme habitation, pr\u00e9servant ainsi le caract\u00e8re original de la propri\u00e9t\u00e9 dans une configuration habitable et consolid\u00e9e. <\/p>\n\n<p>Le deuxi\u00e8me b\u00e2timent, connu sous le nom de Casa Vella ou b\u00e2timent 3, compte quatre \u00e9tages et une surface de 129,39 m\u00b2. Historiquement, il a servi de logement aux anciens propri\u00e9taires sur un \u00e9tage et aux medieros sur l&#8217;autre, le reste \u00e9tant utilis\u00e9 comme entrep\u00f4t, ce qui lui conf\u00e8re une valeur patrimoniale et une configuration uniques au sein de l&#8217;ensemble. <\/p>\n\n<p>La propri\u00e9t\u00e9 comprend \u00e9galement un entrep\u00f4t s\u00e9par\u00e9, le b\u00e2timent 1, de 48,65 m\u00b2 construit sur un seul niveau, une ancienne chapelle actuellement utilis\u00e9e comme entrep\u00f4t, ainsi qu&#8217;un grand b\u00e2timent \u00e0 usage de garage de 200 m\u00b2.<\/p>\n\n<p>A l&#8217;ext\u00e9rieur, le domaine offre un cadre particuli\u00e8rement attrayant, avec un vaste jardin de 1.314,46 m\u00b2, une piscine de 49,58 m\u00b2 et diff\u00e9rents acc\u00e8s et patios totalisant 819,51 m\u00b2. L&#8217;ensemble constitue une propri\u00e9t\u00e9 tr\u00e8s spacieuse, priv\u00e9e et offrant de multiples possibilit\u00e9s de jouissance. <\/p>\n\n<p>Il s&#8217;agit d&#8217;un domaine difficile \u00e0 trouver en termes de volume de construction, de diversit\u00e9 des b\u00e2timents et de qualit\u00e9 de l&#8217;espace ext\u00e9rieur, dans un cadre naturel privil\u00e9gi\u00e9 \u00e0 La Seu d&#8217;Urgell, avec de tr\u00e8s bonnes connexions avec l&#8217;Andorre et les Pyr\u00e9n\u00e9es.<\/p>\n\n<p>Pour plus d&#8217;informations ou pour organiser une visite, contactez HabitaRetail.<\/p>\n\n<p>Si vous \u00eates propri\u00e9taire, contactez un service professionnel et exclusif chez HabitaRetail, vous ne le regretterez pas ! Nous vendrons votre propri\u00e9t\u00e9 avec toutes les garanties, tant commerciales que l\u00e9gales.   Essayez-nous ! Plus de 20 ans d&#8217;exp\u00e9rience dans le secteur de l&#8217;immobilier sont notre garantie.<\/p>\n\n<p>Chez HabitaRetail, nous poursuivons notre mission qui consiste \u00e0 mettre en relation des personnes et des entreprises avec des espaces.<\/p>\n","protected":false},"excerpt":{"rendered":"<p>HabitaRetail vous pr\u00e9sente cette propri\u00e9t\u00e9 unique \u00e0 La Seu d&#8217;Urgell, une propri\u00e9t\u00e9 avec sa propre identit\u00e9, compos\u00e9e de plusieurs b\u00e2timents ind\u00e9pendants et d&#8217;un grand espace ext\u00e9rieur, id\u00e9ale pour un usage r\u00e9sidentiel et pour ceux qui appr\u00e9cient un environnement priv\u00e9, polyvalent et avec une grande pr\u00e9sence. La propri\u00e9t\u00e9 se trouve sur une parcelle qui, pour les [&hellip;]<\/p>\n","protected":false},"author":1,"featured_media":61134,"parent":0,"menu_order":0,"template":"","property_type":[234],"property_status":[233],"property_feature":[1024,760,837,880,1066,270,860,273,790,681,232,729,1025,764,687,623,714,791],"property_label":[434],"property_country":[],"property_state":[],"property_city":[1105],"property_area":[],"class_list":["post-61174","property","type-property","status-publish","has-post-thumbnail","hentry","property_type-maison-individuelle","property_status-vente","property_feature-alarme-anti-intrusion","property_feature-armoires-encastrees-fr","property_feature-chambres-spacieuses","property_feature-chauffage","property_feature-cheminee","property_feature-climatisation","property_feature-entrepot","property_feature-grande-terrasse-pour-les-repas-en-plein-air","property_feature-jardin-prive","property_feature-lumiere-naturelle","property_feature-piscine","property_feature-place-de-parking","property_feature-porte-automatique","property_feature-portes-de-securite","property_feature-salon-spacieux","property_feature-terrasse-fr","property_feature-vue-degagee-fr","property_feature-zone-calme-et-tranquille","property_label-habitabuyer-services","property_city-la-seu-durgell"],"property_meta":{"_alp_processed":["1773748313"],"_wpml_media_duplicate":["1"],"_wpml_media_featured":["1"],"fave_featured":["0"],"houzez_featured_listing_date":[""],"fave_property_images":["61143","61101","61137","61119","61089","61125","61047","61095","61149","61131","61113","61083","61053","61059","61065","61071","61077","61155","61161","61167","61107"],"fave_agent_display_option":["author_info"],"fave_single_top_area":["global"],"fave_single_content_area":["global"],"fave_property_price":["2600000"],"fave_property_sec_price":["3677"],"fave_property_size":["707"],"fave_property_size_prefix":["m\u00b2"],"fave_property_land":["2781,85"],"fave_property_land_postfix":["m\u00b2"],"fave_property_bedrooms":["5"],"fave_property_bathrooms":["3"],"fave_property_garage":["4"],"fave_property_year":["1988"],"fave_property_id":["HR157"],"fave_property_map":["1"],"fave_property_map_address":["Partida Sant Esteve, La Seu d'Urgell, Espagne"],"fave_property_location":["42.3569623,1.4508778,14"],"houzez_geolocation_lat":["42.3569623"],"houzez_geolocation_long":["1.4508778"],"fave_property_map_street_view":["cacher"],"fave_property_address":["La Seu d'Urgell"],"fave_prop_homeslider":["non"],"_thumbnail_id":["61134"],"_last_translation_edit_mode":["translation-editor"],"_wpml_word_count":["487"],"_eael_post_view_count":["28"],"houzez_total_property_views":["27"],"houzez_views_by_date":["a:22:{s:10:\"03-17-2026\";i:4;s:10:\"03-18-2026\";i:1;s:10:\"03-19-2026\";i:2;s:10:\"03-20-2026\";i:1;s:10:\"03-21-2026\";i:1;s:10:\"03-22-2026\";i:1;s:10:\"03-25-2026\";i:1;s:10:\"03-27-2026\";i:1;s:10:\"03-31-2026\";i:1;s:10:\"04-03-2026\";i:1;s:10:\"04-05-2026\";i:1;s:10:\"04-08-2026\";i:1;s:10:\"04-09-2026\";i:1;s:10:\"04-12-2026\";i:1;s:10:\"04-13-2026\";i:1;s:10:\"04-22-2026\";i:2;s:10:\"04-26-2026\";i:1;s:10:\"04-28-2026\";i:1;s:10:\"04-29-2026\";i:1;s:10:\"04-30-2026\";i:1;s:10:\"05-01-2026\";i:1;s:10:\"05-02-2026\";i:1;}"],"houzez_recently_viewed":["2026-05-02 11:55:24"],"_elementor_page_assets":["a:0:{}"]},"_links":{"self":[{"href":"https:\/\/www.habitaretail.com\/fr\/wp-json\/wp\/v2\/properties\/61174","targetHints":{"allow":["GET"]}}],"collection":[{"href":"https:\/\/www.habitaretail.com\/fr\/wp-json\/wp\/v2\/properties"}],"about":[{"href":"https:\/\/www.habitaretail.com\/fr\/wp-json\/wp\/v2\/types\/property"}],"author":[{"embeddable":true,"href":"https:\/\/www.habitaretail.com\/fr\/wp-json\/wp\/v2\/users\/1"}],"version-history":[{"count":1,"href":"https:\/\/www.habitaretail.com\/fr\/wp-json\/wp\/v2\/properties\/61174\/revisions"}],"predecessor-version":[{"id":61175,"href":"https:\/\/www.habitaretail.com\/fr\/wp-json\/wp\/v2\/properties\/61174\/revisions\/61175"}],"wp:featuredmedia":[{"embeddable":true,"href":"https:\/\/www.habitaretail.com\/fr\/wp-json\/wp\/v2\/media\/61134"}],"wp:attachment":[{"href":"https:\/\/www.habitaretail.com\/fr\/wp-json\/wp\/v2\/media?parent=61174"}],"wp:term":[{"taxonomy":"property_type","embeddable":true,"href":"https:\/\/www.habitaretail.com\/fr\/wp-json\/wp\/v2\/property_type?post=61174"},{"taxonomy":"property_status","embeddable":true,"href":"https:\/\/www.habitaretail.com\/fr\/wp-json\/wp\/v2\/property_status?post=61174"},{"taxonomy":"property_feature","embeddable":true,"href":"https:\/\/www.habitaretail.com\/fr\/wp-json\/wp\/v2\/property_feature?post=61174"},{"taxonomy":"property_label","embeddable":true,"href":"https:\/\/www.habitaretail.com\/fr\/wp-json\/wp\/v2\/property_label?post=61174"},{"taxonomy":"property_country","embeddable":true,"href":"https:\/\/www.habitaretail.com\/fr\/wp-json\/wp\/v2\/property_country?post=61174"},{"taxonomy":"property_state","embeddable":true,"href":"https:\/\/www.habitaretail.com\/fr\/wp-json\/wp\/v2\/property_state?post=61174"},{"taxonomy":"property_city","embeddable":true,"href":"https:\/\/www.habitaretail.com\/fr\/wp-json\/wp\/v2\/property_city?post=61174"},{"taxonomy":"property_area","embeddable":true,"href":"https:\/\/www.habitaretail.com\/fr\/wp-json\/wp\/v2\/property_area?post=61174"}],"curies":[{"name":"wp","href":"https:\/\/api.w.org\/{rel}","templated":true}]}}