{"id":59991,"date":"2026-01-17T12:01:13","date_gmt":"2026-01-17T11:01:13","guid":{"rendered":"https:\/\/www.habitaretail.com\/property\/magnifique-appartement-tres-lumineux-avec-terrasse\/"},"modified":"2026-02-25T17:22:35","modified_gmt":"2026-02-25T16:22:35","slug":"magnifique-appartement-tres-lumineux-avec-terrasse","status":"publish","type":"property","link":"https:\/\/www.habitaretail.com\/fr\/property\/magnifique-appartement-tres-lumineux-avec-terrasse\/","title":{"rendered":"Magnifique appartement tr\u00e8s lumineux avec terrasse"},"content":{"rendered":"\n<p class=\"has-text-align-left\">HabitaRetail vous pr\u00e9sente en exclusivit\u00e9 cette <strong>propri\u00e9t\u00e9 r\u00e9nov\u00e9e<\/strong> au Passeig de la Zona Franca, Barcelone. La propri\u00e9t\u00e9, r\u00e9cemment r\u00e9nov\u00e9e, a une surface construite <strong>de 88 m2<\/strong> selon le cadastre, chiffre qui inclut 10 m2 correspondant \u00e0 la participation aux \u00e9l\u00e9ments communs. <\/p>\n\n<p class=\"has-text-align-left\">Au <strong>sixi\u00e8me \u00e9tage<\/strong> avec ascenseur, il s&#8217;agit d&#8217;une propri\u00e9t\u00e9 ext\u00e9rieure tr\u00e8s lumineuse, avec une orientation qui favorise l&#8217;entr\u00e9e de la lumi\u00e8re naturelle et une terrasse avec des vues d\u00e9gag\u00e9es, un vrai luxe dans la ville de Barcelone.<\/p>\n\n<p class=\"has-text-align-left\">La partie jour offre un spacieux salon-salle \u00e0 manger avec acc\u00e8s direct \u00e0 la terrasse. La cuisine, ind\u00e9pendante et moderne, dispose d&#8217;une buanderie, parfaite pour la vie quotidienne. La distribution est compl\u00e9t\u00e9e par une salle de bain compl\u00e8te et deux chambres \u00e0 coucher plus une troisi\u00e8me pi\u00e8ce polyvalente, id\u00e9ale comme bureau, chambre individuelle ou dressing. La propri\u00e9t\u00e9 est \u00e9quip\u00e9e d&#8217;appareils \u00e9lectrom\u00e9nagers tels que lave-vaisselle, r\u00e9frig\u00e9rateur et lave-linge, et <strong>dispose de l&#8217;air conditionn\u00e9 et du chauffage par conduits internes<\/strong> (Mitsubishi).   <\/p>\n\n<p class=\"has-text-align-left\">Son emplacement est l&#8217;un de ses points forts : \u00e0 quelques minutes \u00e0 pied de la station de m\u00e9tro Foneria (L10 Sud), avec une connexion rapide \u00e0 la Zona Universitaria, Fira Gran Via et l&#8217;a\u00e9roport via L9\/L10, et entour\u00e9 d&#8217;arr\u00eats de bus (21, 23, V3, 88, 89, 109, N1) qui relient directement \u00e0 la Pla\u00e7a Espanya et au centre de Barcelone.<\/p>\n\n<p class=\"has-text-align-left\">Les environs offrent tous les services quotidiens : les supermarch\u00e9s Mercadona et Aldi sur le Passeig de la Zona Franca lui-m\u00eame, d&#8217;autres cha\u00eenes comme Consum dans la zone logistique et le grand centre de bricolage Bauhaus et Wala \u00e0 quelques minutes de marche. Le march\u00e9 de La Marina se trouve \u00e0 5 minutes \u00e0 pied. <\/p>\n\n<p class=\"has-text-align-left\">N&#8217;h\u00e9sitez pas \u00e0 nous contacter pour organiser une visite de cette magnifique propri\u00e9t\u00e9 propos\u00e9e par HabitaRetail. Nous avons d&#8217;autres propri\u00e9t\u00e9s dans notre portefeuille qui ne sont pas publi\u00e9es, n&#8217;h\u00e9sitez pas \u00e0 nous contacter si vous \u00eates \u00e0 la recherche d&#8217;une propri\u00e9t\u00e9 \u00e0 Barcelone. <\/p>\n\n<p class=\"has-text-align-left\">Si vous \u00eates propri\u00e9taire, contactez un service professionnel et exclusif chez HabitaRetail, vous ne le regretterez pas ! Nous vendrons votre propri\u00e9t\u00e9 avec toutes les garanties, tant commerciales que l\u00e9gales.   Essayez-nous ! Plus de 20 ans d&#8217;exp\u00e9rience dans le secteur de l&#8217;immobilier sont notre garantie.<\/p>\n\n<p class=\"has-text-align-left\">Chez HabitaRetail, nous poursuivons notre mission qui consiste \u00e0 mettre en relation des personnes et des entreprises avec des espaces.<\/p>\n\n<p><\/p>\n","protected":false},"excerpt":{"rendered":"<p>HabitaRetail vous pr\u00e9sente en exclusivit\u00e9 cette propri\u00e9t\u00e9 r\u00e9nov\u00e9e au Passeig de la Zona Franca, Barcelone. La propri\u00e9t\u00e9, r\u00e9cemment r\u00e9nov\u00e9e, a une surface construite de 88 m2 selon le cadastre, chiffre qui inclut 10 m2 correspondant \u00e0 la participation aux \u00e9l\u00e9ments communs. Au sixi\u00e8me \u00e9tage avec ascenseur, il s&#8217;agit d&#8217;une propri\u00e9t\u00e9 ext\u00e9rieure tr\u00e8s lumineuse, avec une [&hellip;]<\/p>\n","protected":false},"author":1,"featured_media":60572,"parent":0,"menu_order":0,"template":"","property_type":[267],"property_status":[233],"property_feature":[1024,684,270,745,716,1040,229,687,623,714],"property_label":[434],"property_country":[],"property_state":[],"property_city":[269],"property_area":[1077],"class_list":["post-59991","property","type-property","status-publish","has-post-thumbnail","hentry","property_type-plat","property_status-vente","property_feature-alarme-anti-intrusion","property_feature-ascenseur","property_feature-climatisation","property_feature-cuisine-entierement-equipee","property_feature-design-moderne-ou-contemporain","property_feature-pompe-a-chaleur-et-a-froid","property_feature-proche-des-services-locaux","property_feature-salon-spacieux","property_feature-terrasse-fr","property_feature-vue-degagee-fr","property_label-habitabuyer-services","property_city-barcelone","property_area-zone-de-libre-echange"],"property_meta":{"_alp_processed":["1772036555"],"_wpml_media_duplicate":["1"],"_wpml_media_featured":["1"],"fave_featured":["0"],"houzez_featured_listing_date":[""],"fave_property_images":["59944","59908","59884","59872","59878","59962","59920","59974","59914","59980","60557","60551","60545","60533","60563","60527","60539","60521"],"fave_agent_display_option":["author_info"],"fave_single_top_area":["global"],"fave_single_content_area":["global"],"houzez_geolocation_lat":["41.359916326286"],"houzez_geolocation_long":["2.1393349285584"],"_thumbnail_id":["60572"],"_last_translation_edit_mode":["translation-editor"],"_wpml_word_count":["431"],"_monsterinsights_sitenote_active":["0"],"houzez_manual_expire":["0"],"_houzez_expiration_date_status":["saved"],"_eael_post_view_count":["54"],"houzez_total_property_views":["52"],"houzez_views_by_date":["a:46:{s:10:\"01-17-2026\";i:2;s:10:\"01-18-2026\";i:2;s:10:\"01-19-2026\";i:1;s:10:\"01-20-2026\";i:1;s:10:\"01-21-2026\";i:1;s:10:\"01-22-2026\";i:1;s:10:\"01-26-2026\";i:2;s:10:\"01-27-2026\";i:1;s:10:\"01-28-2026\";i:1;s:10:\"02-01-2026\";i:1;s:10:\"02-02-2026\";i:1;s:10:\"02-03-2026\";i:1;s:10:\"02-05-2026\";i:1;s:10:\"02-07-2026\";i:1;s:10:\"02-09-2026\";i:1;s:10:\"02-11-2026\";i:2;s:10:\"02-13-2026\";i:1;s:10:\"02-18-2026\";i:1;s:10:\"02-21-2026\";i:1;s:10:\"02-22-2026\";i:2;s:10:\"02-26-2026\";i:1;s:10:\"02-28-2026\";i:1;s:10:\"03-02-2026\";i:1;s:10:\"03-04-2026\";i:1;s:10:\"03-05-2026\";i:1;s:10:\"03-10-2026\";i:1;s:10:\"03-11-2026\";i:1;s:10:\"03-12-2026\";i:1;s:10:\"03-14-2026\";i:1;s:10:\"03-16-2026\";i:1;s:10:\"03-17-2026\";i:1;s:10:\"03-20-2026\";i:2;s:10:\"03-24-2026\";i:1;s:10:\"03-28-2026\";i:1;s:10:\"04-02-2026\";i:1;s:10:\"04-06-2026\";i:1;s:10:\"04-08-2026\";i:1;s:10:\"04-09-2026\";i:1;s:10:\"04-10-2026\";i:1;s:10:\"04-12-2026\";i:1;s:10:\"04-14-2026\";i:1;s:10:\"04-17-2026\";i:1;s:10:\"04-18-2026\";i:1;s:10:\"04-22-2026\";i:1;s:10:\"04-26-2026\";i:1;s:10:\"04-27-2026\";i:1;}"],"houzez_recently_viewed":["2026-04-28 01:33:10"],"_wpml_media_has_media":["1"],"fave_property_price":["329000"],"fave_property_sec_price":["4217"],"fave_property_price_postfix":["m\u00b2"],"fave_property_size":["78"],"fave_property_size_prefix":["m\u00b2"],"fave_property_bedrooms":["3"],"fave_property_bathrooms":["1"],"fave_property_year":["1974"],"fave_property_id":["HR145"],"fave_property_map":["1"],"fave_property_map_address":["Passeig de la Zona Franca, Barcelone, Espagne"],"fave_property_location":["41.359916326286,2.1393349285584,15"],"fave_property_map_street_view":["cacher"],"fave_prop_homeslider":["non"],"fave_energy_class":["E"],"fave_energy_global_index":["155"],"fave_renewable_energy_global_index":["32"],"fave_epc_current_rating":["E"],"fave_property_rooms":["3"],"_elementor_page_assets":["a:0:{}"]},"_links":{"self":[{"href":"https:\/\/www.habitaretail.com\/fr\/wp-json\/wp\/v2\/properties\/59991","targetHints":{"allow":["GET"]}}],"collection":[{"href":"https:\/\/www.habitaretail.com\/fr\/wp-json\/wp\/v2\/properties"}],"about":[{"href":"https:\/\/www.habitaretail.com\/fr\/wp-json\/wp\/v2\/types\/property"}],"author":[{"embeddable":true,"href":"https:\/\/www.habitaretail.com\/fr\/wp-json\/wp\/v2\/users\/1"}],"version-history":[{"count":2,"href":"https:\/\/www.habitaretail.com\/fr\/wp-json\/wp\/v2\/properties\/59991\/revisions"}],"predecessor-version":[{"id":60001,"href":"https:\/\/www.habitaretail.com\/fr\/wp-json\/wp\/v2\/properties\/59991\/revisions\/60001"}],"wp:featuredmedia":[{"embeddable":true,"href":"https:\/\/www.habitaretail.com\/fr\/wp-json\/wp\/v2\/media\/60572"}],"wp:attachment":[{"href":"https:\/\/www.habitaretail.com\/fr\/wp-json\/wp\/v2\/media?parent=59991"}],"wp:term":[{"taxonomy":"property_type","embeddable":true,"href":"https:\/\/www.habitaretail.com\/fr\/wp-json\/wp\/v2\/property_type?post=59991"},{"taxonomy":"property_status","embeddable":true,"href":"https:\/\/www.habitaretail.com\/fr\/wp-json\/wp\/v2\/property_status?post=59991"},{"taxonomy":"property_feature","embeddable":true,"href":"https:\/\/www.habitaretail.com\/fr\/wp-json\/wp\/v2\/property_feature?post=59991"},{"taxonomy":"property_label","embeddable":true,"href":"https:\/\/www.habitaretail.com\/fr\/wp-json\/wp\/v2\/property_label?post=59991"},{"taxonomy":"property_country","embeddable":true,"href":"https:\/\/www.habitaretail.com\/fr\/wp-json\/wp\/v2\/property_country?post=59991"},{"taxonomy":"property_state","embeddable":true,"href":"https:\/\/www.habitaretail.com\/fr\/wp-json\/wp\/v2\/property_state?post=59991"},{"taxonomy":"property_city","embeddable":true,"href":"https:\/\/www.habitaretail.com\/fr\/wp-json\/wp\/v2\/property_city?post=59991"},{"taxonomy":"property_area","embeddable":true,"href":"https:\/\/www.habitaretail.com\/fr\/wp-json\/wp\/v2\/property_area?post=59991"}],"curies":[{"name":"wp","href":"https:\/\/api.w.org\/{rel}","templated":true}]}}