{"id":36970,"date":"2024-08-11T12:33:28","date_gmt":"2024-08-11T10:33:28","guid":{"rendered":"https:\/\/www.habitaretail.com\/property\/nouveau-developpement-residentiel-marenostrum-pres-de-la-mer\/"},"modified":"2025-09-17T14:01:03","modified_gmt":"2025-09-17T12:01:03","slug":"nouveau-developpement-residentiel-marenostrum-pres-de-la-mer","status":"publish","type":"property","link":"https:\/\/www.habitaretail.com\/fr\/property\/nouveau-developpement-residentiel-marenostrum-pres-de-la-mer\/","title":{"rendered":"Nouveau lotissement \u00e0 proximit\u00e9 de la mer et du nouveau canal \u00e0 Badalona"},"content":{"rendered":"\n<p><strong>HabitaRetail <\/strong>pr\u00e9sente un projet embl\u00e9matique situ\u00e9 \u00e0 Badalona, \u00e0 seulement 3 km de Barcelone. Ce projet offre une opportunit\u00e9 unique pour ceux qui recherchent une maison dans un environnement privil\u00e9gi\u00e9, avec un acc\u00e8s direct aux meilleures plages et des vues spectaculaires sur la M\u00e9diterran\u00e9e. <\/p>\n\n<h4 class=\"wp-block-heading has-medium-font-size\">Un projet unique<\/h4>\n\n<p>Il se compose de 206 maisons soigneusement con\u00e7ues, r\u00e9parties en plusieurs blocs, avec des options de 2, 3 et 4 chambres \u00e0 coucher. Chacun de ces logements a \u00e9t\u00e9 construit pour offrir un maximum de confort, avec de grands espaces, des terrasses priv\u00e9es et une orientation optimale pour profiter au maximum de la lumi\u00e8re naturelle. <\/p>\n\n<h3 class=\"wp-block-heading has-medium-font-size\">Qualit\u00e9s Premium<\/h3>\n\n<p>Dans ce projet, chaque d\u00e9tail a \u00e9t\u00e9 m\u00e9ticuleusement s\u00e9lectionn\u00e9 pour garantir une exp\u00e9rience de vie sup\u00e9rieure. Les maisons se distinguent par leurs <strong>finitions luxueuses<\/strong> et leur <strong>technologie de pointe<\/strong>: <\/p>\n\n<ul class=\"wp-block-list\">\n<li><strong>Cuisines haut de gamme<\/strong>: \u00e9quip\u00e9es de plans de travail Silestone, d&#8217;appareils Bosch haut de gamme et d&#8217;\u00e9l\u00e9ments de cuisine avec syst\u00e8mes d&#8217;ouverture int\u00e9gr\u00e9s, alliant fonctionnalit\u00e9 et design moderne.<\/li>\n\n\n\n<li><strong>Salles de bains modernes et \u00e9l\u00e9gantes<\/strong>: Robinetterie Roca, robinets Tres et finitions Silestone. Douches avec robinets thermostatiques et baignoires en fibre, garantissant un confort maximal. <\/li>\n\n\n\n<li><strong>Efficacit\u00e9 \u00e9nerg\u00e9tique<\/strong>: syst\u00e8me de climatisation a\u00e9rothermique qui utilise l&#8217;\u00e9nergie de l&#8217;air ext\u00e9rieur pour chauffer et refroidir la maison, ce qui r\u00e9duit consid\u00e9rablement la consommation d&#8217;\u00e9nergie et les \u00e9missions de CO2.<\/li>\n\n\n\n<li><strong>Menuiserie int\u00e9rieure et ext\u00e9rieure<\/strong>: portes laqu\u00e9es blanches \u00e0 fermeture progressive, armoires encastr\u00e9es avec finitions en m\u00e9lamine, fen\u00eatres en aluminium avec rupture de pont thermique et double vitrage pour une excellente isolation thermique et acoustique.<\/li>\n\n\n\n<li><strong>Rev\u00eatements de sol et sols<\/strong>: Parquet multicouche dans les pi\u00e8ces \u00e0 vivre et les chambres \u00e0 coucher, et gr\u00e8s c\u00e9rame \u00e0 haute r\u00e9sistance dans les cuisines et les salles de bains.<\/li>\n\n\n\n<li><strong>\u00c9clairage et technologie<\/strong>: \u00e9clairage LED dans toute la maison, avec la possibilit\u00e9 d&#8217;incorporer une technologie domotique pour contr\u00f4ler les lumi\u00e8res, les stores et la temp\u00e9rature par le biais d&#8217;applications mobiles.<\/li>\n\n\n\n<li><strong>Buanderie s\u00e9par\u00e9e<\/strong>: Un \u00e9l\u00e9ment distinctif dans chaque maison, con\u00e7u pour faciliter les t\u00e2ches m\u00e9nag\u00e8res, avec un espace pour le lave-linge, le s\u00e8che-linge et des rangements suppl\u00e9mentaires.<\/li>\n<\/ul>\n\n<h3 class=\"wp-block-heading has-medium-font-size\">Espaces communs<\/h3>\n\n<p>En plus des maisons de luxe, il offre des <strong>espaces communs<\/strong> con\u00e7us pour le bien-\u00eatre et l&#8217;agr\u00e9ment de ses r\u00e9sidents :<\/p>\n\n<ul class=\"wp-block-list\">\n<li><strong>Piscines communes<\/strong>: Deux piscines situ\u00e9es sur les toits, avec des espaces paysagers et des dalles flottantes en bois, id\u00e9ales pour se d\u00e9tendre et profiter du soleil.<\/li>\n\n\n\n<li><strong>Aire de jeux<\/strong>: aire de jeux s\u00fbre et bien \u00e9quip\u00e9e pour les petits, entour\u00e9e d&#8217;espaces verts.<\/li>\n\n\n\n<li><strong>Garage et locaux de stockage<\/strong>: des places de stationnement spacieuses avec pr\u00e9-installation pour le chargement des v\u00e9hicules \u00e9lectriques et des locaux de stockage avec des finitions durables et s\u00fbres.<\/li>\n<\/ul>\n\n<h3 class=\"wp-block-heading has-medium-font-size\">Types de logements disponibles<\/h3>\n\n<p>Nous disposons de diff\u00e9rents types de biens immobiliers pour r\u00e9pondre aux besoins vari\u00e9s des acheteurs les plus exigeants. N&#8217;h\u00e9sitez pas \u00e0 nous interroger sur les HAUTEURS ET ORIENTATIONS ! Exemples :  <\/p>\n\n<p><strong>1. appartement dans le bloc 1, escalier A, 1er \u00e9tage, 2\u00e8me \u00e9tage, 2\u00e8me porte<\/strong><\/p>\n\n<ul class=\"wp-block-list\">\n<li><strong>Surface int\u00e9rieure :<\/strong> 90,27 m\u00b2<\/li>\n\n\n\n<li><strong>Surface b\u00e2tie ext\u00e9rieure :<\/strong> 6,07 m\u00b2.<\/li>\n\n\n\n<li><strong>Surface totale b\u00e2tie :<\/strong> 96,34 m\u00b2.<\/li>\n\n\n\n<li><strong>Surface ext\u00e9rieure non couverte :<\/strong> 94,24<\/li>\n\n\n\n<li><strong>Am\u00e9nagement :<\/strong> 3 chambres et 2 salles de bains<\/li>\n\n\n\n<li><strong>Prix :<\/strong> 547.000 \u20ac + TVA (garage non compris)<\/li>\n<\/ul>\n\n<hr class=\"wp-block-separator has-alpha-channel-opacity\"\/>\n\n<p><strong>2. Appartement dans le bloc 1, escalier B, 4e \u00e9tage, porte B<\/strong><\/p>\n\n<ul class=\"wp-block-list\">\n<li><strong>Surface int\u00e9rieure :<\/strong> 125,44 m\u00b2<\/li>\n\n\n\n<li><strong>Surface b\u00e2tie ext\u00e9rieure :<\/strong> 13,23 m\u00b2.<\/li>\n\n\n\n<li><strong>Surface totale b\u00e2tie :<\/strong> 138,67 m\u00b2.<\/li>\n\n\n\n<li><strong>Surface ext\u00e9rieure non couverte :<\/strong> 32,44 m\u00b2.<\/li>\n\n\n\n<li><strong>Disposition :<\/strong> 4 chambres et 2 salles de bains<\/li>\n\n\n\n<li><strong>Prix :<\/strong> 694.000 \u20ac + TVA (garage non compris)<\/li>\n<\/ul>\n\n<hr class=\"wp-block-separator has-alpha-channel-opacity\"\/>\n\n<p><strong>3. Appartement dans le bloc 3, escalier B, 1er \u00e9tage, porte A<\/strong><\/p>\n\n<ul class=\"wp-block-list\">\n<li><strong>Surface int\u00e9rieure :<\/strong> 120,54 m\u00b2<\/li>\n\n\n\n<li><strong>Surface ext\u00e9rieure construite :<\/strong> 22,50 m\u00b2.<\/li>\n\n\n\n<li><strong>Surface totale construite :<\/strong> 143,04 m\u00b2.<\/li>\n\n\n\n<li><strong>Disposition :<\/strong> 4 chambres et 2 salles de bains<\/li>\n\n\n\n<li><strong>Prix :<\/strong> 622.500 \u20ac + TVA (garage non compris)<\/li>\n<\/ul>\n\n<hr class=\"wp-block-separator has-alpha-channel-opacity\"\/>\n\n<h3 class=\"wp-block-heading has-medium-font-size\">Un environnement de luxe<\/h3>\n\n<p>Situ\u00e9 dans un endroit privil\u00e9gi\u00e9 \u00e0 c\u00f4t\u00e9 du canal du port de Badalona, ce projet offre un style de vie unique, avec la tranquillit\u00e9 du littoral m\u00e9diterran\u00e9en et la proximit\u00e9 de Barcelone.<\/p>\n\n<h3 class=\"wp-block-heading has-medium-font-size\">Contact avec HabitaRetail<\/h3>\n\n<p>Ne manquez pas l&#8217;occasion de faire partie de cette communaut\u00e9 exclusive. Contactez <strong>HabitaRetail<\/strong>, votre agence immobili\u00e8re de r\u00e9f\u00e9rence, pour plus d&#8217;informations sur la disponibilit\u00e9 des biens ou pour organiser une visite priv\u00e9e de l&#8217;appartement t\u00e9moin. <\/p>\n\n<p>Nous attendons avec impatience votre r\u00e9ponse !<\/p>\n\n<p><\/p>\n\n<p><\/p>\n","protected":false},"excerpt":{"rendered":"<p>HabitaRetail pr\u00e9sente un projet embl\u00e9matique situ\u00e9 \u00e0 Badalona, \u00e0 seulement 3 km de Barcelone. Ce projet offre une opportunit\u00e9 unique pour ceux qui recherchent une maison dans un environnement privil\u00e9gi\u00e9, avec un acc\u00e8s direct aux meilleures plages et des vues spectaculaires sur la M\u00e9diterran\u00e9e. Un projet unique Il se compose de 206 maisons soigneusement con\u00e7ues, [&hellip;]<\/p>\n","protected":false},"author":1,"featured_media":44830,"parent":0,"menu_order":0,"template":"","property_type":[516,267],"property_status":[233],"property_feature":[270,231,273,683,459,275],"property_label":[434,521],"property_country":[],"property_state":[],"property_city":[272],"property_area":[],"class_list":["post-36970","property","type-property","status-publish","has-post-thumbnail","hentry","property_type-nouvelle-construction","property_type-plat","property_status-vente","property_feature-climatisation","property_feature-cuisine-moderne-entierement-equipee","property_feature-grande-terrasse-pour-les-repas-en-plein-air","property_feature-parquet","property_feature-portier-video","property_feature-vue-sur-la-mer","property_label-habitabuyer-services","property_label-nouvelle-construction","property_city-badalona-fr"],"property_meta":{"rank_math_internal_links_processed":["1"],"_alp_processed":["1758110463"],"_wpml_media_duplicate":["1"],"_wpml_media_featured":["1"],"fave_featured":["0"],"houzez_featured_listing_date":[""],"fave_property_images":["36948","36942","44440","44433","44427","44421","44415","44409","44385","44379","44361","44373","44367","44271","44265","44259","44253","44241","44773","44779","44803","44851","44815","44821","44833","44839","44845"],"fave_single_top_area":["global"],"fave_single_content_area":["global"],"houzez_geolocation_lat":["41.4379872"],"houzez_geolocation_long":["2.2369472"],"_thumbnail_id":["44830"],"_last_translation_edit_mode":["translation-editor"],"_eael_post_view_count":["305"],"houzez_total_property_views":["270"],"houzez_views_by_date":["a:61:{s:10:\"11-14-2025\";i:1;s:10:\"11-16-2025\";i:1;s:10:\"11-17-2025\";i:1;s:10:\"11-19-2025\";i:1;s:10:\"11-21-2025\";i:3;s:10:\"11-22-2025\";i:1;s:10:\"11-30-2025\";i:2;s:10:\"12-03-2025\";i:1;s:10:\"12-04-2025\";i:1;s:10:\"12-05-2025\";i:5;s:10:\"12-12-2025\";i:1;s:10:\"12-14-2025\";i:2;s:10:\"12-18-2025\";i:1;s:10:\"12-21-2025\";i:1;s:10:\"12-23-2025\";i:1;s:10:\"12-25-2025\";i:1;s:10:\"01-01-2026\";i:3;s:10:\"01-02-2026\";i:3;s:10:\"01-03-2026\";i:2;s:10:\"01-04-2026\";i:1;s:10:\"01-05-2026\";i:1;s:10:\"01-06-2026\";i:1;s:10:\"01-07-2026\";i:2;s:10:\"01-09-2026\";i:1;s:10:\"01-16-2026\";i:1;s:10:\"01-21-2026\";i:1;s:10:\"01-23-2026\";i:1;s:10:\"01-26-2026\";i:1;s:10:\"01-27-2026\";i:1;s:10:\"01-28-2026\";i:2;s:10:\"01-29-2026\";i:1;s:10:\"02-03-2026\";i:1;s:10:\"02-07-2026\";i:1;s:10:\"02-08-2026\";i:1;s:10:\"02-12-2026\";i:1;s:10:\"02-16-2026\";i:1;s:10:\"02-19-2026\";i:1;s:10:\"02-21-2026\";i:1;s:10:\"02-25-2026\";i:1;s:10:\"03-03-2026\";i:1;s:10:\"03-06-2026\";i:1;s:10:\"03-08-2026\";i:1;s:10:\"03-16-2026\";i:2;s:10:\"03-17-2026\";i:1;s:10:\"03-18-2026\";i:1;s:10:\"03-21-2026\";i:1;s:10:\"03-25-2026\";i:2;s:10:\"03-28-2026\";i:1;s:10:\"03-29-2026\";i:1;s:10:\"03-30-2026\";i:1;s:10:\"04-02-2026\";i:1;s:10:\"04-04-2026\";i:1;s:10:\"04-07-2026\";i:1;s:10:\"04-11-2026\";i:1;s:10:\"04-14-2026\";i:1;s:10:\"04-15-2026\";i:1;s:10:\"04-17-2026\";i:1;s:10:\"04-19-2026\";i:1;s:10:\"04-21-2026\";i:1;s:10:\"04-24-2026\";i:1;s:10:\"04-26-2026\";i:1;}"],"houzez_recently_viewed":["2026-04-26 22:37:59"],"_wpml_media_has_media":["1"],"_monsterinsights_sitenote_active":["0"],"houzez_manual_expire":["0"],"_houzez_expiration_date_status":["saved"],"rank_math_analytic_object_id":["469"],"_wpml_word_count":["792"],"fave_agent_display_option":["author_info"],"fave_property_price":["547500"],"fave_property_price_prefix":["De"],"fave_property_size":["A partir de 90 m2"],"fave_property_bedrooms":["3,4"],"fave_property_bathrooms":["2"],"fave_property_garage":["Oui, non inclus dans le prix"],"fave_property_year":["2025"],"fave_property_id":["HR042"],"fave_property_map":["1"],"fave_property_map_address":["Carrer del Progr\u00e9s, Badalona, Espagne"],"fave_property_location":["41.4379872,2.2369472,15"],"fave_property_map_street_view":["cacher"],"fave_property_address":["Progres186 Badalona"],"fave_prop_homeslider":["non"],"fave_energy_class":["A"],"additional_features":["a:1:{i:0;a:2:{s:29:\"fave_additional_feature_title\";s:32:\"2 garages avec achat obligatoire\";s:29:\"fave_additional_feature_value\";s:32:\"\u00c0 partir de 17 000 \u20ac l'unit\u00e9\";}}"],"fave_property_rooms":["3,4"],"_elementor_page_assets":["a:0:{}"]},"_links":{"self":[{"href":"https:\/\/www.habitaretail.com\/fr\/wp-json\/wp\/v2\/properties\/36970","targetHints":{"allow":["GET"]}}],"collection":[{"href":"https:\/\/www.habitaretail.com\/fr\/wp-json\/wp\/v2\/properties"}],"about":[{"href":"https:\/\/www.habitaretail.com\/fr\/wp-json\/wp\/v2\/types\/property"}],"author":[{"embeddable":true,"href":"https:\/\/www.habitaretail.com\/fr\/wp-json\/wp\/v2\/users\/1"}],"version-history":[{"count":2,"href":"https:\/\/www.habitaretail.com\/fr\/wp-json\/wp\/v2\/properties\/36970\/revisions"}],"predecessor-version":[{"id":52975,"href":"https:\/\/www.habitaretail.com\/fr\/wp-json\/wp\/v2\/properties\/36970\/revisions\/52975"}],"wp:featuredmedia":[{"embeddable":true,"href":"https:\/\/www.habitaretail.com\/fr\/wp-json\/wp\/v2\/media\/44830"}],"wp:attachment":[{"href":"https:\/\/www.habitaretail.com\/fr\/wp-json\/wp\/v2\/media?parent=36970"}],"wp:term":[{"taxonomy":"property_type","embeddable":true,"href":"https:\/\/www.habitaretail.com\/fr\/wp-json\/wp\/v2\/property_type?post=36970"},{"taxonomy":"property_status","embeddable":true,"href":"https:\/\/www.habitaretail.com\/fr\/wp-json\/wp\/v2\/property_status?post=36970"},{"taxonomy":"property_feature","embeddable":true,"href":"https:\/\/www.habitaretail.com\/fr\/wp-json\/wp\/v2\/property_feature?post=36970"},{"taxonomy":"property_label","embeddable":true,"href":"https:\/\/www.habitaretail.com\/fr\/wp-json\/wp\/v2\/property_label?post=36970"},{"taxonomy":"property_country","embeddable":true,"href":"https:\/\/www.habitaretail.com\/fr\/wp-json\/wp\/v2\/property_country?post=36970"},{"taxonomy":"property_state","embeddable":true,"href":"https:\/\/www.habitaretail.com\/fr\/wp-json\/wp\/v2\/property_state?post=36970"},{"taxonomy":"property_city","embeddable":true,"href":"https:\/\/www.habitaretail.com\/fr\/wp-json\/wp\/v2\/property_city?post=36970"},{"taxonomy":"property_area","embeddable":true,"href":"https:\/\/www.habitaretail.com\/fr\/wp-json\/wp\/v2\/property_area?post=36970"}],"curies":[{"name":"wp","href":"https:\/\/api.w.org\/{rel}","templated":true}]}}