{"id":36842,"date":"2024-08-08T17:38:57","date_gmt":"2024-08-08T15:38:57","guid":{"rendered":"https:\/\/www.habitaretail.com\/property\/investitionsmoeglichkeit-baugrundstueck-in-vinaros-fuer-4-wohneinheiten-posib-9\/"},"modified":"2024-08-08T18:44:22","modified_gmt":"2024-08-08T16:44:22","slug":"investitionsmoeglichkeit-baugrundstueck-in-vinaros-fuer-4-wohneinheiten-posib-9","status":"publish","type":"property","link":"https:\/\/www.habitaretail.com\/de\/property\/investitionsmoeglichkeit-baugrundstueck-in-vinaros-fuer-4-wohneinheiten-posib-9\/","title":{"rendered":"Investitionsm\u00f6glichkeit: Baugrundst\u00fcck in Vinar\u00f2s f\u00fcr 4 Wohneinheiten (posib. 9)"},"content":{"rendered":"\n<p>Baugrundst\u00fcck zum Verkauf in der Calle del Casc N\u00ba 16, Vinar\u00f2s.\nDas Grundst\u00fcck hat eine hervorragende Lage, nur 7 Autominuten vom Stadtzentrum von Vinar\u00f2s und 2 Minuten von der alten Nationalstra\u00dfe 340 (heute N-340A) entfernt, die Benicarl\u00f3 und Pe\u00f1\u00edscola im S\u00fcden und Barcelona im Norden verbindet.\nNur 5 Minuten zu Fu\u00df entfernt liegt der Strand Campanar von Vinar\u00f2s (bekannt als Barco-Strand) und andere, privatere Buchten.  <\/p>\n\n<p>Dieses Grundst\u00fcck, das in einer ruhigen Gegend liegt und von Einfamilienh\u00e4usern umgeben ist, bietet eine Gesamtfl\u00e4che von 2155,56 m\u00b2, von denen 1920,56 m\u00b2 bebaubar sind.\nEs ist ideal f\u00fcr den Bau von Reihenh\u00e4usern, Sommerresidenzen, Einfamilienh\u00e4usern oder Villen.\nDas Grundst\u00fcck ist als st\u00e4dtisches Bauland klassifiziert, in der Zone f\u00fcr Einfamilienh\u00e4user (ZU-6), mit einer maximal bebaubaren Fl\u00e4che von 0,50 m\u00b2\/m\u00b2 und einer maximalen H\u00f6he von 2 Stockwerken \u00fcber dem Boden.  <\/p>\n\n<p>Es k\u00f6nnen bis zu 4 Einfamilienh\u00e4user gebaut werden, jedes mit einer Mindestgrundst\u00fccksgr\u00f6\u00dfe von 400 m\u00b2 und einer bebauten Fl\u00e4che von bis zu 200 m\u00b2 auf zwei Etagen.\nDie maximale Grundst\u00fccksausnutzung betr\u00e4gt 50% und es ist ein Abstand von 4 Metern von der vorderen Grenze und 3 Metern von der seitlichen und hinteren Grenze erforderlich.\nEs besteht die M\u00f6glichkeit, eine Detailstudie zu erstellen, um die Mindestgrundst\u00fccksgr\u00f6\u00dfe auf 200 m\u00b2 zu \u00e4ndern und die Zahl der Wohnungen auf ungef\u00e4hr 8-9 zu erh\u00f6hen, wobei die Gr\u00f6\u00dfe reduziert wird.  <\/p>\n\n<p>Das Grundst\u00fcck verf\u00fcgt \u00fcber Wegerechte und Bew\u00e4sserungsdienstbarkeiten, die bei der Planung der bebaubaren Fl\u00e4chen ber\u00fccksichtigt wurden, um diese Rechte nicht zu beeintr\u00e4chtigen.\nDie 235,04 m\u00b2, die von Stra\u00dfen betroffen sind, wurden ebenfalls ber\u00fccksichtigt, um ein funktionales Design zu gew\u00e4hrleisten, das die geltenden Vorschriften respektiert. <\/p>\n","protected":false},"excerpt":{"rendered":"<p>Baugrundst\u00fcck zum Verkauf in der Calle del Casc N\u00ba 16, Vinar\u00f2s. Das Grundst\u00fcck hat eine hervorragende Lage, nur 7 Autominuten vom Stadtzentrum von Vinar\u00f2s und 2 Minuten von der alten Nationalstra\u00dfe 340 (heute N-340A) entfernt, die Benicarl\u00f3 und Pe\u00f1\u00edscola im S\u00fcden und Barcelona im Norden verbindet. Nur 5 Minuten zu Fu\u00df entfernt liegt der Strand [&hellip;]<\/p>\n","protected":false},"author":1,"featured_media":36802,"parent":0,"menu_order":0,"template":"","property_type":[407],"property_status":[173],"property_feature":[],"property_label":[239],"property_country":[],"property_state":[],"property_city":[552],"property_area":[],"class_list":["post-36842","property","type-property","status-publish","has-post-thumbnail","hentry","property_type-grundstueck","property_status-verkauf","property_label-retailexpansionsdienstleistungen","property_city-vinaroz-de"],"property_meta":{"rank_math_internal_links_processed":["1"],"_alp_processed":["1723135462"],"_wpml_media_duplicate":["1"],"_wpml_media_featured":["1"],"fave_featured":["0"],"houzez_featured_listing_date":[""],"fave_property_images":["36792","36798","36804","36822","36828"],"fave_single_top_area":["global"],"fave_single_content_area":["global"],"fave_property_price":["198000 \u20ac"],"fave_property_sec_price":["91.88"],"fave_property_price_postfix":["m2"],"fave_property_size":["2155.56"],"fave_property_size_prefix":["m2"],"fave_property_land_postfix":["1920.56 bebaubar"],"fave_property_id":["HR041"],"fave_property_map":["1"],"fave_property_map_address":["Carrer del Casc, 16, Vinar\u00f2s, Spanien"],"fave_property_location":["40.4905084,0.4864313,18"],"houzez_geolocation_lat":["40.4905084"],"houzez_geolocation_long":["0.4864313"],"fave_property_map_street_view":["ausblenden"],"fave_property_address":["del casc 6 Vinar\u00f2s"],"fave_prop_homeslider":["keine"],"_thumbnail_id":["36802"],"_last_translation_edit_mode":["translation-editor"],"_wpml_media_has_media":["1"],"_monsterinsights_sitenote_active":["0"],"houzez_manual_expire":["0"],"_houzez_expiration_date_status":["saved"],"rank_math_analytic_object_id":["370"],"_eael_post_view_count":["265"],"houzez_total_property_views":["234"],"houzez_views_by_date":["a:61:{s:10:\"10-14-2025\";i:1;s:10:\"10-18-2025\";i:2;s:10:\"10-19-2025\";i:1;s:10:\"10-23-2025\";i:1;s:10:\"10-29-2025\";i:1;s:10:\"11-01-2025\";i:1;s:10:\"11-05-2025\";i:1;s:10:\"11-07-2025\";i:1;s:10:\"11-10-2025\";i:1;s:10:\"11-12-2025\";i:1;s:10:\"11-14-2025\";i:1;s:10:\"11-16-2025\";i:1;s:10:\"11-17-2025\";i:1;s:10:\"11-18-2025\";i:1;s:10:\"11-25-2025\";i:1;s:10:\"11-27-2025\";i:1;s:10:\"11-30-2025\";i:1;s:10:\"12-11-2025\";i:1;s:10:\"12-23-2025\";i:1;s:10:\"12-26-2025\";i:1;s:10:\"01-05-2026\";i:1;s:10:\"01-07-2026\";i:1;s:10:\"01-10-2026\";i:1;s:10:\"01-13-2026\";i:1;s:10:\"01-14-2026\";i:1;s:10:\"01-17-2026\";i:1;s:10:\"01-19-2026\";i:1;s:10:\"01-24-2026\";i:1;s:10:\"01-28-2026\";i:1;s:10:\"02-02-2026\";i:1;s:10:\"02-04-2026\";i:1;s:10:\"02-06-2026\";i:1;s:10:\"02-08-2026\";i:1;s:10:\"02-11-2026\";i:1;s:10:\"02-17-2026\";i:1;s:10:\"02-26-2026\";i:1;s:10:\"03-01-2026\";i:1;s:10:\"03-06-2026\";i:1;s:10:\"03-08-2026\";i:1;s:10:\"03-13-2026\";i:1;s:10:\"03-18-2026\";i:1;s:10:\"03-19-2026\";i:1;s:10:\"03-22-2026\";i:1;s:10:\"03-25-2026\";i:1;s:10:\"03-27-2026\";i:1;s:10:\"03-31-2026\";i:1;s:10:\"04-03-2026\";i:1;s:10:\"04-05-2026\";i:1;s:10:\"04-07-2026\";i:1;s:10:\"04-09-2026\";i:1;s:10:\"04-10-2026\";i:1;s:10:\"04-11-2026\";i:1;s:10:\"04-12-2026\";i:1;s:10:\"04-13-2026\";i:1;s:10:\"04-14-2026\";i:2;s:10:\"04-18-2026\";i:1;s:10:\"04-19-2026\";i:1;s:10:\"04-21-2026\";i:1;s:10:\"04-23-2026\";i:1;s:10:\"04-24-2026\";i:1;s:10:\"04-26-2026\";i:2;}"],"houzez_recently_viewed":["2026-04-26 22:22:08"],"fave_agent_display_option":["author_info"],"_elementor_page_assets":["a:0:{}"]},"_links":{"self":[{"href":"https:\/\/www.habitaretail.com\/de\/wp-json\/wp\/v2\/properties\/36842","targetHints":{"allow":["GET"]}}],"collection":[{"href":"https:\/\/www.habitaretail.com\/de\/wp-json\/wp\/v2\/properties"}],"about":[{"href":"https:\/\/www.habitaretail.com\/de\/wp-json\/wp\/v2\/types\/property"}],"author":[{"embeddable":true,"href":"https:\/\/www.habitaretail.com\/de\/wp-json\/wp\/v2\/users\/1"}],"version-history":[{"count":0,"href":"https:\/\/www.habitaretail.com\/de\/wp-json\/wp\/v2\/properties\/36842\/revisions"}],"wp:featuredmedia":[{"embeddable":true,"href":"https:\/\/www.habitaretail.com\/de\/wp-json\/wp\/v2\/media\/36802"}],"wp:attachment":[{"href":"https:\/\/www.habitaretail.com\/de\/wp-json\/wp\/v2\/media?parent=36842"}],"wp:term":[{"taxonomy":"property_type","embeddable":true,"href":"https:\/\/www.habitaretail.com\/de\/wp-json\/wp\/v2\/property_type?post=36842"},{"taxonomy":"property_status","embeddable":true,"href":"https:\/\/www.habitaretail.com\/de\/wp-json\/wp\/v2\/property_status?post=36842"},{"taxonomy":"property_feature","embeddable":true,"href":"https:\/\/www.habitaretail.com\/de\/wp-json\/wp\/v2\/property_feature?post=36842"},{"taxonomy":"property_label","embeddable":true,"href":"https:\/\/www.habitaretail.com\/de\/wp-json\/wp\/v2\/property_label?post=36842"},{"taxonomy":"property_country","embeddable":true,"href":"https:\/\/www.habitaretail.com\/de\/wp-json\/wp\/v2\/property_country?post=36842"},{"taxonomy":"property_state","embeddable":true,"href":"https:\/\/www.habitaretail.com\/de\/wp-json\/wp\/v2\/property_state?post=36842"},{"taxonomy":"property_city","embeddable":true,"href":"https:\/\/www.habitaretail.com\/de\/wp-json\/wp\/v2\/property_city?post=36842"},{"taxonomy":"property_area","embeddable":true,"href":"https:\/\/www.habitaretail.com\/de\/wp-json\/wp\/v2\/property_area?post=36842"}],"curies":[{"name":"wp","href":"https:\/\/api.w.org\/{rel}","templated":true}]}}