{"id":49617,"date":"2025-08-26T10:16:27","date_gmt":"2025-08-26T08:16:27","guid":{"rendered":"https:\/\/www.habitaretail.com\/elementor-49589\/"},"modified":"2025-09-30T13:01:50","modified_gmt":"2025-09-30T11:01:50","slug":"elementor-49589","status":"publish","type":"page","link":"https:\/\/www.habitaretail.com\/de\/elementor-49589\/","title":{"rendered":"Blog"},"content":{"rendered":"\t\t<div data-elementor-type=\"wp-page\" data-elementor-id=\"49617\" class=\"elementor elementor-49617 elementor-49589\" data-elementor-post-type=\"page\">\n\t\t\t\t<div class=\"elementor-element elementor-element-78e267d e-flex e-con-boxed e-con e-parent\" data-id=\"78e267d\" data-element_type=\"container\" data-e-type=\"container\" data-settings=\"{&quot;background_background&quot;:&quot;classic&quot;}\">\n\t\t\t\t\t<div class=\"e-con-inner\">\n\t\t\t\t\t<\/div>\n\t\t\t\t<\/div>\n\t\t<div class=\"elementor-element elementor-element-353c0c0a e-flex e-con-boxed e-con e-parent\" data-id=\"353c0c0a\" data-element_type=\"container\" data-e-type=\"container\" data-settings=\"{&quot;background_background&quot;:&quot;classic&quot;}\">\n\t\t\t\t\t<div class=\"e-con-inner\">\n\t\t<div class=\"elementor-element elementor-element-69fefca e-flex e-con-boxed e-con e-child\" data-id=\"69fefca\" data-element_type=\"container\" data-e-type=\"container\">\n\t\t\t\t\t<div class=\"e-con-inner\">\n\t\t\t\t<div class=\"elementor-element elementor-element-67f87a60 elementor-widget__width-auto elementor-widget elementor-widget-heading\" data-id=\"67f87a60\" data-element_type=\"widget\" data-e-type=\"widget\" data-widget_type=\"heading.default\">\n\t\t\t\t<div class=\"elementor-widget-container\">\n\t\t\t\t\t<h2 class=\"elementor-heading-title elementor-size-default\">Blog<\/h2>\t\t\t\t<\/div>\n\t\t\t\t<\/div>\n\t\t\t\t<div class=\"elementor-element elementor-element-7979975e elementor-widget__width-initial elementor-widget-mobile__width-inherit elementor-widget elementor-widget-text-editor\" data-id=\"7979975e\" data-element_type=\"widget\" data-e-type=\"widget\" data-widget_type=\"text-editor.default\">\n\t\t\t\t<div class=\"elementor-widget-container\">\n\t\t\t\t\t\t\t\t\t<p>Entdecken Sie interessante Informationen.<\/p>\t\t\t\t\t\t\t\t<\/div>\n\t\t\t\t<\/div>\n\t\t\t\t\t<\/div>\n\t\t\t\t<\/div>\n\t\t\t\t\t<\/div>\n\t\t\t\t<\/div>\n\t\t<div class=\"elementor-element elementor-element-1bc08baa e-flex e-con-boxed e-con e-parent\" data-id=\"1bc08baa\" data-element_type=\"container\" data-e-type=\"container\">\n\t\t\t\t\t<div class=\"e-con-inner\">\n\t\t\t\t<div class=\"elementor-element elementor-element-326c6926 elementor-widget__width-initial elementor-grid-3 elementor-grid-tablet-2 elementor-grid-mobile-1 elementor-posts--thumbnail-top elementor-widget elementor-widget-posts\" data-id=\"326c6926\" data-element_type=\"widget\" data-e-type=\"widget\" data-settings=\"{&quot;pagination_type&quot;:&quot;numbers&quot;,&quot;classic_columns&quot;:&quot;3&quot;,&quot;classic_columns_tablet&quot;:&quot;2&quot;,&quot;classic_columns_mobile&quot;:&quot;1&quot;,&quot;classic_row_gap&quot;:{&quot;unit&quot;:&quot;px&quot;,&quot;size&quot;:35,&quot;sizes&quot;:[]},&quot;classic_row_gap_tablet&quot;:{&quot;unit&quot;:&quot;px&quot;,&quot;size&quot;:&quot;&quot;,&quot;sizes&quot;:[]},&quot;classic_row_gap_mobile&quot;:{&quot;unit&quot;:&quot;px&quot;,&quot;size&quot;:&quot;&quot;,&quot;sizes&quot;:[]}}\" data-widget_type=\"posts.classic\">\n\t\t\t\t<div class=\"elementor-widget-container\">\n\t\t\t\t\t\t\t<div class=\"elementor-posts-container elementor-posts elementor-posts--skin-classic elementor-grid\" role=\"list\">\n\t\t\t\t<article class=\"elementor-post elementor-grid-item post-60643 post type-post status-publish format-standard has-post-thumbnail hentry category-unkategorisiert\" role=\"listitem\">\n\t\t\t\t<a class=\"elementor-post__thumbnail__link\" href=\"https:\/\/www.habitaretail.com\/de\/bewohnen-oder-verkaufen\/\" tabindex=\"-1\" >\n\t\t\t<div class=\"elementor-post__thumbnail\"><img fetchpriority=\"high\" decoding=\"async\" width=\"768\" height=\"367\" src=\"https:\/\/www.habitaretail.com\/wp-content\/uploads\/2026\/02\/Duda-Habita-o-Retail-1-scaled.jpg\" class=\"attachment-medium_large size-medium_large wp-image-60640\" alt=\"\" srcset=\"https:\/\/www.habitaretail.com\/wp-content\/uploads\/2026\/02\/Duda-Habita-o-Retail-1-scaled.jpg 2560w, https:\/\/www.habitaretail.com\/wp-content\/uploads\/2026\/02\/Duda-Habita-o-Retail-1-1536x734.jpg 1536w, https:\/\/www.habitaretail.com\/wp-content\/uploads\/2026\/02\/Duda-Habita-o-Retail-1-2048x979.jpg 2048w\" sizes=\"(max-width: 768px) 100vw, 768px\" \/><\/div>\n\t\t<\/a>\n\t\t\t\t<div class=\"elementor-post__text\">\n\t\t\t\t<h3 class=\"elementor-post__title\">\n\t\t\t<a href=\"https:\/\/www.habitaretail.com\/de\/bewohnen-oder-verkaufen\/\" >\n\t\t\t\tWohnen oder Verkaufen: Wie k\u00f6nnen Sie Ihre Immobilien in Barcelona im Jahr 2026 optimieren?\t\t\t<\/a>\n\t\t<\/h3>\n\t\t\t\t<div class=\"elementor-post__meta-data\">\n\t\t\t\t\t<span class=\"elementor-post-date\">\n\t\t\t15. Februar 2026\t\t<\/span>\n\t\t\t\t<\/div>\n\t\t\t\t<div class=\"elementor-post__excerpt\">\n\t\t\t<p>Eine Immobilie in Barcelona zu besitzen ist ein Privileg, aber sie im Jahr 2026 zu verwalten ist eine technische Herausforderung. Die Frage, die wir in unserem B\u00fcro in Via Augusta t\u00e4glich erhalten, lautet nicht nur &#8220;Was ist meine Immobilie wert?&#8221;, sondern auch &#8220;Welches Betriebsmodell ist heute am sichersten? Bei HabitaRetail<\/p>\n\t\t<\/div>\n\t\t\n\t\t<a class=\"elementor-post__read-more\" href=\"https:\/\/www.habitaretail.com\/de\/bewohnen-oder-verkaufen\/\" aria-label=\"Mehr \u00fcber Wohnen oder Verkaufen: Wie k\u00f6nnen Sie Ihre Immobilien in Barcelona im Jahr 2026 optimieren?\" tabindex=\"-1\" >\n\t\t\tMehr lesen \"\t\t<\/a>\n\n\t\t\t\t<\/div>\n\t\t\t\t<\/article>\n\t\t\t\t<article class=\"elementor-post elementor-grid-item post-60600 post type-post status-publish format-standard has-post-thumbnail hentry category-barcelona-de category-business category-unkategorisiert\" role=\"listitem\">\n\t\t\t\t<a class=\"elementor-post__thumbnail__link\" href=\"https:\/\/www.habitaretail.com\/de\/investieren-in-barcelona-2026-kaufen-oder-warten\/\" tabindex=\"-1\" >\n\t\t\t<div class=\"elementor-post__thumbnail\"><img decoding=\"async\" width=\"768\" height=\"367\" src=\"https:\/\/www.habitaretail.com\/wp-content\/uploads\/2026\/02\/Foto-post-Barcelona-scaled.jpg\" class=\"attachment-medium_large size-medium_large wp-image-60613\" alt=\"\" srcset=\"https:\/\/www.habitaretail.com\/wp-content\/uploads\/2026\/02\/Foto-post-Barcelona-scaled.jpg 2560w, https:\/\/www.habitaretail.com\/wp-content\/uploads\/2026\/02\/Foto-post-Barcelona-1536x734.jpg 1536w, https:\/\/www.habitaretail.com\/wp-content\/uploads\/2026\/02\/Foto-post-Barcelona-2048x979.jpg 2048w\" sizes=\"(max-width: 768px) 100vw, 768px\" \/><\/div>\n\t\t<\/a>\n\t\t\t\t<div class=\"elementor-post__text\">\n\t\t\t\t<h3 class=\"elementor-post__title\">\n\t\t\t<a href=\"https:\/\/www.habitaretail.com\/de\/investieren-in-barcelona-2026-kaufen-oder-warten\/\" >\n\t\t\t\tInvestieren in Barcelona 2026: Kaufen oder warten?\t\t\t<\/a>\n\t\t<\/h3>\n\t\t\t\t<div class=\"elementor-post__meta-data\">\n\t\t\t\t\t<span class=\"elementor-post-date\">\n\t\t\t15. Februar 2026\t\t<\/span>\n\t\t\t\t<\/div>\n\t\t\t\t<div class=\"elementor-post__excerpt\">\n\t\t\t<p>Auf dem Immobilienmarkt von Barcelona zahlen diejenigen, die zu lange warten, oft f\u00fcr die Unentschlossenheit der anderen. Nach einem Jahr 2025, das von der Anpassung an die neuen Wohnungsbauregelungen in Katalonien und der Stabilisierung der Zinss\u00e4tze gepr\u00e4gt war, beginnt das Jahr 2026 mit einer klaren Frage: Ist der Backstein in<\/p>\n\t\t<\/div>\n\t\t\n\t\t<a class=\"elementor-post__read-more\" href=\"https:\/\/www.habitaretail.com\/de\/investieren-in-barcelona-2026-kaufen-oder-warten\/\" aria-label=\"Mehr \u00fcber Investieren in Barcelona 2026: Kaufen oder warten?\" tabindex=\"-1\" >\n\t\t\tMehr lesen \"\t\t<\/a>\n\n\t\t\t\t<\/div>\n\t\t\t\t<\/article>\n\t\t\t\t<article class=\"elementor-post elementor-grid-item post-44630 post type-post status-publish format-standard has-post-thumbnail hentry category-rechtliches category-katalonien category-unkategorisiert\" role=\"listitem\">\n\t\t\t\t<a class=\"elementor-post__thumbnail__link\" href=\"https:\/\/www.habitaretail.com\/de\/gesetzesdekret-2-2025-die-neuen-dringenden-massnahmen-der-generalitat-mit-auswirkungen-auf-den-katalanischen-immobilienmarkt\/\" tabindex=\"-1\" >\n\t\t\t<div class=\"elementor-post__thumbnail\"><img decoding=\"async\" width=\"768\" height=\"367\" src=\"https:\/\/www.habitaretail.com\/wp-content\/uploads\/2025\/05\/Generalitat2-768x367.jpg\" class=\"attachment-medium_large size-medium_large wp-image-44619\" alt=\"\" srcset=\"https:\/\/www.habitaretail.com\/wp-content\/uploads\/2025\/05\/Generalitat2-768x367.jpg 768w, https:\/\/www.habitaretail.com\/wp-content\/uploads\/2025\/05\/Generalitat2-300x143.jpg 300w, https:\/\/www.habitaretail.com\/wp-content\/uploads\/2025\/05\/Generalitat2-1024x490.jpg 1024w, https:\/\/www.habitaretail.com\/wp-content\/uploads\/2025\/05\/Generalitat2-1536x734.jpg 1536w, https:\/\/www.habitaretail.com\/wp-content\/uploads\/2025\/05\/Generalitat2-2048x979.jpg 2048w, https:\/\/www.habitaretail.com\/wp-content\/uploads\/2025\/05\/Generalitat2-1255x600.jpg 1255w, https:\/\/www.habitaretail.com\/wp-content\/uploads\/2025\/05\/Generalitat2-496x237.jpg 496w\" sizes=\"(max-width: 768px) 100vw, 768px\" \/><\/div>\n\t\t<\/a>\n\t\t\t\t<div class=\"elementor-post__text\">\n\t\t\t\t<h3 class=\"elementor-post__title\">\n\t\t\t<a href=\"https:\/\/www.habitaretail.com\/de\/gesetzesdekret-2-2025-die-neuen-dringenden-massnahmen-der-generalitat-mit-auswirkungen-auf-den-katalanischen-immobilienmarkt\/\" >\n\t\t\t\tGesetzesdekret 2\/2025: Die neuen dringenden Ma\u00dfnahmen der Generalitat mit Auswirkungen auf den katalanischen Immobilienmarkt\t\t\t<\/a>\n\t\t<\/h3>\n\t\t\t\t<div class=\"elementor-post__meta-data\">\n\t\t\t\t\t<span class=\"elementor-post-date\">\n\t\t\t27. Mai 2025\t\t<\/span>\n\t\t\t\t<\/div>\n\t\t\t\t<div class=\"elementor-post__excerpt\">\n\t\t\t<p>1. ein neues Paket mit dringenden Ma\u00dfnahmen f\u00fcr den Wohnungsbau und die Stadtplanung Obwohl die Generalitat keinen Haushalt f\u00fcr 2025 genehmigt hat, hat sie sich f\u00fcr eine Notverordnung entschieden, die Sofortma\u00dfnahmen mit Strukturreformen kombiniert. Das Gesetzesdekret 2\/2025 umfasst Ma\u00dfnahmen in f\u00fcnf Hauptbl\u00f6cken: 2. was \u00e4ndert sich mit dem Gesetzesdekret 2\/2025?<\/p>\n\t\t<\/div>\n\t\t\n\t\t<a class=\"elementor-post__read-more\" href=\"https:\/\/www.habitaretail.com\/de\/gesetzesdekret-2-2025-die-neuen-dringenden-massnahmen-der-generalitat-mit-auswirkungen-auf-den-katalanischen-immobilienmarkt\/\" aria-label=\"Mehr \u00fcber Gesetzesdekret 2\/2025: Die neuen dringenden Ma\u00dfnahmen der Generalitat mit Auswirkungen auf den katalanischen Immobilienmarkt\" tabindex=\"-1\" >\n\t\t\tMehr lesen \"\t\t<\/a>\n\n\t\t\t\t<\/div>\n\t\t\t\t<\/article>\n\t\t\t\t<article class=\"elementor-post elementor-grid-item post-37175 post type-post status-publish format-standard has-post-thumbnail hentry category-business category-liegenschaften-de\" role=\"listitem\">\n\t\t\t\t<a class=\"elementor-post__thumbnail__link\" href=\"https:\/\/www.habitaretail.com\/de\/die-auswirkungen-der-mietobergrenze-in-katalonien-und-ihr-zusammenhang-mit-dem-anstieg-der-immobilienkaeufe\/\" tabindex=\"-1\" >\n\t\t\t<div class=\"elementor-post__thumbnail\"><img loading=\"lazy\" decoding=\"async\" width=\"768\" height=\"432\" src=\"https:\/\/www.habitaretail.com\/wp-content\/uploads\/2024\/08\/2-3-768x432.jpg\" class=\"attachment-medium_large size-medium_large wp-image-37166\" alt=\"\" srcset=\"https:\/\/www.habitaretail.com\/wp-content\/uploads\/2024\/08\/2-3-768x432.jpg 768w, https:\/\/www.habitaretail.com\/wp-content\/uploads\/2024\/08\/2-3-300x169.jpg 300w, https:\/\/www.habitaretail.com\/wp-content\/uploads\/2024\/08\/2-3-1024x576.jpg 1024w, https:\/\/www.habitaretail.com\/wp-content\/uploads\/2024\/08\/2-3-1067x600.jpg 1067w, https:\/\/www.habitaretail.com\/wp-content\/uploads\/2024\/08\/2-3-496x279.jpg 496w, https:\/\/www.habitaretail.com\/wp-content\/uploads\/2024\/08\/2-3.jpg 1366w\" sizes=\"(max-width: 768px) 100vw, 768px\" \/><\/div>\n\t\t<\/a>\n\t\t\t\t<div class=\"elementor-post__text\">\n\t\t\t\t<h3 class=\"elementor-post__title\">\n\t\t\t<a href=\"https:\/\/www.habitaretail.com\/de\/die-auswirkungen-der-mietobergrenze-in-katalonien-und-ihr-zusammenhang-mit-dem-anstieg-der-immobilienkaeufe\/\" >\n\t\t\t\tDie Auswirkungen der Mietobergrenze in Katalonien und ihr Zusammenhang mit dem Anstieg der Immobilienk\u00e4ufe\t\t\t<\/a>\n\t\t<\/h3>\n\t\t\t\t<div class=\"elementor-post__meta-data\">\n\t\t\t\t\t<span class=\"elementor-post-date\">\n\t\t\t25. August 2024\t\t<\/span>\n\t\t\t\t<\/div>\n\t\t\t\t<div class=\"elementor-post__excerpt\">\n\t\t\t<p>In Katalonien hat die Umsetzung des Gesetzes zur Regulierung der Mietpreise in angespannten Gebieten eine bemerkenswerte Ver\u00e4nderung der Dynamik des Immobilienmarktes bewirkt. Seit der Umsetzung dieser Verordnung ist ein erheblicher R\u00fcckgang des Angebots an Mietwohnungen zu beobachten, insbesondere in Ballungsr\u00e4umen wie Barcelona. Dieser Angebotsr\u00fcckgang hat zusammen mit der hohen Nachfrage<\/p>\n\t\t<\/div>\n\t\t\n\t\t<a class=\"elementor-post__read-more\" href=\"https:\/\/www.habitaretail.com\/de\/die-auswirkungen-der-mietobergrenze-in-katalonien-und-ihr-zusammenhang-mit-dem-anstieg-der-immobilienkaeufe\/\" aria-label=\"Mehr \u00fcber Die Auswirkungen der Mietobergrenze in Katalonien und ihr Zusammenhang mit dem Anstieg der Immobilienk\u00e4ufe\" tabindex=\"-1\" >\n\t\t\tMehr lesen \"\t\t<\/a>\n\n\t\t\t\t<\/div>\n\t\t\t\t<\/article>\n\t\t\t\t<article class=\"elementor-post elementor-grid-item post-37176 post type-post status-publish format-standard has-post-thumbnail hentry category-liegenschaften\" role=\"listitem\">\n\t\t\t\t<a class=\"elementor-post__thumbnail__link\" href=\"https:\/\/www.habitaretail.com\/de\/immobilienausblick-2024-2025-wachstum-der-wohnungsverkaeufe-und-preise-in-spanien\/\" tabindex=\"-1\" >\n\t\t\t<div class=\"elementor-post__thumbnail\"><img loading=\"lazy\" decoding=\"async\" width=\"768\" height=\"432\" src=\"https:\/\/www.habitaretail.com\/wp-content\/uploads\/2024\/08\/1-3-768x432.jpg\" class=\"attachment-medium_large size-medium_large wp-image-37156\" alt=\"\" srcset=\"https:\/\/www.habitaretail.com\/wp-content\/uploads\/2024\/08\/1-3-768x432.jpg 768w, https:\/\/www.habitaretail.com\/wp-content\/uploads\/2024\/08\/1-3-300x169.jpg 300w, https:\/\/www.habitaretail.com\/wp-content\/uploads\/2024\/08\/1-3-1024x576.jpg 1024w, https:\/\/www.habitaretail.com\/wp-content\/uploads\/2024\/08\/1-3-1067x600.jpg 1067w, https:\/\/www.habitaretail.com\/wp-content\/uploads\/2024\/08\/1-3-496x279.jpg 496w, https:\/\/www.habitaretail.com\/wp-content\/uploads\/2024\/08\/1-3.jpg 1366w\" sizes=\"(max-width: 768px) 100vw, 768px\" \/><\/div>\n\t\t<\/a>\n\t\t\t\t<div class=\"elementor-post__text\">\n\t\t\t\t<h3 class=\"elementor-post__title\">\n\t\t\t<a href=\"https:\/\/www.habitaretail.com\/de\/immobilienausblick-2024-2025-wachstum-der-wohnungsverkaeufe-und-preise-in-spanien\/\" >\n\t\t\t\tImmobilienausblick 2024-2025: Wachstum der Wohnungsverk\u00e4ufe und Preise in Spanien\t\t\t<\/a>\n\t\t<\/h3>\n\t\t\t\t<div class=\"elementor-post__meta-data\">\n\t\t\t\t\t<span class=\"elementor-post-date\">\n\t\t\t25. August 2024\t\t<\/span>\n\t\t\t\t<\/div>\n\t\t\t\t<div class=\"elementor-post__excerpt\">\n\t\t\t<p>Der Immobilienmarkt in Spanien zeigt weiterhin positive Anzeichen f\u00fcr ein Wachstum in den kommenden Jahren, angetrieben von der wirtschaftlichen Erholung und den sinkenden Zinsen in der Eurozone. Laut dem j\u00fcngsten Bericht des BBVA Real Estate Observatory (August 2024) wird die Nachfrage nach Wohnimmobilien voraussichtlich weiter steigen, was zusammen mit der<\/p>\n\t\t<\/div>\n\t\t\n\t\t<a class=\"elementor-post__read-more\" href=\"https:\/\/www.habitaretail.com\/de\/immobilienausblick-2024-2025-wachstum-der-wohnungsverkaeufe-und-preise-in-spanien\/\" aria-label=\"Mehr \u00fcber Immobilienausblick 2024-2025: Wachstum der Wohnungsverk\u00e4ufe und Preise in Spanien\" tabindex=\"-1\" >\n\t\t\tMehr lesen \"\t\t<\/a>\n\n\t\t\t\t<\/div>\n\t\t\t\t<\/article>\n\t\t\t\t<article class=\"elementor-post elementor-grid-item post-25174 post type-post status-publish format-standard has-post-thumbnail hentry category-liegenschaften category-rechtliches tag-familienhaus tag-liegenschaften tag-luxus tag-saisonale-vermietung tag-wohnung\" role=\"listitem\">\n\t\t\t\t<a class=\"elementor-post__thumbnail__link\" href=\"https:\/\/www.habitaretail.com\/de\/neues-wohnungsbaugesetz-in-spanien\/\" tabindex=\"-1\" >\n\t\t\t<div class=\"elementor-post__thumbnail\"><img loading=\"lazy\" decoding=\"async\" width=\"768\" height=\"512\" src=\"https:\/\/www.habitaretail.com\/wp-content\/uploads\/2023\/09\/juez-subasta-concepto-bienes-raices-modelo-casa-mazo-libros-derecho-768x512.jpg\" class=\"attachment-medium_large size-medium_large wp-image-24027\" alt=\"\" srcset=\"https:\/\/www.habitaretail.com\/wp-content\/uploads\/2023\/09\/juez-subasta-concepto-bienes-raices-modelo-casa-mazo-libros-derecho-768x512.jpg 768w, https:\/\/www.habitaretail.com\/wp-content\/uploads\/2023\/09\/juez-subasta-concepto-bienes-raices-modelo-casa-mazo-libros-derecho-300x200.jpg 300w, https:\/\/www.habitaretail.com\/wp-content\/uploads\/2023\/09\/juez-subasta-concepto-bienes-raices-modelo-casa-mazo-libros-derecho-1024x683.jpg 1024w, https:\/\/www.habitaretail.com\/wp-content\/uploads\/2023\/09\/juez-subasta-concepto-bienes-raices-modelo-casa-mazo-libros-derecho-1536x1024.jpg 1536w, https:\/\/www.habitaretail.com\/wp-content\/uploads\/2023\/09\/juez-subasta-concepto-bienes-raices-modelo-casa-mazo-libros-derecho-2048x1365.jpg 2048w, https:\/\/www.habitaretail.com\/wp-content\/uploads\/2023\/09\/juez-subasta-concepto-bienes-raices-modelo-casa-mazo-libros-derecho-900x600.jpg 900w, https:\/\/www.habitaretail.com\/wp-content\/uploads\/2023\/09\/juez-subasta-concepto-bienes-raices-modelo-casa-mazo-libros-derecho-496x331.jpg 496w\" sizes=\"(max-width: 768px) 100vw, 768px\" \/><\/div>\n\t\t<\/a>\n\t\t\t\t<div class=\"elementor-post__text\">\n\t\t\t\t<h3 class=\"elementor-post__title\">\n\t\t\t<a href=\"https:\/\/www.habitaretail.com\/de\/neues-wohnungsbaugesetz-in-spanien\/\" >\n\t\t\t\tNeues Wohnungsbaugesetz in Spanien\t\t\t<\/a>\n\t\t<\/h3>\n\t\t\t\t<div class=\"elementor-post__meta-data\">\n\t\t\t\t\t<span class=\"elementor-post-date\">\n\t\t\t12. September 2023\t\t<\/span>\n\t\t\t\t<\/div>\n\t\t\t\t<div class=\"elementor-post__excerpt\">\n\t\t\t<p>Im Rahmen der Initiative zur Gew\u00e4hrleistung des in der Verfassung verankerten Rechts auf angemessenen Wohnraum wurde das Gesetz 12\/2023 vom 24. Mai \u00fcber das Recht auf Wohnraum erlassen. Dieses Gesetz, das in den Jahren 2022 und 2023 mehrere Genehmigungsphasen durchlaufen hat, ist Teil des Plans f\u00fcr Wiederaufbau, Umgestaltung und Widerstandsf\u00e4higkeit,<\/p>\n\t\t<\/div>\n\t\t\n\t\t<a class=\"elementor-post__read-more\" href=\"https:\/\/www.habitaretail.com\/de\/neues-wohnungsbaugesetz-in-spanien\/\" aria-label=\"Mehr \u00fcber Neues Wohnungsbaugesetz in Spanien\" tabindex=\"-1\" >\n\t\t\tMehr lesen \"\t\t<\/a>\n\n\t\t\t\t<\/div>\n\t\t\t\t<\/article>\n\t\t\t\t<article class=\"elementor-post elementor-grid-item post-25185 post type-post status-publish format-standard has-post-thumbnail hentry category-liegenschaften tag-erweiterung tag-familienhaus tag-liegenschaften tag-luxus tag-saisonale-vermietung tag-wohnung\" role=\"listitem\">\n\t\t\t\t<a class=\"elementor-post__thumbnail__link\" href=\"https:\/\/www.habitaretail.com\/de\/den-spanischen-immobilienmarkt-verstehen-ein-leitfaden-fuer-anfaenger\/\" tabindex=\"-1\" >\n\t\t\t<div class=\"elementor-post__thumbnail\"><img loading=\"lazy\" decoding=\"async\" width=\"768\" height=\"430\" src=\"https:\/\/www.habitaretail.com\/wp-content\/uploads\/2023\/09\/foto-monitoreo-eficiencia-energia-hogar-inteligente-768x430.jpg\" class=\"attachment-medium_large size-medium_large wp-image-23992\" alt=\"\" srcset=\"https:\/\/www.habitaretail.com\/wp-content\/uploads\/2023\/09\/foto-monitoreo-eficiencia-energia-hogar-inteligente-768x430.jpg 768w, https:\/\/www.habitaretail.com\/wp-content\/uploads\/2023\/09\/foto-monitoreo-eficiencia-energia-hogar-inteligente-300x168.jpg 300w, https:\/\/www.habitaretail.com\/wp-content\/uploads\/2023\/09\/foto-monitoreo-eficiencia-energia-hogar-inteligente-1024x574.jpg 1024w, https:\/\/www.habitaretail.com\/wp-content\/uploads\/2023\/09\/foto-monitoreo-eficiencia-energia-hogar-inteligente-1536x861.jpg 1536w, https:\/\/www.habitaretail.com\/wp-content\/uploads\/2023\/09\/foto-monitoreo-eficiencia-energia-hogar-inteligente-2048x1148.jpg 2048w, https:\/\/www.habitaretail.com\/wp-content\/uploads\/2023\/09\/foto-monitoreo-eficiencia-energia-hogar-inteligente-1071x600.jpg 1071w, https:\/\/www.habitaretail.com\/wp-content\/uploads\/2023\/09\/foto-monitoreo-eficiencia-energia-hogar-inteligente-496x278.jpg 496w\" sizes=\"(max-width: 768px) 100vw, 768px\" \/><\/div>\n\t\t<\/a>\n\t\t\t\t<div class=\"elementor-post__text\">\n\t\t\t\t<h3 class=\"elementor-post__title\">\n\t\t\t<a href=\"https:\/\/www.habitaretail.com\/de\/den-spanischen-immobilienmarkt-verstehen-ein-leitfaden-fuer-anfaenger\/\" >\n\t\t\t\tDen spanischen Immobilienmarkt verstehen: ein Leitfaden f\u00fcr Anf\u00e4nger\t\t\t<\/a>\n\t\t<\/h3>\n\t\t\t\t<div class=\"elementor-post__meta-data\">\n\t\t\t\t\t<span class=\"elementor-post-date\">\n\t\t\t9. September 2023\t\t<\/span>\n\t\t\t\t<\/div>\n\t\t\t\t<div class=\"elementor-post__excerpt\">\n\t\t\t<p>Der Einstieg in die Welt der Immobilien kann wie eine entmutigende Aufgabe erscheinen, vor allem, wenn Sie neu in der Branche sind. Spanien bietet mit seiner reichen Geschichte und regionalen Vielfalt einzigartige M\u00f6glichkeiten f\u00fcr Investoren und Hausk\u00e4ufer. Hier bieten wir Ihnen einen einfachen, aber umfassenden Leitfaden, der Ihnen den Einstieg<\/p>\n\t\t<\/div>\n\t\t\n\t\t<a class=\"elementor-post__read-more\" href=\"https:\/\/www.habitaretail.com\/de\/den-spanischen-immobilienmarkt-verstehen-ein-leitfaden-fuer-anfaenger\/\" aria-label=\"Mehr \u00fcber Den spanischen Immobilienmarkt verstehen: ein Leitfaden f\u00fcr Anf\u00e4nger\" tabindex=\"-1\" >\n\t\t\tMehr lesen \"\t\t<\/a>\n\n\t\t\t\t<\/div>\n\t\t\t\t<\/article>\n\t\t\t\t<article class=\"elementor-post elementor-grid-item post-25179 post type-post status-publish format-standard has-post-thumbnail hentry category-liegenschaften tag-familienhaus tag-liegenschaften tag-luxus tag-wohnung\" role=\"listitem\">\n\t\t\t\t<a class=\"elementor-post__thumbnail__link\" href=\"https:\/\/www.habitaretail.com\/de\/schluessel-fuer-investitionen-in-immobilien-im-jahr-2023\/\" tabindex=\"-1\" >\n\t\t\t<div class=\"elementor-post__thumbnail\"><img loading=\"lazy\" decoding=\"async\" width=\"768\" height=\"512\" src=\"https:\/\/www.habitaretail.com\/wp-content\/uploads\/2023\/09\/HOMBRE2-768x512.jpg\" class=\"attachment-medium_large size-medium_large wp-image-24007\" alt=\"\" srcset=\"https:\/\/www.habitaretail.com\/wp-content\/uploads\/2023\/09\/HOMBRE2-768x512.jpg 768w, https:\/\/www.habitaretail.com\/wp-content\/uploads\/2023\/09\/HOMBRE2-300x200.jpg 300w, https:\/\/www.habitaretail.com\/wp-content\/uploads\/2023\/09\/HOMBRE2-1024x683.jpg 1024w, https:\/\/www.habitaretail.com\/wp-content\/uploads\/2023\/09\/HOMBRE2-1536x1024.jpg 1536w, https:\/\/www.habitaretail.com\/wp-content\/uploads\/2023\/09\/HOMBRE2-2048x1365.jpg 2048w, https:\/\/www.habitaretail.com\/wp-content\/uploads\/2023\/09\/HOMBRE2-900x600.jpg 900w, https:\/\/www.habitaretail.com\/wp-content\/uploads\/2023\/09\/HOMBRE2-496x331.jpg 496w\" sizes=\"(max-width: 768px) 100vw, 768px\" \/><\/div>\n\t\t<\/a>\n\t\t\t\t<div class=\"elementor-post__text\">\n\t\t\t\t<h3 class=\"elementor-post__title\">\n\t\t\t<a href=\"https:\/\/www.habitaretail.com\/de\/schluessel-fuer-investitionen-in-immobilien-im-jahr-2023\/\" >\n\t\t\t\tSchl\u00fcssel f\u00fcr Investitionen in Immobilien im Jahr 2023\t\t\t<\/a>\n\t\t<\/h3>\n\t\t\t\t<div class=\"elementor-post__meta-data\">\n\t\t\t\t\t<span class=\"elementor-post-date\">\n\t\t\t9. September 2023\t\t<\/span>\n\t\t\t\t<\/div>\n\t\t\t\t<div class=\"elementor-post__excerpt\">\n\t\t\t<p>Das Jahr 2023 entwickelt sich zu einer vielversprechenden Periode f\u00fcr Immobilieninvestitionen, die durch eine anhaltende wirtschaftliche Erholung und eine Reihe von Marktver\u00e4nderungen gekennzeichnet ist, die gut informierte Investoren beg\u00fcnstigen k\u00f6nnen. Im Folgenden finden Sie einige wichtige Hinweise, wie Sie in diesem Jahr erfolgreich in Immobilien investieren k\u00f6nnen: 1. Ihren lokalen<\/p>\n\t\t<\/div>\n\t\t\n\t\t<a class=\"elementor-post__read-more\" href=\"https:\/\/www.habitaretail.com\/de\/schluessel-fuer-investitionen-in-immobilien-im-jahr-2023\/\" aria-label=\"Mehr \u00fcber Schl\u00fcssel f\u00fcr Investitionen in Immobilien im Jahr 2023\" tabindex=\"-1\" >\n\t\t\tMehr lesen \"\t\t<\/a>\n\n\t\t\t\t<\/div>\n\t\t\t\t<\/article>\n\t\t\t\t<article class=\"elementor-post elementor-grid-item post-25192 post type-post status-publish format-standard has-post-thumbnail hentry category-liegenschaften tag-erweiterung tag-familienhaus tag-liegenschaften tag-luxus tag-saisonale-vermietung tag-wohnung\" role=\"listitem\">\n\t\t\t\t<a class=\"elementor-post__thumbnail__link\" href=\"https:\/\/www.habitaretail.com\/de\/wie-sie-ihr-haus-fuer-den-verkauf-vorbereiten-praktische-tipps\/\" tabindex=\"-1\" >\n\t\t\t<div class=\"elementor-post__thumbnail\"><img loading=\"lazy\" decoding=\"async\" width=\"768\" height=\"512\" src=\"https:\/\/www.habitaretail.com\/wp-content\/uploads\/2023\/09\/familia-comprando-casa-nueva-768x512.jpg\" class=\"attachment-medium_large size-medium_large wp-image-23982\" alt=\"\" srcset=\"https:\/\/www.habitaretail.com\/wp-content\/uploads\/2023\/09\/familia-comprando-casa-nueva-768x512.jpg 768w, https:\/\/www.habitaretail.com\/wp-content\/uploads\/2023\/09\/familia-comprando-casa-nueva-300x200.jpg 300w, https:\/\/www.habitaretail.com\/wp-content\/uploads\/2023\/09\/familia-comprando-casa-nueva-1024x683.jpg 1024w, https:\/\/www.habitaretail.com\/wp-content\/uploads\/2023\/09\/familia-comprando-casa-nueva-1536x1024.jpg 1536w, https:\/\/www.habitaretail.com\/wp-content\/uploads\/2023\/09\/familia-comprando-casa-nueva-2048x1365.jpg 2048w, https:\/\/www.habitaretail.com\/wp-content\/uploads\/2023\/09\/familia-comprando-casa-nueva-900x600.jpg 900w, https:\/\/www.habitaretail.com\/wp-content\/uploads\/2023\/09\/familia-comprando-casa-nueva-496x331.jpg 496w\" sizes=\"(max-width: 768px) 100vw, 768px\" \/><\/div>\n\t\t<\/a>\n\t\t\t\t<div class=\"elementor-post__text\">\n\t\t\t\t<h3 class=\"elementor-post__title\">\n\t\t\t<a href=\"https:\/\/www.habitaretail.com\/de\/wie-sie-ihr-haus-fuer-den-verkauf-vorbereiten-praktische-tipps\/\" >\n\t\t\t\tWie Sie Ihr Haus f\u00fcr den Verkauf vorbereiten: praktische Tipps\t\t\t<\/a>\n\t\t<\/h3>\n\t\t\t\t<div class=\"elementor-post__meta-data\">\n\t\t\t\t\t<span class=\"elementor-post-date\">\n\t\t\t5. September 2023\t\t<\/span>\n\t\t\t\t<\/div>\n\t\t\t\t<div class=\"elementor-post__excerpt\">\n\t\t\t<p>Auf dem dynamischen Immobilienmarkt von heute ist es von entscheidender Bedeutung, dass Ihr Haus auff\u00e4llt und potenzielle K\u00e4ufer anzieht. Eine gr\u00fcndliche Vorbereitung kann die Chancen auf einen schnellen und erfolgreichen Verkauf deutlich erh\u00f6hen. Hier finden Sie einige praktische Tipps, wie Sie Ihr Haus f\u00fcr den Verkauf vorbereiten k\u00f6nnen. 1. entpersonalisieren<\/p>\n\t\t<\/div>\n\t\t\n\t\t<a class=\"elementor-post__read-more\" href=\"https:\/\/www.habitaretail.com\/de\/wie-sie-ihr-haus-fuer-den-verkauf-vorbereiten-praktische-tipps\/\" aria-label=\"Mehr \u00fcber Wie Sie Ihr Haus f\u00fcr den Verkauf vorbereiten: praktische Tipps\" tabindex=\"-1\" >\n\t\t\tMehr lesen \"\t\t<\/a>\n\n\t\t\t\t<\/div>\n\t\t\t\t<\/article>\n\t\t\t\t<article class=\"elementor-post elementor-grid-item post-25252 post type-post status-publish format-standard has-post-thumbnail hentry category-barcelona-de category-liegenschaften tag-familienhaus tag-liegenschaften tag-luxus tag-saisonale-vermietung tag-wohnung\" role=\"listitem\">\n\t\t\t\t<a class=\"elementor-post__thumbnail__link\" href=\"https:\/\/www.habitaretail.com\/de\/wie-wirkt-sich-der-tourismus-auf-den-immobilienmarkt-von-barcelona-aus\/\" tabindex=\"-1\" >\n\t\t\t<div class=\"elementor-post__thumbnail\"><img loading=\"lazy\" decoding=\"async\" width=\"768\" height=\"512\" src=\"https:\/\/www.habitaretail.com\/wp-content\/uploads\/2023\/09\/vista-aerea-barcelona-noche-cataluna-espana-768x512.jpg\" class=\"attachment-medium_large size-medium_large wp-image-24172\" alt=\"\" srcset=\"https:\/\/www.habitaretail.com\/wp-content\/uploads\/2023\/09\/vista-aerea-barcelona-noche-cataluna-espana-768x512.jpg 768w, https:\/\/www.habitaretail.com\/wp-content\/uploads\/2023\/09\/vista-aerea-barcelona-noche-cataluna-espana-300x200.jpg 300w, https:\/\/www.habitaretail.com\/wp-content\/uploads\/2023\/09\/vista-aerea-barcelona-noche-cataluna-espana-1024x683.jpg 1024w, https:\/\/www.habitaretail.com\/wp-content\/uploads\/2023\/09\/vista-aerea-barcelona-noche-cataluna-espana-1536x1024.jpg 1536w, https:\/\/www.habitaretail.com\/wp-content\/uploads\/2023\/09\/vista-aerea-barcelona-noche-cataluna-espana-2048x1365.jpg 2048w, https:\/\/www.habitaretail.com\/wp-content\/uploads\/2023\/09\/vista-aerea-barcelona-noche-cataluna-espana-900x600.jpg 900w, https:\/\/www.habitaretail.com\/wp-content\/uploads\/2023\/09\/vista-aerea-barcelona-noche-cataluna-espana-496x331.jpg 496w\" sizes=\"(max-width: 768px) 100vw, 768px\" \/><\/div>\n\t\t<\/a>\n\t\t\t\t<div class=\"elementor-post__text\">\n\t\t\t\t<h3 class=\"elementor-post__title\">\n\t\t\t<a href=\"https:\/\/www.habitaretail.com\/de\/wie-wirkt-sich-der-tourismus-auf-den-immobilienmarkt-von-barcelona-aus\/\" >\n\t\t\t\tWie wirkt sich der Tourismus auf den Immobilienmarkt von Barcelona aus?\t\t\t<\/a>\n\t\t<\/h3>\n\t\t\t\t<div class=\"elementor-post__meta-data\">\n\t\t\t\t\t<span class=\"elementor-post-date\">\n\t\t\t4. September 2023\t\t<\/span>\n\t\t\t\t<\/div>\n\t\t\t\t<div class=\"elementor-post__excerpt\">\n\t\t\t<p>Der Tourismus ist ein wichtiger Wirtschaftszweig in Barcelona, einer Stadt, die f\u00fcr ihre reiche Kultur, ihre majest\u00e4tische Architektur und ihre nat\u00fcrlichen Sehensw\u00fcrdigkeiten bekannt ist. Der Tourismus ist zwar in hohem Ma\u00dfe vorteilhaft, hat aber auch Auswirkungen auf den lokalen Immobilienmarkt. Wir werden sehen, wie sich dies auf verschiedene Weise manifestiert.<\/p>\n\t\t<\/div>\n\t\t\n\t\t<a class=\"elementor-post__read-more\" href=\"https:\/\/www.habitaretail.com\/de\/wie-wirkt-sich-der-tourismus-auf-den-immobilienmarkt-von-barcelona-aus\/\" aria-label=\"Mehr \u00fcber Wie wirkt sich der Tourismus auf den Immobilienmarkt von Barcelona aus?\" tabindex=\"-1\" >\n\t\t\tMehr lesen \"\t\t<\/a>\n\n\t\t\t\t<\/div>\n\t\t\t\t<\/article>\n\t\t\t\t<article class=\"elementor-post elementor-grid-item post-25101 post type-post status-publish format-standard has-post-thumbnail hentry category-barcelona-de tag-familienhaus tag-liegenschaften tag-luxus tag-saisonale-vermietung tag-wohnung\" role=\"listitem\">\n\t\t\t\t<a class=\"elementor-post__thumbnail__link\" href=\"https:\/\/www.habitaretail.com\/de\/barcelona-eine-mischung-aus-kultur-und-luxusimmobilien\/\" tabindex=\"-1\" >\n\t\t\t<div class=\"elementor-post__thumbnail\"><img loading=\"lazy\" decoding=\"async\" width=\"768\" height=\"512\" src=\"https:\/\/www.habitaretail.com\/wp-content\/uploads\/2023\/09\/vista-aerea-port-vell-barcelona-cataluna-espana-768x512.jpg\" class=\"attachment-medium_large size-medium_large wp-image-24182\" alt=\"\" srcset=\"https:\/\/www.habitaretail.com\/wp-content\/uploads\/2023\/09\/vista-aerea-port-vell-barcelona-cataluna-espana-768x512.jpg 768w, https:\/\/www.habitaretail.com\/wp-content\/uploads\/2023\/09\/vista-aerea-port-vell-barcelona-cataluna-espana-300x200.jpg 300w, https:\/\/www.habitaretail.com\/wp-content\/uploads\/2023\/09\/vista-aerea-port-vell-barcelona-cataluna-espana-1024x683.jpg 1024w, https:\/\/www.habitaretail.com\/wp-content\/uploads\/2023\/09\/vista-aerea-port-vell-barcelona-cataluna-espana-1536x1025.jpg 1536w, https:\/\/www.habitaretail.com\/wp-content\/uploads\/2023\/09\/vista-aerea-port-vell-barcelona-cataluna-espana-2048x1367.jpg 2048w, https:\/\/www.habitaretail.com\/wp-content\/uploads\/2023\/09\/vista-aerea-port-vell-barcelona-cataluna-espana-899x600.jpg 899w, https:\/\/www.habitaretail.com\/wp-content\/uploads\/2023\/09\/vista-aerea-port-vell-barcelona-cataluna-espana-496x331.jpg 496w\" sizes=\"(max-width: 768px) 100vw, 768px\" \/><\/div>\n\t\t<\/a>\n\t\t\t\t<div class=\"elementor-post__text\">\n\t\t\t\t<h3 class=\"elementor-post__title\">\n\t\t\t<a href=\"https:\/\/www.habitaretail.com\/de\/barcelona-eine-mischung-aus-kultur-und-luxusimmobilien\/\" >\n\t\t\t\tBarcelona: eine Mischung aus Kultur und Luxusimmobilien\t\t\t<\/a>\n\t\t<\/h3>\n\t\t\t\t<div class=\"elementor-post__meta-data\">\n\t\t\t\t\t<span class=\"elementor-post-date\">\n\t\t\t1. September 2023\t\t<\/span>\n\t\t\t\t<\/div>\n\t\t\t\t<div class=\"elementor-post__excerpt\">\n\t\t\t<p>Barcelona, die pulsierende Metropole am Mittelmeer, stellt eine harmonische Symbiose aus Tradition und Moderne dar, in der alte Kultur und zeitgen\u00f6ssische Luxusimmobilien nebeneinander bestehen. Dieses Reiseziel von Weltrang beherbergt nicht nur beeindruckende architektonische Denkm\u00e4ler und kulturelle Zentren, sondern auch eine Immobilienszene, die sich im Laufe der Jahre weiterentwickelt hat. Im<\/p>\n\t\t<\/div>\n\t\t\n\t\t<a class=\"elementor-post__read-more\" href=\"https:\/\/www.habitaretail.com\/de\/barcelona-eine-mischung-aus-kultur-und-luxusimmobilien\/\" aria-label=\"Mehr \u00fcber Barcelona: eine Mischung aus Kultur und Luxusimmobilien\" tabindex=\"-1\" >\n\t\t\tMehr lesen \"\t\t<\/a>\n\n\t\t\t\t<\/div>\n\t\t\t\t<\/article>\n\t\t\t\t<article class=\"elementor-post elementor-grid-item post-25272 post type-post status-publish format-standard has-post-thumbnail hentry category-unkategorisiert\" role=\"listitem\">\n\t\t\t\t<a class=\"elementor-post__thumbnail__link\" href=\"https:\/\/www.habitaretail.com\/de\/willkommen-freunde-von-habitaretail\/\" tabindex=\"-1\" >\n\t\t\t<div class=\"elementor-post__thumbnail\"><img loading=\"lazy\" decoding=\"async\" width=\"768\" height=\"495\" src=\"https:\/\/www.habitaretail.com\/wp-content\/uploads\/2023\/08\/computadora-portatil-numero-1-parte-inferior-izquierda-768x495.jpg\" class=\"attachment-medium_large size-medium_large wp-image-24192\" alt=\"\" srcset=\"https:\/\/www.habitaretail.com\/wp-content\/uploads\/2023\/08\/computadora-portatil-numero-1-parte-inferior-izquierda-768x495.jpg 768w, https:\/\/www.habitaretail.com\/wp-content\/uploads\/2023\/08\/computadora-portatil-numero-1-parte-inferior-izquierda-300x193.jpg 300w, https:\/\/www.habitaretail.com\/wp-content\/uploads\/2023\/08\/computadora-portatil-numero-1-parte-inferior-izquierda-1024x660.jpg 1024w, https:\/\/www.habitaretail.com\/wp-content\/uploads\/2023\/08\/computadora-portatil-numero-1-parte-inferior-izquierda-1536x990.jpg 1536w, https:\/\/www.habitaretail.com\/wp-content\/uploads\/2023\/08\/computadora-portatil-numero-1-parte-inferior-izquierda-2048x1320.jpg 2048w, https:\/\/www.habitaretail.com\/wp-content\/uploads\/2023\/08\/computadora-portatil-numero-1-parte-inferior-izquierda-931x600.jpg 931w, https:\/\/www.habitaretail.com\/wp-content\/uploads\/2023\/08\/computadora-portatil-numero-1-parte-inferior-izquierda-496x320.jpg 496w\" sizes=\"(max-width: 768px) 100vw, 768px\" \/><\/div>\n\t\t<\/a>\n\t\t\t\t<div class=\"elementor-post__text\">\n\t\t\t\t<h3 class=\"elementor-post__title\">\n\t\t\t<a href=\"https:\/\/www.habitaretail.com\/de\/willkommen-freunde-von-habitaretail\/\" >\n\t\t\t\tWillkommen Freunde von HabitaRetail!\t\t\t<\/a>\n\t\t<\/h3>\n\t\t\t\t<div class=\"elementor-post__meta-data\">\n\t\t\t\t\t<span class=\"elementor-post-date\">\n\t\t\t27. August 2023\t\t<\/span>\n\t\t\t\t<\/div>\n\t\t\t\t<div class=\"elementor-post__excerpt\">\n\t\t\t<p>Wir werden Menschen und Unternehmen mit R\u00e4umen verbinden Hallo an alle Immobilienfans und Liebhaber der pulsierenden Stadt Barcelona. Wir stehen am Anfang einer spannenden Reise, auf der wir die bestgeh\u00fcteten Geheimnisse des Immobiliensektors l\u00fcften werden, angereichert mit der einzigartigen Essenz, die Barcelona zu bieten hat. Wir freuen uns, Sie hier<\/p>\n\t\t<\/div>\n\t\t\n\t\t<a class=\"elementor-post__read-more\" href=\"https:\/\/www.habitaretail.com\/de\/willkommen-freunde-von-habitaretail\/\" aria-label=\"Mehr \u00fcber Willkommen Freunde von HabitaRetail!\" tabindex=\"-1\" >\n\t\t\tMehr lesen \"\t\t<\/a>\n\n\t\t\t\t<\/div>\n\t\t\t\t<\/article>\n\t\t\t\t<\/div>\n\t\t\n\t\t\t\t\t\t<\/div>\n\t\t\t\t<\/div>\n\t\t\t\t<div class=\"elementor-element elementor-element-272df356 elementor-widget__width-initial elementor-widget elementor-widget-sidebar\" data-id=\"272df356\" data-element_type=\"widget\" data-e-type=\"widget\" data-widget_type=\"sidebar.default\">\n\t\t\t\t<div class=\"elementor-widget-container\">\n\t\t\t\t\t<div id=\"block-2\" class=\"widget widget-wrap mb-4 p-4 widget_block widget_search\"><form role=\"search\" method=\"get\" action=\"https:\/\/www.habitaretail.com\/de\/\" class=\"wp-block-search__button-outside wp-block-search__text-button wp-block-search\"    ><label class=\"wp-block-search__label\" for=\"wp-block-search__input-1\" >Suchen<\/label><div class=\"wp-block-search__inside-wrapper\" ><input class=\"wp-block-search__input\" id=\"wp-block-search__input-1\" placeholder=\"\" value=\"\" type=\"search\" name=\"s\" required \/><button aria-label=\"Suchen\" class=\"wp-block-search__button wp-element-button\" type=\"submit\" >Suchen<\/button><\/div><\/form><\/div><div id=\"block-3\" class=\"widget widget-wrap mb-4 p-4 widget_block\">\n<div class=\"wp-block-group\"><div class=\"wp-block-group__inner-container is-layout-flow wp-block-group-is-layout-flow\">\n<h2 class=\"wp-block-heading\">Neueste Eintr\u00e4ge<\/h2>\n\n\n<ul class=\"wp-block-latest-posts__list wp-block-latest-posts\"><li><a class=\"wp-block-latest-posts__post-title\" href=\"https:\/\/www.habitaretail.com\/de\/bewohnen-oder-verkaufen\/\">Wohnen oder Verkaufen: Wie k\u00f6nnen Sie Ihre Immobilien in Barcelona im Jahr 2026 optimieren?<\/a><\/li>\n<li><a class=\"wp-block-latest-posts__post-title\" href=\"https:\/\/www.habitaretail.com\/de\/investieren-in-barcelona-2026-kaufen-oder-warten\/\">Investieren in Barcelona 2026: Kaufen oder warten?<\/a><\/li>\n<li><a class=\"wp-block-latest-posts__post-title\" href=\"https:\/\/www.habitaretail.com\/de\/gesetzesdekret-2-2025-die-neuen-dringenden-massnahmen-der-generalitat-mit-auswirkungen-auf-den-katalanischen-immobilienmarkt\/\">Gesetzesdekret 2\/2025: Die neuen dringenden Ma\u00dfnahmen der Generalitat mit Auswirkungen auf den katalanischen Immobilienmarkt<\/a><\/li>\n<li><a class=\"wp-block-latest-posts__post-title\" href=\"https:\/\/www.habitaretail.com\/de\/die-auswirkungen-der-mietobergrenze-in-katalonien-und-ihr-zusammenhang-mit-dem-anstieg-der-immobilienkaeufe\/\">Die Auswirkungen der Mietobergrenze in Katalonien und ihr Zusammenhang mit dem Anstieg der Immobilienk\u00e4ufe<\/a><\/li>\n<li><a class=\"wp-block-latest-posts__post-title\" href=\"https:\/\/www.habitaretail.com\/de\/immobilienausblick-2024-2025-wachstum-der-wohnungsverkaeufe-und-preise-in-spanien\/\">Immobilienausblick 2024-2025: Wachstum der Wohnungsverk\u00e4ufe und Preise in Spanien<\/a><\/li>\n<\/ul><\/div><\/div>\n<\/div><div id=\"block-4\" class=\"widget widget-wrap mb-4 p-4 widget_block\">\n<div class=\"wp-block-group\"><div class=\"wp-block-group__inner-container is-layout-flow wp-block-group-is-layout-flow\">\n<h2 class=\"wp-block-heading\">Neueste Kommentare<\/h2>\n\n\n<div class=\"no-comments wp-block-latest-comments\">Es sind keine Kommentare vorhanden.<\/div><\/div><\/div>\n<\/div><div id=\"archives-1\" class=\"widget widget-wrap mb-4 p-4 widget_archive\"><div class=\"widget-header\"><h3 class=\"widget-title mb-4\">Archiv<\/h3><\/div>\n\t\t\t<ul>\n\t\t\t\t\t<li><a href='https:\/\/www.habitaretail.com\/de\/2026\/02\/'>Februar 2026<\/a><\/li>\n\t<li><a href='https:\/\/www.habitaretail.com\/de\/2025\/05\/'>Mai 2025<\/a><\/li>\n\t<li><a href='https:\/\/www.habitaretail.com\/de\/2024\/08\/'>August 2024<\/a><\/li>\n\t<li><a href='https:\/\/www.habitaretail.com\/de\/2023\/09\/'>September 2023<\/a><\/li>\n\t<li><a href='https:\/\/www.habitaretail.com\/de\/2023\/08\/'>August 2023<\/a><\/li>\n\t\t\t<\/ul>\n\n\t\t\t<\/div><div id=\"categories-1\" class=\"widget widget-wrap mb-4 p-4 widget_categories\"><div class=\"widget-header\"><h3 class=\"widget-title mb-4\">Kategorien<\/h3><\/div>\n\t\t\t<ul>\n\t\t\t\t\t<li class=\"cat-item cat-item-123\"><a href=\"https:\/\/www.habitaretail.com\/de\/category\/barcelona-de\/\">Barcelona<\/a>\n<\/li>\n\t<li class=\"cat-item cat-item-555\"><a href=\"https:\/\/www.habitaretail.com\/de\/category\/business\/\">Business<\/a>\n<\/li>\n\t<li class=\"cat-item cat-item-781\"><a href=\"https:\/\/www.habitaretail.com\/de\/category\/katalonien\/\">Katalonien<\/a>\n<\/li>\n\t<li class=\"cat-item cat-item-556\"><a href=\"https:\/\/www.habitaretail.com\/de\/category\/liegenschaften-de\/\">Liegenschaften<\/a>\n<\/li>\n\t<li class=\"cat-item cat-item-164\"><a href=\"https:\/\/www.habitaretail.com\/de\/category\/liegenschaften\/\">Liegenschaften<\/a>\n<\/li>\n\t<li class=\"cat-item cat-item-165\"><a href=\"https:\/\/www.habitaretail.com\/de\/category\/rechtliches\/\">Rechtliches<\/a>\n<\/li>\n\t<li class=\"cat-item cat-item-99\"><a href=\"https:\/\/www.habitaretail.com\/de\/category\/unkategorisiert\/\">Uncategorized<\/a>\n<\/li>\n\t\t\t<\/ul>\n\n\t\t\t<\/div>\t\t\t\t<\/div>\n\t\t\t\t<\/div>\n\t\t\t\t\t<\/div>\n\t\t\t\t<\/div>\n\t\t\t\t<\/div>\n\t\t","protected":false},"excerpt":{"rendered":"<p>Blog Entdecken Sie interessante Informationen.<\/p>\n","protected":false},"author":7,"featured_media":0,"parent":0,"menu_order":0,"comment_status":"closed","ping_status":"closed","template":"template\/template-homepage.php","meta":{"_monsterinsights_skip_tracking":false,"_monsterinsights_sitenote_active":false,"_monsterinsights_sitenote_note":"","_monsterinsights_sitenote_category":0,"footnotes":""},"class_list":["post-49617","page","type-page","status-publish","hentry"],"_links":{"self":[{"href":"https:\/\/www.habitaretail.com\/de\/wp-json\/wp\/v2\/pages\/49617","targetHints":{"allow":["GET"]}}],"collection":[{"href":"https:\/\/www.habitaretail.com\/de\/wp-json\/wp\/v2\/pages"}],"about":[{"href":"https:\/\/www.habitaretail.com\/de\/wp-json\/wp\/v2\/types\/page"}],"author":[{"embeddable":true,"href":"https:\/\/www.habitaretail.com\/de\/wp-json\/wp\/v2\/users\/7"}],"replies":[{"embeddable":true,"href":"https:\/\/www.habitaretail.com\/de\/wp-json\/wp\/v2\/comments?post=49617"}],"version-history":[{"count":2,"href":"https:\/\/www.habitaretail.com\/de\/wp-json\/wp\/v2\/pages\/49617\/revisions"}],"predecessor-version":[{"id":51274,"href":"https:\/\/www.habitaretail.com\/de\/wp-json\/wp\/v2\/pages\/49617\/revisions\/51274"}],"wp:attachment":[{"href":"https:\/\/www.habitaretail.com\/de\/wp-json\/wp\/v2\/media?parent=49617"}],"curies":[{"name":"wp","href":"https:\/\/api.w.org\/{rel}","templated":true}]}}